{"id":33164,"date":"2023-04-18T11:26:39","date_gmt":"2023-04-18T09:26:39","guid":{"rendered":"https:\/\/mesopolhis.fr\/?page_id=33164"},"modified":"2023-06-21T14:52:15","modified_gmt":"2023-06-21T12:52:15","slug":"the-workers-party-in-brazil-camille-goirand-2019","status":"publish","type":"page","link":"https:\/\/mesopolhis.fr\/en\/the-workers-party-in-brazil-camille-goirand-2019\/","title":{"rendered":"The Workers' Party in Brazil. Camille Goirand, 2019"},"content":{"rendered":"<a href=\"https:\/\/mesopolhis.fr\/en\/\">Home<\/a> &raquo; Le Parti des travailleurs au Br\u00e9sil. Camille Goirand, 2019<h2>\n\t\tThe Workers' Party in Brazil \u00a0\n\t<\/h2>\n<h3>\n\t\tFrom social struggles to the tests of power<br \/>par Camille Goirand\n\t<\/h3>\n\t<h3><strong>Summary<\/strong><\/h3>\n<p>Le Parti des travailleurs est-il devenu au Br\u00e9sil un parti comme les autres au point de perdre son \u00e2me ? Longtemps vu comme un parti d\u00e9fenseur des plus pauvres, issu des oppositions au r\u00e9gime autoritaire, form\u00e9 dans le giron de mobilisations ouvri\u00e8res dans la r\u00e9gion de S\u00e3o-Paulo, le PT est entr\u00e9 dans le jeu des institutions politiques dans les ann\u00e9es 1990. Apr\u00e8s \u00eatre arriv\u00e9 \u00e0 la t\u00eate de plusieurs m\u00e9tropoles r\u00e9gionales, il s&rsquo;est peu \u00e0 peu ancr\u00e9 sur l&rsquo;ensemble du territoire national, jusqu&rsquo;\u00e0 la victoire pr\u00e9sidentielle de son dirigeant embl\u00e9matique, Lula, en 2002. Le parcours de cette figure charismatique du PT, depuis les terres d\u00e9sh\u00e9rit\u00e9es de l&rsquo;int\u00e9rieur du Nordeste jusqu&rsquo;au palais pr\u00e9sidentiel, est significatif des transformations sociales qui ont travers\u00e9 ce parti, jusque-l\u00e0 contestataire et devenu parti de gouvernement.<\/p>\n<p>\u00c0 partir d&rsquo;une enqu\u00eate ethnographique men\u00e9e \u00e0 Recife, dans le Nordeste du Br\u00e9sil, et d&rsquo;une analyse localis\u00e9e du politique, cet ouvrage se penche sur les parcours biographiques de militants et de cadres locaux du parti. Il pose la question de l&rsquo;apprentissage du m\u00e9tier politique, de l&rsquo;ancrage social du parti, des changements dans le \u00ab faire \u00bb campagne et des sens de l&rsquo;engagement partisan.<\/p>\n\t\t\t <p><a href=\"https:\/\/www.karthala.com\/questions-transnationales\/3289-le-parti-des-travailleurs-au-bresil-des-luttes-sociales-aux-epreuves-du-pouvoir-9782811125905.html\"><b>E-book and paper version on the Karthala website<\/b><\/a><\/p>\t\t\n\t\t\t\t<img loading=\"lazy\" decoding=\"async\" src=\"https:\/\/mesopolhis.fr\/wp-content\/uploads\/2023\/06\/9782811125905-475x500-1.jpeg\" alt=\"9782811125905-475x500-1\" itemprop=\"image\" height=\"500\" width=\"328\" title=\"9782811125905-475x500-1\" onerror=\"this.style.display='none'\"  \/>\n\t\t\t<h3> Author<\/h3> <p><strong>Camille Goirand<\/strong> est professeure de science politique \u00e0 l&rsquo;Institut des Hautes Etudes de l&rsquo;Am\u00e9rique Latine (IHEAL) et chercheure au Centre d&rsquo;Etudes et de Documentation sur les Am\u00e9riques (CREDA &#8211; UMR 7227).Elle poursuit des recherches compar\u00e9es sur l&rsquo;engagement et la participation politique au Br\u00e9sil et en Am\u00e9rique latine ainsi que sur les mobilisations et leur r\u00e9pression.Elle est l&rsquo;auteure de\u00a0<em>The politics of the favelas<\/em>\u00a0(Karthala, 2000), and directed\u00a0<em>Places of anger<\/em>\u00a0(Karthala, 2015, avec David Garibay et H\u00e9l\u00e8ne Combes) ainsi qu&rsquo;un dossier intitul\u00e9\u00a0<em>Impeachment(s) in Brazil<\/em>\u00a0(published in <em>Lusotopia<\/em>, n\u00b017, 2018), with Marie-H\u00e9l\u00e8ne Sa Vilas Boas.<\/p>\t\t\n\t<h3><strong>Contents<\/strong><\/h3>\n<p>Avant-propos\u00a0&#8211;\u00a0le PT dans la tourmente<\/p>\n<p>&nbsp;<\/p>\n<p>Introduction<\/p>\n<p>&nbsp;<\/p>\nPremi\u00e8re partie\u00a0&#8211; Du mouvement social au parti :\u00a0la fabrique d&rsquo;un parti de contestation<br \/>\nChapitre 1\u00a0: face \u00e0 l&rsquo;autoritarisme finissant\n<p>Chapter 2: Building the party from the bottom up<\/p>\n<p>Chapter 3: A decade of mobilisation<\/p>\n<p>&nbsp;<\/p>\nDeuxi\u00e8me partie\u00a0&#8211; L&rsquo;institutionnalisation\u00a0du parti dans les ann\u00e9es 1990<br \/>\nChapter 4: Entering the institutions: consolidating the pt\n<p>Chapter 5: between activism and local mandates: political professionalisation at the pt of recife<\/p>\n<p>Chapter 6: power games within the pt<\/p>\n<p>&nbsp;<\/p>\nTroisi\u00e8me partie\u00a0&#8211; De la contestation \u00e0 l&rsquo;action publique<br \/>\nChapter 7: Workers' Party, Government Party\n<p>Chapter 8: A segmented party: personal rivalries within the pt<\/p>\n<p>Chapter 9: Disenchantment and disengagement<\/p>\n<p>&nbsp;<\/p>\n<p>Conclusion<\/p>\n<p>At the PT, what remains of past commitments?<\/p>\n<p>Communaut\u00e9 d&rsquo;interpr\u00e9tation et \u00ab style de groupe \u00bb<\/p>\n<p>Routes of protest, routes of power<\/p>\n\t<h3><strong>Reviews and speeches<\/strong><\/h3>\n<blockquote><p><a href=\"https:\/\/www.monde-diplomatique.fr\/2019\/05\/LAMBERT\/59854\"><em><strong>Le monde diplomatique<\/strong><\/em><\/a>Books of the Month, May 2019, p. 24.<\/p><\/blockquote>\n<p>&nbsp;<\/p>\n<blockquote><p><a href=\"https:\/\/journals.openedition.org\/cal\/11718\"><strong><em>Cahiers des Am\u00e9riques latines<\/em><\/strong><\/a>2020, no. 94, Damien Larrouqu\u00e9, p. 255-257.<\/p><\/blockquote>\n<p>&nbsp;<\/p>\n<blockquote>\n<p>Review <strong><a href=\"https:\/\/www.scienceshumaines.com\/le-parti-des-travailleurs-au-bresil_fr_40848.html\"><em>Humanities<\/em><\/a><\/strong>May 2019, no. 314, Nicolas Journet<\/p>\n<\/blockquote>\n<p>&nbsp;<\/p>\n<blockquote><p><a href=\"https:\/\/www.jssj.org\/article\/le-parti-des-travailleurs-au-bresil-des-luttes-sociales-aux-epreuves-du-pouvoir\/\"><em><strong>JSSJ &#8211; Justice spatiale\/Spatial justice<\/strong><\/em><\/a>, <em>October 2019, n\u00b013, Bernard Bret<\/em><\/p><\/blockquote>\n<p>&nbsp;<\/p>\n<blockquote><p>Camille Goirand, Marie-H\u00e9l\u00e8ne Sa Vilas Boas, 2018, \"\u00a0<strong><a href=\"https:\/\/hal.science\/hal-03600442\">Accounting for the impeachment of Dilma Rousseff: proposals for a scientific agenda<\/a><\/strong>\u00a0\", <em>Lusotopia<\/em>n\u00b017, p. 11-33.<\/p><\/blockquote>\n<p>&nbsp;<\/p>\n<blockquote><p>Camille Goirand, 2016, \"\u00a0<a href=\"https:\/\/hal.science\/hal-02560455\"><strong>Le <em>PT light<\/em> en campagne. L&rsquo;institutionnalisation du Parti des travailleurs (Br\u00e9sil) vue depuis ses campagnes \u00e9lectorales, 1980-2010<\/strong><\/a>\",\u00a0<em>Politix<\/em>, 29 (113), p. 65-89.<\/p><\/blockquote>\n<p>&nbsp;<\/p>\n<blockquote><p>Daniella de Castro Rocha, Camille Goirand, 2010, <strong><a href=\"https:\/\/www.cairn.info\/revue-internationale-de-politique-comparee-2010-4-page-109.htm\">L&rsquo;acc\u00e8s aux archives du Parti des travailleurs au Br\u00e9sil\u00a0: exp\u00e9riences crois\u00e9es et jeux d&rsquo;\u00e9chelles<\/a><\/strong>, <em>International Journal of Comparative Politics<\/em><em>, <\/em>n\u00b04, vol. 17, p. 109-125.<\/p><\/blockquote>","protected":false},"excerpt":{"rendered":"<p>Accueil &raquo; Le Parti des travailleurs au Br\u00e9sil. Camille Goirand, 2019 Le Parti des travailleurs au Br\u00e9sil \u00a0 Des luttes sociales aux \u00e9preuves du pouvoirpar Camille Goirand R\u00e9sum\u00e9 Le Parti des travailleurs est-il devenu au Br\u00e9sil un parti comme les autres au point de perdre son \u00e2me ? Longtemps vu comme un parti d\u00e9fenseur des&hellip;<\/p>","protected":false},"author":4,"featured_media":0,"parent":0,"menu_order":0,"comment_status":"closed","ping_status":"closed","template":"","meta":{"_acf_changed":false,"inline_featured_image":false,"footnotes":""},"class_list":["post-33164","page","type-page","status-publish","hentry"],"acf":[],"yoast_head":"<!-- This site is optimized with the Yoast SEO plugin v27.4 - https:\/\/yoast.com\/product\/yoast-seo-wordpress\/ -->\n<title>Le Parti des travailleurs au Br\u00e9sil. Camille Goirand, 2019 - Mesopolhis<\/title>\n<meta name=\"robots\" content=\"index, follow, max-snippet:-1, max-image-preview:large, max-video-preview:-1\" \/>\n<link rel=\"canonical\" href=\"https:\/\/mesopolhis.fr\/en\/the-workers-party-in-brazil-camille-goirand-2019\/\" \/>\n<meta property=\"og:locale\" content=\"en_GB\" \/>\n<meta property=\"og:type\" content=\"article\" \/>\n<meta property=\"og:title\" content=\"Le Parti des travailleurs au Br\u00e9sil. Camille Goirand, 2019 - Mesopolhis\" \/>\n<meta property=\"og:description\" content=\"Accueil &raquo; Le Parti des travailleurs au Br\u00e9sil. Camille Goirand, 2019 Le Parti des travailleurs au Br\u00e9sil \u00a0 Des luttes sociales aux \u00e9preuves du pouvoirpar Camille Goirand R\u00e9sum\u00e9 Le Parti des travailleurs est-il devenu au Br\u00e9sil un parti comme les autres au point de perdre son \u00e2me ? Longtemps vu comme un parti d\u00e9fenseur des&hellip;\" \/>\n<meta property=\"og:url\" content=\"https:\/\/mesopolhis.fr\/en\/the-workers-party-in-brazil-camille-goirand-2019\/\" \/>\n<meta property=\"og:site_name\" content=\"Mesopolhis\" \/>\n<meta property=\"article:modified_time\" content=\"2023-06-21T12:52:15+00:00\" \/>\n<meta property=\"og:image\" content=\"https:\/\/mesopolhis.fr\/wp-content\/uploads\/2023\/06\/9782811125905-475x500-1.jpeg\" \/>\n<meta name=\"twitter:card\" content=\"summary_large_image\" \/>\n<script type=\"application\/ld+json\" class=\"yoast-schema-graph\">{\"@context\":\"https:\\\/\\\/schema.org\",\"@graph\":[{\"@type\":\"WebPage\",\"@id\":\"https:\\\/\\\/mesopolhis.fr\\\/le-parti-des-travailleurs-au-bresil-camille-goirand-2019\\\/\",\"url\":\"https:\\\/\\\/mesopolhis.fr\\\/le-parti-des-travailleurs-au-bresil-camille-goirand-2019\\\/\",\"name\":\"Le Parti des travailleurs au Br\u00e9sil. Camille Goirand, 2019 - Mesopolhis\",\"isPartOf\":{\"@id\":\"https:\\\/\\\/mesopolhis.fr\\\/#website\"},\"primaryImageOfPage\":{\"@id\":\"https:\\\/\\\/mesopolhis.fr\\\/le-parti-des-travailleurs-au-bresil-camille-goirand-2019\\\/#primaryimage\"},\"image\":{\"@id\":\"https:\\\/\\\/mesopolhis.fr\\\/le-parti-des-travailleurs-au-bresil-camille-goirand-2019\\\/#primaryimage\"},\"thumbnailUrl\":\"https:\\\/\\\/mesopolhis.fr\\\/wp-content\\\/uploads\\\/2023\\\/06\\\/9782811125905-475x500-1.jpeg\",\"datePublished\":\"2023-04-18T09:26:39+00:00\",\"dateModified\":\"2023-06-21T12:52:15+00:00\",\"breadcrumb\":{\"@id\":\"https:\\\/\\\/mesopolhis.fr\\\/le-parti-des-travailleurs-au-bresil-camille-goirand-2019\\\/#breadcrumb\"},\"inLanguage\":\"en-GB\",\"potentialAction\":[{\"@type\":\"ReadAction\",\"target\":[\"https:\\\/\\\/mesopolhis.fr\\\/le-parti-des-travailleurs-au-bresil-camille-goirand-2019\\\/\"]}]},{\"@type\":\"ImageObject\",\"inLanguage\":\"en-GB\",\"@id\":\"https:\\\/\\\/mesopolhis.fr\\\/le-parti-des-travailleurs-au-bresil-camille-goirand-2019\\\/#primaryimage\",\"url\":\"https:\\\/\\\/mesopolhis.fr\\\/wp-content\\\/uploads\\\/2023\\\/06\\\/9782811125905-475x500-1.jpeg\",\"contentUrl\":\"https:\\\/\\\/mesopolhis.fr\\\/wp-content\\\/uploads\\\/2023\\\/06\\\/9782811125905-475x500-1.jpeg\"},{\"@type\":\"BreadcrumbList\",\"@id\":\"https:\\\/\\\/mesopolhis.fr\\\/le-parti-des-travailleurs-au-bresil-camille-goirand-2019\\\/#breadcrumb\",\"itemListElement\":[{\"@type\":\"ListItem\",\"position\":1,\"name\":\"Accueil\",\"item\":\"https:\\\/\\\/mesopolhis.fr\\\/\"},{\"@type\":\"ListItem\",\"position\":2,\"name\":\"Le Parti des travailleurs au Br\u00e9sil. Camille Goirand, 2019\"}]},{\"@type\":\"WebSite\",\"@id\":\"https:\\\/\\\/mesopolhis.fr\\\/#website\",\"url\":\"https:\\\/\\\/mesopolhis.fr\\\/\",\"name\":\"Mesopolhis\",\"description\":\"Centre m\u00e9diterran\u00e9en de sociologie, de science politique et d&#039;histoire\",\"publisher\":{\"@id\":\"https:\\\/\\\/mesopolhis.fr\\\/#organization\"},\"potentialAction\":[{\"@type\":\"SearchAction\",\"target\":{\"@type\":\"EntryPoint\",\"urlTemplate\":\"https:\\\/\\\/mesopolhis.fr\\\/?s={search_term_string}\"},\"query-input\":{\"@type\":\"PropertyValueSpecification\",\"valueRequired\":true,\"valueName\":\"search_term_string\"}}],\"inLanguage\":\"en-GB\"},{\"@type\":\"Organization\",\"@id\":\"https:\\\/\\\/mesopolhis.fr\\\/#organization\",\"name\":\"Mesopolhis\",\"url\":\"https:\\\/\\\/mesopolhis.fr\\\/\",\"logo\":{\"@type\":\"ImageObject\",\"inLanguage\":\"en-GB\",\"@id\":\"https:\\\/\\\/mesopolhis.fr\\\/#\\\/schema\\\/logo\\\/image\\\/\",\"url\":\"https:\\\/\\\/mesopolhis.fr\\\/wp-content\\\/uploads\\\/2021\\\/12\\\/Logo_MESOPOLHIS_Quadri.png\",\"contentUrl\":\"https:\\\/\\\/mesopolhis.fr\\\/wp-content\\\/uploads\\\/2021\\\/12\\\/Logo_MESOPOLHIS_Quadri.png\",\"width\":264,\"height\":69,\"caption\":\"Mesopolhis\"},\"image\":{\"@id\":\"https:\\\/\\\/mesopolhis.fr\\\/#\\\/schema\\\/logo\\\/image\\\/\"}}]}<\/script>\n<!-- \/ Yoast SEO plugin. -->","yoast_head_json":{"title":"The Workers' Party in Brazil. Camille Goirand, 2019 - Mesopolhis","robots":{"index":"index","follow":"follow","max-snippet":"max-snippet:-1","max-image-preview":"max-image-preview:large","max-video-preview":"max-video-preview:-1"},"canonical":"https:\/\/mesopolhis.fr\/en\/the-workers-party-in-brazil-camille-goirand-2019\/","og_locale":"en_GB","og_type":"article","og_title":"Le Parti des travailleurs au Br\u00e9sil. Camille Goirand, 2019 - Mesopolhis","og_description":"Accueil &raquo; Le Parti des travailleurs au Br\u00e9sil. Camille Goirand, 2019 Le Parti des travailleurs au Br\u00e9sil \u00a0 Des luttes sociales aux \u00e9preuves du pouvoirpar Camille Goirand R\u00e9sum\u00e9 Le Parti des travailleurs est-il devenu au Br\u00e9sil un parti comme les autres au point de perdre son \u00e2me ? Longtemps vu comme un parti d\u00e9fenseur des&hellip;","og_url":"https:\/\/mesopolhis.fr\/en\/the-workers-party-in-brazil-camille-goirand-2019\/","og_site_name":"Mesopolhis","article_modified_time":"2023-06-21T12:52:15+00:00","og_image":[{"url":"https:\/\/mesopolhis.fr\/wp-content\/uploads\/2023\/06\/9782811125905-475x500-1.jpeg","type":"","width":"","height":""}],"twitter_card":"summary_large_image","schema":{"@context":"https:\/\/schema.org","@graph":[{"@type":"WebPage","@id":"https:\/\/mesopolhis.fr\/le-parti-des-travailleurs-au-bresil-camille-goirand-2019\/","url":"https:\/\/mesopolhis.fr\/le-parti-des-travailleurs-au-bresil-camille-goirand-2019\/","name":"The Workers' Party in Brazil. Camille Goirand, 2019 - Mesopolhis","isPartOf":{"@id":"https:\/\/mesopolhis.fr\/#website"},"primaryImageOfPage":{"@id":"https:\/\/mesopolhis.fr\/le-parti-des-travailleurs-au-bresil-camille-goirand-2019\/#primaryimage"},"image":{"@id":"https:\/\/mesopolhis.fr\/le-parti-des-travailleurs-au-bresil-camille-goirand-2019\/#primaryimage"},"thumbnailUrl":"https:\/\/mesopolhis.fr\/wp-content\/uploads\/2023\/06\/9782811125905-475x500-1.jpeg","datePublished":"2023-04-18T09:26:39+00:00","dateModified":"2023-06-21T12:52:15+00:00","breadcrumb":{"@id":"https:\/\/mesopolhis.fr\/le-parti-des-travailleurs-au-bresil-camille-goirand-2019\/#breadcrumb"},"inLanguage":"en-GB","potentialAction":[{"@type":"ReadAction","target":["https:\/\/mesopolhis.fr\/le-parti-des-travailleurs-au-bresil-camille-goirand-2019\/"]}]},{"@type":"ImageObject","inLanguage":"en-GB","@id":"https:\/\/mesopolhis.fr\/le-parti-des-travailleurs-au-bresil-camille-goirand-2019\/#primaryimage","url":"https:\/\/mesopolhis.fr\/wp-content\/uploads\/2023\/06\/9782811125905-475x500-1.jpeg","contentUrl":"https:\/\/mesopolhis.fr\/wp-content\/uploads\/2023\/06\/9782811125905-475x500-1.jpeg"},{"@type":"BreadcrumbList","@id":"https:\/\/mesopolhis.fr\/le-parti-des-travailleurs-au-bresil-camille-goirand-2019\/#breadcrumb","itemListElement":[{"@type":"ListItem","position":1,"name":"Accueil","item":"https:\/\/mesopolhis.fr\/"},{"@type":"ListItem","position":2,"name":"Le Parti des travailleurs au Br\u00e9sil. Camille Goirand, 2019"}]},{"@type":"WebSite","@id":"https:\/\/mesopolhis.fr\/#website","url":"https:\/\/mesopolhis.fr\/","name":"Mesopolhis","description":"Mediterranean Centre for Sociology, Political Science and History","publisher":{"@id":"https:\/\/mesopolhis.fr\/#organization"},"potentialAction":[{"@type":"SearchAction","target":{"@type":"EntryPoint","urlTemplate":"https:\/\/mesopolhis.fr\/?s={search_term_string}"},"query-input":{"@type":"PropertyValueSpecification","valueRequired":true,"valueName":"search_term_string"}}],"inLanguage":"en-GB"},{"@type":"Organization","@id":"https:\/\/mesopolhis.fr\/#organization","name":"Mesopolhis","url":"https:\/\/mesopolhis.fr\/","logo":{"@type":"ImageObject","inLanguage":"en-GB","@id":"https:\/\/mesopolhis.fr\/#\/schema\/logo\/image\/","url":"https:\/\/mesopolhis.fr\/wp-content\/uploads\/2021\/12\/Logo_MESOPOLHIS_Quadri.png","contentUrl":"https:\/\/mesopolhis.fr\/wp-content\/uploads\/2021\/12\/Logo_MESOPOLHIS_Quadri.png","width":264,"height":69,"caption":"Mesopolhis"},"image":{"@id":"https:\/\/mesopolhis.fr\/#\/schema\/logo\/image\/"}}]}},"_links":{"self":[{"href":"https:\/\/mesopolhis.fr\/en\/wp-json\/wp\/v2\/pages\/33164","targetHints":{"allow":["GET"]}}],"collection":[{"href":"https:\/\/mesopolhis.fr\/en\/wp-json\/wp\/v2\/pages"}],"about":[{"href":"https:\/\/mesopolhis.fr\/en\/wp-json\/wp\/v2\/types\/page"}],"author":[{"embeddable":true,"href":"https:\/\/mesopolhis.fr\/en\/wp-json\/wp\/v2\/users\/4"}],"replies":[{"embeddable":true,"href":"https:\/\/mesopolhis.fr\/en\/wp-json\/wp\/v2\/comments?post=33164"}],"version-history":[{"count":0,"href":"https:\/\/mesopolhis.fr\/en\/wp-json\/wp\/v2\/pages\/33164\/revisions"}],"wp:attachment":[{"href":"https:\/\/mesopolhis.fr\/en\/wp-json\/wp\/v2\/media?parent=33164"}],"curies":[{"name":"wp","href":"https:\/\/api.w.org\/{rel}","templated":true}]}}