{"id":39527,"date":"2026-04-13T13:47:32","date_gmt":"2026-04-13T11:47:32","guid":{"rendered":"https:\/\/mesopolhis.fr\/blog\/events\/seminaire-doctoral-mesopolhis-iremam-conflictualite-cooperation-et-recomposition-de-letat-dans-lespace-mediterraneen-et-moyen-oriental-contemporain-seance-4\/"},"modified":"2026-04-27T17:32:52","modified_gmt":"2026-04-27T15:32:52","slug":"mesopolhis-iremam-doctoral-seminar-conflictuality-cooperation-and-the-recomposition-of-the-state-in-contemporary-mediterranean-and-middle-eastern-space-session-4","status":"publish","type":"ajde_events","link":"https:\/\/mesopolhis.fr\/en\/blog\/events\/mesopolhis-iremam-doctoral-seminar-conflictuality-cooperation-and-the-recomposition-of-the-state-in-contemporary-mediterranean-and-middle-eastern-space-session-4\/","title":{"rendered":"MESOPOLHIS \/ IREMAM doctoral seminar, session 4: \u00abConflicting identities and state counter-models in the Turkish-Kurdish space: mobilities, commitments and political recompositions\u00bb.\u00bb"},"content":{"rendered":"<p>Le <strong>Conflictuality, cooperation and the (re)composition of the State in the contemporary Mediterranean and Middle Eastern space\u00ab seminar\u00bb<\/strong> is a continuation of the <a href=\"https:\/\/mesopolhis.fr\/en\/blog\/events\/doctoral-seminar-experiences-of-violence-in-contemporary-conflicts-2025-session-1\/\"><mark style=\"background-color:#f2f2f2\" class=\"has-inline-color has-fl-accent-color\">Experiences of violence and contemporary conflicts\" seminar<\/mark><\/a>organised by MESOPOLHIS doctoral students in 2024-2025. It takes up and develops some of its themes, questions and results, with the agreement of its founders.<\/p>\n\n\n\n<p>Find out more about <strong>scientific arguments<\/strong> and <strong>the organisation <\/strong>of the seminar further down this page.<\/p>\n\n\n\n<p><strong>Registration required at the following link&nbsp;<\/strong>: <a href=\"https:\/\/docs.google.com\/forms\/d\/e\/1FAIpQLSdcNmfp65lCU2Ue-yYTySDlfadqsEIRs1qSO1XEAo0f7eezlw\/viewform\" target=\"_blank\" rel=\"noreferrer noopener\"><mark style=\"background-color:rgba(0, 0, 0, 0)\" class=\"has-inline-color has-fl-accent-color\">https:\/\/docs.google.com\/forms\/d\/e\/1FAIpQLSdcNmfp65lCU2Ue-yYTySDlfadqsEIRs1qSO1XEAo0f7eezlw\/viewform<\/mark><\/a><\/p>\n\n\n\n<p class=\"has-text-align-center\"><strong>--------------------<\/strong><\/p>\n\n\n\n<h4 class=\"wp-block-heading\"><strong>Thursday 4 June 2026 | 14h - 16h | AMU-CNRS, Mmsh, room A154 + videoconference<\/strong><\/h4>\n\n\n\n<h4 class=\"wp-block-heading has-text-align-left\"><strong>Session 4: \u00ab <strong>Conflicting identities and state counter-models in the Turkish-Kurdish area: mobility, commitment and political recompositions<\/strong> \"<\/strong><\/h4>\n\n\n\n<p><strong>Speeches :<\/strong><br>\u2192 <strong>Etienne CHERCHOUR<\/strong>, D. student at Paris 3 and member of the Integration and Cooperation in the European Area research team (RA 2291 - ICEE) - \u00abFrom the nation state to communalism: militant trajectories and the production of a counter-state model among young Kurds\u00bb.<br>\u2192 <strong>Cl\u00e9a PINEAU<\/strong>, PhD in Political Science, Paris 1 &amp; CESSP - \u00abMobilities, minority bourgeoisie and political parties. Resistance to identity polarisation in Mersin, Turkey\u00bb.<\/p>\n\n\n\n<p><strong>Discussion: Boris JAMES<\/strong>, D. in history and associate researcher at the Institut fran\u00e7ais du Proche-Orient, lecturer at the Universit\u00e9 Paul Val\u00e9ry, Montpellier-3.<\/p>\n\n\n\n<p><strong>Hybrid format :<\/strong> More information to come.<\/p>\n\n\n\n<p class=\"has-text-align-center\"><strong><strong>----------<\/strong>----------<\/strong><\/p>\n\n\n\n<h3 class=\"wp-block-heading\"><strong>Don't miss a single session:<\/strong><\/h3>\n\n\n\n<ul class=\"wp-block-list\">\n<li><strong><a href=\"https:\/\/mesopolhis.fr\/en\/blog\/events\/mesopolhis-iremam-doctoral-seminar-conflictuality-cooperation-and-the-recomposition-of-the-state-in-contemporary-mediterranean-and-middle-eastern-space-session-1\/\"><mark style=\"background-color:rgba(0, 0, 0, 0)\" class=\"has-inline-color has-fl-accent-color\">Session 1: \u00abBetween external intervention and internal dynamics: trajectories of state disintegration in Iraq and Yugoslavia\u00bb (Wednesday 1 April 2026, 3-5pm)<\/mark><\/a><\/strong><\/li>\n\n\n\n<li><strong><a href=\"https:\/\/mesopolhis.fr\/en\/blog\/events\/mesopolhis-iremam-doctoral-seminar-conflictuality-cooperation-and-the-recomposition-of-the-state-in-contemporary-mediterranean-and-middle-eastern-space-session-2\/\"><mark style=\"background-color:rgba(0, 0, 0, 0)\" class=\"has-inline-color has-fl-accent-color\">Session 2: \u00abSovereignty(ies) and governance(ies) in contemporary and postcolonial Algeria\u00bb (Wednesday 22 April 2026, 10am-12pm, videoconference only)<\/mark><\/a><\/strong><\/li>\n\n\n\n<li><strong><a href=\"https:\/\/mesopolhis.fr\/en\/blog\/events\/mesopolhis-iremam-doctoral-seminar-session-3\/\"><mark style=\"background-color:rgba(0, 0, 0, 0)\" class=\"has-inline-color has-fl-accent-color\">Session 3: \u00abStigmatising a social group to legitimise one's own power: the cases of the Iranian monarchists and the Libyan monarchy\u00bb (Thursday 28 May 2026, 2pm-4pm)<\/mark><\/a><\/strong><\/li>\n\n\n\n<li><a href=\"https:\/\/mesopolhis.fr\/en\/?post_type=ajde_events&amp;p=39527\"><strong><mark style=\"background-color:rgba(0, 0, 0, 0)\" class=\"has-inline-color has-fl-accent-color\">Session 4: \u00abConflicting identities and state counter-models in the Turkish-Kurdish space: mobilities, commitments and political recompositions\u00bb (Thursday 11 June 2026, 2pm-4pm)<\/mark><\/strong><\/a><\/li>\n<\/ul>\n\n\n\n<p class=\"has-text-align-center\"><strong><strong>----------<\/strong>----------<\/strong><\/p>\n\n\n\n\n\n<h3 class=\"wp-block-heading\"><strong>The \u00abConflictuality, Cooperation and the (Re)Composition of the State in the Contemporary Mediterranean and Middle East\u00bb seminar in a nutshell:<\/strong><\/h3>\n\n\n\n<p><strong>Organising Committee :<\/strong><\/p>\n\n\n\n<ul class=\"wp-block-list\">\n<li><a href=\"https:\/\/mesopolhis.fr\/en\/blog\/members\/cecchini-alessandro\/\"><mark style=\"background-color:#f2f2f2\" class=\"has-inline-color has-fl-accent-color\">Alessandro CECCHINI<\/mark><\/a>PhD student in contemporary history at MESOPOLHIS<\/li>\n\n\n\n<li><a href=\"https:\/\/mesopolhis.fr\/en\/blog\/members\/debaere-emilien\/\"><mark style=\"background-color:#f2f2f2\" class=\"has-inline-color has-fl-accent-color\">Emilien DEBAERE<\/mark><\/a>doctoral student in political science at MESOPOLHIS<\/li>\n\n\n\n<li><a href=\"https:\/\/mesopolhis.fr\/en\/blog\/members\/franc-helene\/\"><mark style=\"background-color:#f2f2f2\" class=\"has-inline-color has-fl-accent-color\">H\u00e9l\u00e8ne FRANC<\/mark><\/a>a doctoral student in contemporary history at MESOPOLHIS<\/li>\n\n\n\n<li><a href=\"https:\/\/iremam.mmsh.fr\/fr\/grange-gastinel-jules-fr\" target=\"_blank\" rel=\"noreferrer noopener\"><mark style=\"background-color:#f2f2f2\" class=\"has-inline-color has-fl-accent-color\">Jules GRANGE GASTINEL<\/mark><\/a>doctoral student in political science at IREMAM and CEDEJ<\/li>\n<\/ul>\n\n\n\n<p><strong>Scientific rationale :<\/strong><\/p>\n\n\n\n<blockquote class=\"wp-block-quote is-layout-flow wp-block-quote-is-layout-flow\">\n<p>This interdisciplinary seminar focuses on periods of escalating conflict in the Mediterranean and the Middle East in the contemporary period. It aims to study the phases of state decomposition and the various forms of competition by and for the state.<\/p>\n\n\n\n<p>The Lebanese civil war (1975 - 1990) is an example of the fragmentation of the State between various partisan and international players. It was preceded by a phase of rising political and social tensions and the gradual destructuring of the Lebanese state by a multitude of actors, some of whom were fully integrated into state institutions. This phase eroded the apparent unity of the state and led to direct and violent conflict between private and public, national and international actors (France, 2019 and Corm, 2012).<\/p>\n\n\n\n<p>It is part of a political history of fragility and recomposition within the state, marked by social tensions, conflicts and the disintegration of central authority. It is positioned within the sociology of civil wars (Baczko and Dorronsoro, 2017) and questions the paradoxical making of the state (Grajales and Le Cour Grandmaison, 2019) in a context of conflict or competition between actors, both for its embodiment and its domination (Arjona, Kasfir, and Mampilly, 2015). It also proposes to study the privatisation of states (Hibou, 1999) and the mechanisms of competition and cooperation between public, private and partisan actors for the control of power. The embodiment of the state by those who \u201cmime\u201d it (Popineau, 2023) and take over some of its prerogatives will be at the heart of our questioning.<\/p>\n\n\n\n<p>This seminar analyses the mechanisms of conflict, competition and cooperation, whether inter-state, trans-state or intra-state, between various actors, whatever their nature. In this respect, the Mediterranean area seems to us to be a relevant area to study, particularly in the twentieth century.<\/p>\n\n\n\n<p>Indeed, the Mediterranean, as a geographical space and an object of study and concept, is a perfect illustration of this dynamic of entangled conflict and cooperation, on scales ranging from the regional to the international (Westad, 2017). We might think here of a specific period in the Arab-Israeli conflict (1967-1973) which, although materially confined to the Middle East, also responds to the logic of the Cold War and the East\/West struggle (Ashton, 2007). Thus, in the Mediterranean Cold War area, the term \"conflictuality\" is constantly used by political decision-makers and diplomats. However, every effort is made to contain this latent conflict between the Western bloc and the Soviet bloc, between the countries of the North and the South (Badalassi, 2021), between local ethnic groups and social classes, in order to avoid any explosion. As a result, the imaginations of cooperation and peace are strongly invested in (Calandri et al. 2016), and even over-represented in, the discussions and declarations of the riparian states, particularly during the 1970s, a period marked by growing tensions and a strategic shift.<\/p>\n\n\n\n<p>The aim is therefore to analyse how cooperation and conflict, block logics and state logics combine in the Mediterranean area, and how violence is absorbed, digested and then redirected or used by nation states, international institutions or parastatal structures.<\/p>\n\n\n\n<p>Our aim is to adopt a resolutely multidisciplinary approach in order to broaden our coverage of an area that is as vast as it is complex, and a subject of study that is fundamentally protean. In this context, we welcome all proposals for papers directly or indirectly related to the seminar themes, in any social science discipline.<\/p>\n<\/blockquote>\n\n\n\n<p><strong>Organisation:<\/strong><\/p>\n\n\n\n<blockquote class=\"wp-block-quote is-layout-flow wp-block-quote-is-layout-flow\">\n<p>With this seminar, we want to offer&nbsp;<strong>a monthly appointment<\/strong>&nbsp;young researchers in the humanities and social sciences, working on the themes mentioned above.<\/p>\n\n\n\n<p>The sessions will last 2 hours. Each session will feature two presentations, each lasting 20 to 25 minutes. A discussant will also be invited to each session, to offer feedback and launch the discussion, which will then be open to the audience.<\/p>\n\n\n\n<p>The sessions will take place in&nbsp;<strong>hybrid format<\/strong>&nbsp;The seminar will take place face-to-face in Aix-en-Provence at MESOPOLHIS or IREMAM and on Zoom. The seminar will take place <strong>in French and English<\/strong>, depending on the language of the proposals selected.<\/p>\n<\/blockquote>","protected":false},"author":343,"featured_media":0,"menu_order":0,"comment_status":"open","ping_status":"closed","template":"","meta":{"_acf_changed":false,"inline_featured_image":false},"tags":[384,59],"event_type":[3],"event_type_2":[],"class_list":["post-39527","ajde_events","type-ajde_events","status-publish","hentry","tag-384","tag-a-la-une","event_location-mmsh-a154","event_type-autres"],"acf":[],"yoast_head":"<!-- This site is optimized with the Yoast SEO plugin v27.5 - https:\/\/yoast.com\/product\/yoast-seo-wordpress\/ -->\n<title>S\u00e9minaire doctoral MESOPOLHIS \/ IREMAM, s\u00e9ance 4 : \u00ab Conflictualit\u00e9s identitaires et contre-mod\u00e8les \u00e9tatiques dans l\u2019espace turco-kurde : mobilit\u00e9s, engagements et recompositions politiques \u00bb - Mesopolhis<\/title>\n<meta name=\"robots\" content=\"index, follow, max-snippet:-1, max-image-preview:large, max-video-preview:-1\" \/>\n<link rel=\"canonical\" href=\"https:\/\/mesopolhis.fr\/en\/blog\/events\/mesopolhis-iremam-doctoral-seminar-conflictuality-cooperation-and-the-recomposition-of-the-state-in-contemporary-mediterranean-and-middle-eastern-space-session-4\/\" \/>\n<meta property=\"og:locale\" content=\"en_GB\" \/>\n<meta property=\"og:type\" content=\"article\" \/>\n<meta property=\"og:title\" content=\"S\u00e9minaire doctoral MESOPOLHIS \/ IREMAM, s\u00e9ance 4 : \u00ab Conflictualit\u00e9s identitaires et contre-mod\u00e8les \u00e9tatiques dans l\u2019espace turco-kurde : mobilit\u00e9s, engagements et recompositions politiques \u00bb - Mesopolhis\" \/>\n<meta property=\"og:description\" content=\"Le s\u00e9minaire \u00ab Conflictualit\u00e9, coop\u00e9ration et (re)composition de l\u2019\u00c9tat dans l\u2019espace m\u00e9diterran\u00e9en et moyen-oriental contemporain \u00bb s\u2019inscrit dans la continuit\u00e9 du s\u00e9minaire \u00ab Exp\u00e9riences de la violence et conflits contemporains \u00bb, organis\u00e9 par des doctorant\u00b7es du MESOPOLHIS en 2024-2025. Il reprend et d\u00e9veloppe certaines de ses th\u00e9matiques, questionnements et r\u00e9sultats, avec l\u2019accord de ses fondateur\u00b7ices.&hellip;\" \/>\n<meta property=\"og:url\" content=\"https:\/\/mesopolhis.fr\/en\/blog\/events\/mesopolhis-iremam-doctoral-seminar-conflictuality-cooperation-and-the-recomposition-of-the-state-in-contemporary-mediterranean-and-middle-eastern-space-session-4\/\" \/>\n<meta property=\"og:site_name\" content=\"Mesopolhis\" \/>\n<meta property=\"article:modified_time\" content=\"2026-04-27T15:32:52+00:00\" \/>\n<meta name=\"twitter:card\" content=\"summary_large_image\" \/>\n<meta name=\"twitter:label1\" content=\"Estimated reading time\" \/>\n\t<meta name=\"twitter:data1\" content=\"2 minutes\" \/>\n<script type=\"application\/ld+json\" class=\"yoast-schema-graph\">{\"@context\":\"https:\\\/\\\/schema.org\",\"@graph\":[{\"@type\":\"WebPage\",\"@id\":\"https:\\\/\\\/mesopolhis.fr\\\/blog\\\/events\\\/seminaire-doctoral-mesopolhis-iremam-conflictualite-cooperation-et-recomposition-de-letat-dans-lespace-mediterraneen-et-moyen-oriental-contemporain-seance-4\\\/\",\"url\":\"https:\\\/\\\/mesopolhis.fr\\\/blog\\\/events\\\/seminaire-doctoral-mesopolhis-iremam-conflictualite-cooperation-et-recomposition-de-letat-dans-lespace-mediterraneen-et-moyen-oriental-contemporain-seance-4\\\/\",\"name\":\"S\u00e9minaire doctoral MESOPOLHIS \\\/ IREMAM, s\u00e9ance 4 : \u00ab Conflictualit\u00e9s identitaires et contre-mod\u00e8les \u00e9tatiques dans l\u2019espace turco-kurde : mobilit\u00e9s, engagements et recompositions politiques \u00bb - Mesopolhis\",\"isPartOf\":{\"@id\":\"https:\\\/\\\/mesopolhis.fr\\\/#website\"},\"datePublished\":\"2026-04-13T11:47:32+00:00\",\"dateModified\":\"2026-04-27T15:32:52+00:00\",\"breadcrumb\":{\"@id\":\"https:\\\/\\\/mesopolhis.fr\\\/blog\\\/events\\\/seminaire-doctoral-mesopolhis-iremam-conflictualite-cooperation-et-recomposition-de-letat-dans-lespace-mediterraneen-et-moyen-oriental-contemporain-seance-4\\\/#breadcrumb\"},\"inLanguage\":\"en-GB\",\"potentialAction\":[{\"@type\":\"ReadAction\",\"target\":[\"https:\\\/\\\/mesopolhis.fr\\\/blog\\\/events\\\/seminaire-doctoral-mesopolhis-iremam-conflictualite-cooperation-et-recomposition-de-letat-dans-lespace-mediterraneen-et-moyen-oriental-contemporain-seance-4\\\/\"]}]},{\"@type\":\"BreadcrumbList\",\"@id\":\"https:\\\/\\\/mesopolhis.fr\\\/blog\\\/events\\\/seminaire-doctoral-mesopolhis-iremam-conflictualite-cooperation-et-recomposition-de-letat-dans-lespace-mediterraneen-et-moyen-oriental-contemporain-seance-4\\\/#breadcrumb\",\"itemListElement\":[{\"@type\":\"ListItem\",\"position\":1,\"name\":\"Accueil\",\"item\":\"https:\\\/\\\/mesopolhis.fr\\\/\"},{\"@type\":\"ListItem\",\"position\":2,\"name\":\"Les \u00e9v\u00e9nements\",\"item\":\"https:\\\/\\\/mesopolhis.fr\\\/blog\\\/events\\\/\"},{\"@type\":\"ListItem\",\"position\":3,\"name\":\"S\u00e9minaire doctoral MESOPOLHIS \\\/ IREMAM, s\u00e9ance 4 : \u00ab Conflictualit\u00e9s identitaires et contre-mod\u00e8les \u00e9tatiques dans l\u2019espace turco-kurde : mobilit\u00e9s, engagements et recompositions politiques \u00bb\"}]},{\"@type\":\"WebSite\",\"@id\":\"https:\\\/\\\/mesopolhis.fr\\\/#website\",\"url\":\"https:\\\/\\\/mesopolhis.fr\\\/\",\"name\":\"Mesopolhis\",\"description\":\"Centre m\u00e9diterran\u00e9en de sociologie, de science politique et d&#039;histoire\",\"publisher\":{\"@id\":\"https:\\\/\\\/mesopolhis.fr\\\/#organization\"},\"potentialAction\":[{\"@type\":\"SearchAction\",\"target\":{\"@type\":\"EntryPoint\",\"urlTemplate\":\"https:\\\/\\\/mesopolhis.fr\\\/?s={search_term_string}\"},\"query-input\":{\"@type\":\"PropertyValueSpecification\",\"valueRequired\":true,\"valueName\":\"search_term_string\"}}],\"inLanguage\":\"en-GB\"},{\"@type\":\"Organization\",\"@id\":\"https:\\\/\\\/mesopolhis.fr\\\/#organization\",\"name\":\"Mesopolhis\",\"url\":\"https:\\\/\\\/mesopolhis.fr\\\/\",\"logo\":{\"@type\":\"ImageObject\",\"inLanguage\":\"en-GB\",\"@id\":\"https:\\\/\\\/mesopolhis.fr\\\/#\\\/schema\\\/logo\\\/image\\\/\",\"url\":\"https:\\\/\\\/mesopolhis.fr\\\/wp-content\\\/uploads\\\/2021\\\/12\\\/Logo_MESOPOLHIS_Quadri.png\",\"contentUrl\":\"https:\\\/\\\/mesopolhis.fr\\\/wp-content\\\/uploads\\\/2021\\\/12\\\/Logo_MESOPOLHIS_Quadri.png\",\"width\":264,\"height\":69,\"caption\":\"Mesopolhis\"},\"image\":{\"@id\":\"https:\\\/\\\/mesopolhis.fr\\\/#\\\/schema\\\/logo\\\/image\\\/\"}}]}<\/script>\n<!-- \/ Yoast SEO plugin. -->","yoast_head_json":{"title":"MESOPOLHIS \/ IREMAM doctoral seminar, session 4: \u00abConflicting identities and state counter-models in the Turkish-Kurdish space: mobilities, commitments and political recompositions\u00bb - Mesopolhis","robots":{"index":"index","follow":"follow","max-snippet":"max-snippet:-1","max-image-preview":"max-image-preview:large","max-video-preview":"max-video-preview:-1"},"canonical":"https:\/\/mesopolhis.fr\/en\/blog\/events\/mesopolhis-iremam-doctoral-seminar-conflictuality-cooperation-and-the-recomposition-of-the-state-in-contemporary-mediterranean-and-middle-eastern-space-session-4\/","og_locale":"en_GB","og_type":"article","og_title":"S\u00e9minaire doctoral MESOPOLHIS \/ IREMAM, s\u00e9ance 4 : \u00ab Conflictualit\u00e9s identitaires et contre-mod\u00e8les \u00e9tatiques dans l\u2019espace turco-kurde : mobilit\u00e9s, engagements et recompositions politiques \u00bb - Mesopolhis","og_description":"Le s\u00e9minaire \u00ab Conflictualit\u00e9, coop\u00e9ration et (re)composition de l\u2019\u00c9tat dans l\u2019espace m\u00e9diterran\u00e9en et moyen-oriental contemporain \u00bb s\u2019inscrit dans la continuit\u00e9 du s\u00e9minaire \u00ab Exp\u00e9riences de la violence et conflits contemporains \u00bb, organis\u00e9 par des doctorant\u00b7es du MESOPOLHIS en 2024-2025. Il reprend et d\u00e9veloppe certaines de ses th\u00e9matiques, questionnements et r\u00e9sultats, avec l\u2019accord de ses fondateur\u00b7ices.&hellip;","og_url":"https:\/\/mesopolhis.fr\/en\/blog\/events\/mesopolhis-iremam-doctoral-seminar-conflictuality-cooperation-and-the-recomposition-of-the-state-in-contemporary-mediterranean-and-middle-eastern-space-session-4\/","og_site_name":"Mesopolhis","article_modified_time":"2026-04-27T15:32:52+00:00","twitter_card":"summary_large_image","twitter_misc":{"Estimated reading time":"2 minutes"},"schema":{"@context":"https:\/\/schema.org","@graph":[{"@type":"WebPage","@id":"https:\/\/mesopolhis.fr\/blog\/events\/seminaire-doctoral-mesopolhis-iremam-conflictualite-cooperation-et-recomposition-de-letat-dans-lespace-mediterraneen-et-moyen-oriental-contemporain-seance-4\/","url":"https:\/\/mesopolhis.fr\/blog\/events\/seminaire-doctoral-mesopolhis-iremam-conflictualite-cooperation-et-recomposition-de-letat-dans-lespace-mediterraneen-et-moyen-oriental-contemporain-seance-4\/","name":"MESOPOLHIS \/ IREMAM doctoral seminar, session 4: \u00abConflicting identities and state counter-models in the Turkish-Kurdish space: mobilities, commitments and political recompositions\u00bb - Mesopolhis","isPartOf":{"@id":"https:\/\/mesopolhis.fr\/#website"},"datePublished":"2026-04-13T11:47:32+00:00","dateModified":"2026-04-27T15:32:52+00:00","breadcrumb":{"@id":"https:\/\/mesopolhis.fr\/blog\/events\/seminaire-doctoral-mesopolhis-iremam-conflictualite-cooperation-et-recomposition-de-letat-dans-lespace-mediterraneen-et-moyen-oriental-contemporain-seance-4\/#breadcrumb"},"inLanguage":"en-GB","potentialAction":[{"@type":"ReadAction","target":["https:\/\/mesopolhis.fr\/blog\/events\/seminaire-doctoral-mesopolhis-iremam-conflictualite-cooperation-et-recomposition-de-letat-dans-lespace-mediterraneen-et-moyen-oriental-contemporain-seance-4\/"]}]},{"@type":"BreadcrumbList","@id":"https:\/\/mesopolhis.fr\/blog\/events\/seminaire-doctoral-mesopolhis-iremam-conflictualite-cooperation-et-recomposition-de-letat-dans-lespace-mediterraneen-et-moyen-oriental-contemporain-seance-4\/#breadcrumb","itemListElement":[{"@type":"ListItem","position":1,"name":"Accueil","item":"https:\/\/mesopolhis.fr\/"},{"@type":"ListItem","position":2,"name":"Les \u00e9v\u00e9nements","item":"https:\/\/mesopolhis.fr\/blog\/events\/"},{"@type":"ListItem","position":3,"name":"S\u00e9minaire doctoral MESOPOLHIS \/ IREMAM, s\u00e9ance 4 : \u00ab Conflictualit\u00e9s identitaires et contre-mod\u00e8les \u00e9tatiques dans l\u2019espace turco-kurde : mobilit\u00e9s, engagements et recompositions politiques \u00bb"}]},{"@type":"WebSite","@id":"https:\/\/mesopolhis.fr\/#website","url":"https:\/\/mesopolhis.fr\/","name":"Mesopolhis","description":"Mediterranean Centre for Sociology, Political Science and History","publisher":{"@id":"https:\/\/mesopolhis.fr\/#organization"},"potentialAction":[{"@type":"SearchAction","target":{"@type":"EntryPoint","urlTemplate":"https:\/\/mesopolhis.fr\/?s={search_term_string}"},"query-input":{"@type":"PropertyValueSpecification","valueRequired":true,"valueName":"search_term_string"}}],"inLanguage":"en-GB"},{"@type":"Organization","@id":"https:\/\/mesopolhis.fr\/#organization","name":"Mesopolhis","url":"https:\/\/mesopolhis.fr\/","logo":{"@type":"ImageObject","inLanguage":"en-GB","@id":"https:\/\/mesopolhis.fr\/#\/schema\/logo\/image\/","url":"https:\/\/mesopolhis.fr\/wp-content\/uploads\/2021\/12\/Logo_MESOPOLHIS_Quadri.png","contentUrl":"https:\/\/mesopolhis.fr\/wp-content\/uploads\/2021\/12\/Logo_MESOPOLHIS_Quadri.png","width":264,"height":69,"caption":"Mesopolhis"},"image":{"@id":"https:\/\/mesopolhis.fr\/#\/schema\/logo\/image\/"}}]}},"_links":{"self":[{"href":"https:\/\/mesopolhis.fr\/en\/wp-json\/wp\/v2\/ajde_events\/39527","targetHints":{"allow":["GET"]}}],"collection":[{"href":"https:\/\/mesopolhis.fr\/en\/wp-json\/wp\/v2\/ajde_events"}],"about":[{"href":"https:\/\/mesopolhis.fr\/en\/wp-json\/wp\/v2\/types\/ajde_events"}],"author":[{"embeddable":true,"href":"https:\/\/mesopolhis.fr\/en\/wp-json\/wp\/v2\/users\/343"}],"replies":[{"embeddable":true,"href":"https:\/\/mesopolhis.fr\/en\/wp-json\/wp\/v2\/comments?post=39527"}],"wp:attachment":[{"href":"https:\/\/mesopolhis.fr\/en\/wp-json\/wp\/v2\/media?parent=39527"}],"wp:term":[{"taxonomy":"post_tag","embeddable":true,"href":"https:\/\/mesopolhis.fr\/en\/wp-json\/wp\/v2\/tags?post=39527"},{"taxonomy":"event_type","embeddable":true,"href":"https:\/\/mesopolhis.fr\/en\/wp-json\/wp\/v2\/event_type?post=39527"},{"taxonomy":"event_type_2","embeddable":true,"href":"https:\/\/mesopolhis.fr\/en\/wp-json\/wp\/v2\/event_type_2?post=39527"}],"curies":[{"name":"wp","href":"https:\/\/api.w.org\/{rel}","templated":true}]}}