{"id":38915,"date":"2025-12-19T16:05:19","date_gmt":"2025-12-19T15:05:19","guid":{"rendered":"https:\/\/mesopolhis.fr\/blog\/events\/rencontres-du-groupe-traces-2026\/"},"modified":"2026-04-17T23:51:37","modified_gmt":"2026-04-17T21:51:37","slug":"traces-2026-group-meetings","status":"publish","type":"ajde_events","link":"https:\/\/mesopolhis.fr\/en\/blog\/events\/traces-2026-group-meetings\/","title":{"rendered":"Meetings of the TRACES group (Trajectories, resonances, creative approaches, knowledge, investigation, shared knowledge)"},"content":{"rendered":"\n<h3 class=\"wp-block-heading\"><strong>Du mardi 28 au jeudi 30 avril 2026 | Mmsh (Aix-en-Provence) et Mucem Lab (Marseille)<\/strong><\/h3>\n\n\n\n<p>Programme sous la responsabilit\u00e9 d\u2019<a href=\"https:\/\/mesopolhis.fr\/blog\/membres\/chamahian-aline\/\"><mark style=\"background-color:#f2f2f2\" class=\"has-inline-color has-fl-accent-color\">Aline Chamahian<\/mark><\/a>, maitresse de conf\u00e9rences en sociologie, Aix-Marseille Universit\u00e9 (MESOPOLHIS, CeRIES), en partenariat avec l&rsquo;ULB (Belgique) et l\u2019UCAD (S\u00e9n\u00e9gal).<\/p>\n\n\n\n<p>Membres du consortium pr\u00e9sents&nbsp;:<\/p>\n\n\n\n<p><strong>ULB&nbsp;: <\/strong>Aline Bingen, Laetitia M\u00e9lon (en pr\u00e9sentiel), Beno\u00eet Pinto (en visio)<\/p>\n\n\n\n<p><strong>UCAD&nbsp;<\/strong>: El Hadji Malik Sy Camara, Samba Diouf (en pr\u00e9sentiel)<\/p>\n\n\n\n<p><strong>AMU&nbsp;:<\/strong> Aline Chamahian, Anne Tricot, Constance de Gourcy, Appoline Haquet, Elisa Ullauri -Llore, Maria Elena Buslacchi, Sylvie Chiousse (en pr\u00e9sentiel), Louise Danhaive (en visio)<\/p>\n\n\n\n<p>Premi\u00e8re journ\u00e9e en collaboration avec le <a href=\"https:\/\/mesopolhis.fr\/blog\/events\/seminaire-metiss-2026-seance-2-recherche-radio-son-ca-resonne\/\"><mark style=\"background-color:#f2f2f2\" class=\"has-inline-color has-fl-accent-color\">s\u00e9minaire METISS<\/mark><\/a>.<\/p>\n\n\n\n<p><\/p>\n\n\n\n<h4 class=\"wp-block-heading\"><strong><em><u>Programme&nbsp;:<\/u><\/em><\/strong><\/h4>\n\n\n\n<p><strong><u>Mardi 28 avril 2026 | 9h30 &#8211; 18h | Salle Duby, Mmsh (Aix-en-Provence)<\/u><\/strong><\/p>\n\n\n\n<p><strong>Journ\u00e9e d\u2019\u00e9tude\u00a0sur le son. \u00ab\u202fRecherche, radio, son\u202f: \u00e7a\u00a0r\u00e9sonne\u202f?\u202f\u00bb, Collectif METISS et projet TRACES<\/strong><a href=\"#_ftn1\" id=\"_ftnref1\"><strong><mark style=\"background-color:rgba(0, 0, 0, 0)\" class=\"has-inline-color has-fl-accent-color\">[1]<\/mark><\/strong><\/a><\/p>\n\n\n\n<p>9h30 : Accueil<\/p>\n\n\n\n<p><strong>10h &#8211; 12 h&nbsp;: Que fait le&nbsp;son&nbsp;\u00e0 la recherche\u202f?&nbsp;&nbsp;<\/strong><\/p>\n\n\n\n<p>10h &#8211; 11h30 : Laetitia M\u00e9lon, Aline Bingen, Universit\u00e9 Libre de Bruxelles. \u00ab&nbsp;Regards contrast\u00e9s autour d\u2019une d\u00e9marche r\u00e9flexive par le son : le projet&nbsp;DiapaSON&nbsp;(\u201cDiffusion et Appropriation des principes de recherche-action par le son\u201d)&nbsp;\u00bb financ\u00e9&nbsp;par l\u2019Agence Universitaire de la Francophonie (AUF).<\/p>\n\n\n\n<p>Le projet <em>DiapaSOn <\/em>est un projet de m\u00e9diation r\u00e9flexive par le son, inspir\u00e9e de la m\u00e9thode du&nbsp;\u00ab&nbsp;photovoix&nbsp;\u00bb,&nbsp;associant l\u2019ULB &#8211; A. Bingen, M.&nbsp;Fierens,&nbsp;L.&nbsp;M\u00e9lon ;&nbsp;la Haute Ecole en Hainaut &#8211; B\u00e9n\u00e9dicte&nbsp;Wantier&nbsp;;&nbsp;l\u2019Universit\u00e9 du Qu\u00e9bec&nbsp;\u00e0 Rimouski&nbsp;(UQAR \u2013 L.&nbsp;G\u00e9lineau,&nbsp;&nbsp;J. Richard, J. Montplaisir&nbsp;;&nbsp;et l\u2019ONG GRAINES \u2013&nbsp;R.&nbsp;Ndiatte&nbsp;Sy, A. Souleymane&nbsp;D.XX), et men\u00e9 en collaboration avec un collectif de recherche-action participative sur la pauvret\u00e9 en milieu rural et une maison&nbsp;des jeunes&nbsp;du&nbsp;tissu associatif de Charleroi (Belgique).&nbsp;<\/p>\n\n\n\n<p>11h30 &#8211; 12h00&nbsp;: Pauline Casabianca. Pr\u00e9sentation de la plateforme ISMED (Plateforme Images et sons en M\u00e9diterran\u00e9e) MMSH Aix-en-Provence<\/p>\n\n\n\n<p>Pause d\u00e9jeuner<\/p>\n\n\n\n<p><strong>14h &#8211; 17h00&nbsp;: \u00ab\u202fPlateau radio\u202f\u00bb\u202f: retour sur l\u2019exp\u00e9rience de Workshop \u00ab\u202fRadio docks, la recherche par l\u2019\u00e9coute&nbsp;17-21 novembre 2025\u202f\u00bb<\/strong>, <a href=\"https:\/\/locusonus.org\/vitae\/index.php?page=Workshop+Radio+Dock.fr\">https:\/\/locusonus.org\/vitae\/index.php?page=Workshop+Radio+Dock.fr<\/a>, organis\u00e9 par l\u2019Ecole d\u2019Art d\u2019Aix en Provence, l\u2019IREMAM et le collectif METISS<\/p>\n\n\n\n<p>Anim\u00e9 par C\u00e9dric&nbsp;Parizot, anthropologue et directeur de recherches au CNRS &#8211; IREMAM&nbsp;<\/p>\n\n\n\n<p>Invit\u00e9s\u202f:&nbsp;&nbsp;<\/p>\n\n\n\n<ul class=\"wp-block-list\">\n<li>Peter Sinclair, artiste et enseignant Locus&nbsp;Sonus &#8211; ESAAIX\u202f&nbsp;<\/li>\n\n\n\n<li>Fran\u00e7ois Parra, artiste et enseignant Locus&nbsp;Sonus &#8211; ESAAIX&nbsp;<\/li>\n\n\n\n<li>Am\u00e9lie Perrot, documentariste radio.&nbsp;<\/li>\n\n\n\n<li>L\u00e9a&nbsp;Paintandre, artiste sonore, compositrice et technicienne du son.&nbsp;Participeront \u00e9galement \u00e0 ce plateau radio, les participants&nbsp;du workshop&nbsp;Radiodock&nbsp;(\u00e9tudiants, doctorants, chercheurs) de l\u2019ESAAIX, de l\u2019IREMAM, du MESOPOLHIS, de l\u2019URMIS Nice.<\/li>\n<\/ul>\n\n\n\n<p>Fin de la journ\u00e9e vers 17h30<\/p>\n\n\n\n<p><em>Repas convivial au restaurant (Aix-en-Provence)<\/em><\/p>\n\n\n\n<p><strong>***<\/strong><\/p>\n\n\n\n<p><strong><u>Mercredi 29 avril 2026 | 9h &#8211; 18h30 | Salle Duby, Mmsh (Aix-en-Provence)<\/u><\/strong><\/p>\n\n\n\n<p><strong>\u00ab&nbsp;Les d\u00e9marches cr\u00e9atives et participatives&nbsp;\u00bb, regards crois\u00e9s, perspectives&nbsp;?<\/strong><\/p>\n\n\n\n<p>9h00 : Accueil des participants autour d\u2019un caf\u00e9<\/p>\n\n\n\n<p>9h30 \u2013 10h00&nbsp;: Louise Danhaive, (en visio) Universit\u00e9 de Mons, Belgique. Un atelier de cartographie tiss\u00e9e avec des personnes en situation de vuln\u00e9rabilit\u00e9, Bruxelles <strong><em>\u00ab&nbsp;<\/em>Divagations animales&nbsp;: cartographier des mondes&nbsp;\u00bb<\/strong>.<\/p>\n\n\n\n<p>10h15 \u2013 11h15&nbsp;: Maria Elena Buslacchi, Elisa Ullauri Llor\u00e9&nbsp;:&nbsp;Pr\u00e9sentation d\u2019une <strong>d\u00e9marche exp\u00e9rimentale de captation sonore et d\u2019\u00e9coute collective <\/strong>autour d\u2019une cr\u00e8che.<\/p>\n\n\n\n<p>11h15 \u2013 11h45&nbsp;: C\u00e9line Ferlita, R\u00e9alisatrice et Responsable du service audiovisuel<br>UAR 2259 &#8211;&nbsp;Appui \u00e0 la Recherche et Diffusion des Savoirs (ARDIS), Villejuif. <strong>Pr\u00e9sentation du r\u00e9seau RUSH<\/strong> (<a href=\"https:\/\/rushs.cnrs.fr\/?page_id=1425\">https:\/\/rushs.cnrs.fr\/?page_id=1425<\/a>)<\/p>\n\n\n\n<p>11h 45 \u2013 12 h 15&nbsp;: Discussion<\/p>\n\n\n\n<p>12h00 \u2013 13h30&nbsp;: Pause d\u00e9jeuner<\/p>\n\n\n\n<p><strong>14h00 \u2013 16h00&nbsp;: Les approches participatives et cr\u00e9atives<\/strong><\/p>\n\n\n\n<p>14h00 <a>\u2013 <\/a>14h30&nbsp;: Aline Chamahian, Anne Marcilhac, La recherche participative avec des personnes \u00e2g\u00e9es, l\u2019exemple des ateliers de design citoyen<\/p>\n\n\n\n<p>15h00 \u2013 15h30&nbsp;: Cecilia Fridosky, Cie des constructions fragiles et Appoline Haquet, sociologue et doctorante MESOPOLHIS, \u00ab&nbsp;Exp\u00e9rimenter la&nbsp;danse&nbsp;en centre hospitalier sp\u00e9cialis\u00e9&nbsp;: cr\u00e9ation d&rsquo;espace&nbsp;et dynamique&nbsp;collective&nbsp;\u00bb<\/p>\n\n\n\n<p>15h30 \u2013 16h00&nbsp;: discussion<\/p>\n\n\n\n<p>16h00 \u2013 16h15&nbsp;: pause<\/p>\n\n\n\n<p><strong>16h15 \u2013 17h00&nbsp;: Les recherches participatives et cr\u00e9atives. Quelles perspectives de croisement&nbsp;? tour de table, discussion collective<\/strong><\/p>\n\n\n\n<p>Fin de la journ\u00e9e vers 17h30 \u2013 18h00<\/p>\n\n\n\n<p><em>Repas convivial au restaurant (Aix-en-Provence)<\/em><\/p>\n\n\n\n<p><strong>***<\/strong><\/p>\n\n\n\n<p><strong><u>Jeudi 30 avril 2026 | 9h30 &#8211; 18h | Mucem Lab (Marseille)<\/u><\/strong><\/p>\n\n\n\n<p>9h30&nbsp;: accueil caf\u00e9<\/p>\n\n\n\n<p><strong>A partir de 10h&nbsp;: Atelier d\u2019\u00e9criture collective du projet \u00e0 la suite de TRACES<\/strong><\/p>\n\n\n\n<p>12h30&nbsp;: pause d\u00e9jeuner<\/p>\n\n\n\n<p>13h30&nbsp;: reprise<\/p>\n\n\n\n<p>Fin de la journ\u00e9e vers 17h30<\/p>\n\n\n\n<p><em>Repas convivial au restaurant (Marseille)<\/em><\/p>\n\n\n\n<hr class=\"wp-block-separator has-alpha-channel-opacity\"\/>\n\n\n\n<p><mark style=\"background-color:rgba(0, 0, 0, 0)\" class=\"has-inline-color has-fl-accent-color\"><a href=\"#_ftnref1\" id=\"_ftn1\">[1]<\/a> <\/mark>Le projet TRACES est financ\u00e9 au titre du programme europ\u00e9en Alliance CIVIS, il r\u00e9unit 3 \u00e9quipes,\u00a0(CIVIS 2025-2026, Universit\u00e9 Libre de Bruxelles, Universit\u00e9 Cheikh\u00a0Anta Diop\u00a0de\u00a0Dakar et Universit\u00e9 d\u2019Aix Marseille &#8211;\u00a0Mesopolhis)<\/p>\n","protected":false},"author":343,"featured_media":0,"menu_order":0,"comment_status":"closed","ping_status":"closed","template":"","meta":{"_acf_changed":false,"inline_featured_image":false},"tags":[384,59],"event_type":[3],"event_type_2":[],"class_list":["post-38915","ajde_events","type-ajde_events","status-publish","hentry","tag-384","tag-a-la-une","event_type-autres"],"acf":[],"yoast_head":"<!-- This site is optimized with the Yoast SEO plugin v27.5 - https:\/\/yoast.com\/product\/yoast-seo-wordpress\/ -->\n<title>Rencontres du groupe TRACES (Trajectoires, r\u00e9sonances, approches cr\u00e9atives, connaissances, enqu\u00eate, savoirs partag\u00e9s) - Mesopolhis<\/title>\n<meta name=\"robots\" content=\"index, follow, max-snippet:-1, max-image-preview:large, max-video-preview:-1\" \/>\n<link rel=\"canonical\" href=\"https:\/\/mesopolhis.fr\/en\/blog\/events\/traces-2026-group-meetings\/\" \/>\n<meta property=\"og:locale\" content=\"en_GB\" \/>\n<meta property=\"og:type\" content=\"article\" \/>\n<meta property=\"og:title\" content=\"Rencontres du groupe TRACES (Trajectoires, r\u00e9sonances, approches cr\u00e9atives, connaissances, enqu\u00eate, savoirs partag\u00e9s) - Mesopolhis\" \/>\n<meta property=\"og:description\" content=\"Du mardi 28 au jeudi 30 avril 2026 | Mmsh (Aix-en-Provence) et Mucem Lab (Marseille) Programme sous la responsabilit\u00e9 d\u2019Aline Chamahian, maitresse de conf\u00e9rences en sociologie, Aix-Marseille Universit\u00e9 (MESOPOLHIS, CeRIES), en partenariat avec l&rsquo;ULB (Belgique) et l\u2019UCAD (S\u00e9n\u00e9gal). Membres du consortium pr\u00e9sents&nbsp;: ULB&nbsp;: Aline Bingen, Laetitia M\u00e9lon (en pr\u00e9sentiel), Beno\u00eet Pinto (en visio) UCAD&nbsp;: El&hellip;\" \/>\n<meta property=\"og:url\" content=\"https:\/\/mesopolhis.fr\/en\/blog\/events\/traces-2026-group-meetings\/\" \/>\n<meta property=\"og:site_name\" content=\"Mesopolhis\" \/>\n<meta property=\"article:modified_time\" content=\"2026-04-17T21:51:37+00:00\" \/>\n<meta name=\"twitter:card\" content=\"summary_large_image\" \/>\n<meta name=\"twitter:label1\" content=\"Estimated reading time\" \/>\n\t<meta name=\"twitter:data1\" content=\"4 minutes\" \/>\n<script type=\"application\/ld+json\" class=\"yoast-schema-graph\">{\"@context\":\"https:\\\/\\\/schema.org\",\"@graph\":[{\"@type\":\"WebPage\",\"@id\":\"https:\\\/\\\/mesopolhis.fr\\\/blog\\\/events\\\/rencontres-du-groupe-traces-2026\\\/\",\"url\":\"https:\\\/\\\/mesopolhis.fr\\\/blog\\\/events\\\/rencontres-du-groupe-traces-2026\\\/\",\"name\":\"Rencontres du groupe TRACES (Trajectoires, r\u00e9sonances, approches cr\u00e9atives, connaissances, enqu\u00eate, savoirs partag\u00e9s) - Mesopolhis\",\"isPartOf\":{\"@id\":\"https:\\\/\\\/mesopolhis.fr\\\/#website\"},\"datePublished\":\"2025-12-19T15:05:19+00:00\",\"dateModified\":\"2026-04-17T21:51:37+00:00\",\"breadcrumb\":{\"@id\":\"https:\\\/\\\/mesopolhis.fr\\\/blog\\\/events\\\/rencontres-du-groupe-traces-2026\\\/#breadcrumb\"},\"inLanguage\":\"en-GB\",\"potentialAction\":[{\"@type\":\"ReadAction\",\"target\":[\"https:\\\/\\\/mesopolhis.fr\\\/blog\\\/events\\\/rencontres-du-groupe-traces-2026\\\/\"]}]},{\"@type\":\"BreadcrumbList\",\"@id\":\"https:\\\/\\\/mesopolhis.fr\\\/blog\\\/events\\\/rencontres-du-groupe-traces-2026\\\/#breadcrumb\",\"itemListElement\":[{\"@type\":\"ListItem\",\"position\":1,\"name\":\"Accueil\",\"item\":\"https:\\\/\\\/mesopolhis.fr\\\/\"},{\"@type\":\"ListItem\",\"position\":2,\"name\":\"Les \u00e9v\u00e9nements\",\"item\":\"https:\\\/\\\/mesopolhis.fr\\\/blog\\\/events\\\/\"},{\"@type\":\"ListItem\",\"position\":3,\"name\":\"Rencontres du groupe TRACES (Trajectoires, r\u00e9sonances, approches cr\u00e9atives, connaissances, enqu\u00eate, savoirs partag\u00e9s)\"}]},{\"@type\":\"WebSite\",\"@id\":\"https:\\\/\\\/mesopolhis.fr\\\/#website\",\"url\":\"https:\\\/\\\/mesopolhis.fr\\\/\",\"name\":\"Mesopolhis\",\"description\":\"Centre m\u00e9diterran\u00e9en de sociologie, de science politique et d&#039;histoire\",\"publisher\":{\"@id\":\"https:\\\/\\\/mesopolhis.fr\\\/#organization\"},\"potentialAction\":[{\"@type\":\"SearchAction\",\"target\":{\"@type\":\"EntryPoint\",\"urlTemplate\":\"https:\\\/\\\/mesopolhis.fr\\\/?s={search_term_string}\"},\"query-input\":{\"@type\":\"PropertyValueSpecification\",\"valueRequired\":true,\"valueName\":\"search_term_string\"}}],\"inLanguage\":\"en-GB\"},{\"@type\":\"Organization\",\"@id\":\"https:\\\/\\\/mesopolhis.fr\\\/#organization\",\"name\":\"Mesopolhis\",\"url\":\"https:\\\/\\\/mesopolhis.fr\\\/\",\"logo\":{\"@type\":\"ImageObject\",\"inLanguage\":\"en-GB\",\"@id\":\"https:\\\/\\\/mesopolhis.fr\\\/#\\\/schema\\\/logo\\\/image\\\/\",\"url\":\"https:\\\/\\\/mesopolhis.fr\\\/wp-content\\\/uploads\\\/2021\\\/12\\\/Logo_MESOPOLHIS_Quadri.png\",\"contentUrl\":\"https:\\\/\\\/mesopolhis.fr\\\/wp-content\\\/uploads\\\/2021\\\/12\\\/Logo_MESOPOLHIS_Quadri.png\",\"width\":264,\"height\":69,\"caption\":\"Mesopolhis\"},\"image\":{\"@id\":\"https:\\\/\\\/mesopolhis.fr\\\/#\\\/schema\\\/logo\\\/image\\\/\"}}]}<\/script>\n<!-- \/ Yoast SEO plugin. -->","yoast_head_json":{"title":"Meetings of the TRACES group (Trajectories, resonances, creative approaches, knowledge, investigation, shared knowledge) - Mesopolhis","robots":{"index":"index","follow":"follow","max-snippet":"max-snippet:-1","max-image-preview":"max-image-preview:large","max-video-preview":"max-video-preview:-1"},"canonical":"https:\/\/mesopolhis.fr\/en\/blog\/events\/traces-2026-group-meetings\/","og_locale":"en_GB","og_type":"article","og_title":"Rencontres du groupe TRACES (Trajectoires, r\u00e9sonances, approches cr\u00e9atives, connaissances, enqu\u00eate, savoirs partag\u00e9s) - Mesopolhis","og_description":"Du mardi 28 au jeudi 30 avril 2026 | Mmsh (Aix-en-Provence) et Mucem Lab (Marseille) Programme sous la responsabilit\u00e9 d\u2019Aline Chamahian, maitresse de conf\u00e9rences en sociologie, Aix-Marseille Universit\u00e9 (MESOPOLHIS, CeRIES), en partenariat avec l&rsquo;ULB (Belgique) et l\u2019UCAD (S\u00e9n\u00e9gal). Membres du consortium pr\u00e9sents&nbsp;: ULB&nbsp;: Aline Bingen, Laetitia M\u00e9lon (en pr\u00e9sentiel), Beno\u00eet Pinto (en visio) UCAD&nbsp;: El&hellip;","og_url":"https:\/\/mesopolhis.fr\/en\/blog\/events\/traces-2026-group-meetings\/","og_site_name":"Mesopolhis","article_modified_time":"2026-04-17T21:51:37+00:00","twitter_card":"summary_large_image","twitter_misc":{"Estimated reading time":"4 minutes"},"schema":{"@context":"https:\/\/schema.org","@graph":[{"@type":"WebPage","@id":"https:\/\/mesopolhis.fr\/blog\/events\/rencontres-du-groupe-traces-2026\/","url":"https:\/\/mesopolhis.fr\/blog\/events\/rencontres-du-groupe-traces-2026\/","name":"Meetings of the TRACES group (Trajectories, resonances, creative approaches, knowledge, investigation, shared knowledge) - Mesopolhis","isPartOf":{"@id":"https:\/\/mesopolhis.fr\/#website"},"datePublished":"2025-12-19T15:05:19+00:00","dateModified":"2026-04-17T21:51:37+00:00","breadcrumb":{"@id":"https:\/\/mesopolhis.fr\/blog\/events\/rencontres-du-groupe-traces-2026\/#breadcrumb"},"inLanguage":"en-GB","potentialAction":[{"@type":"ReadAction","target":["https:\/\/mesopolhis.fr\/blog\/events\/rencontres-du-groupe-traces-2026\/"]}]},{"@type":"BreadcrumbList","@id":"https:\/\/mesopolhis.fr\/blog\/events\/rencontres-du-groupe-traces-2026\/#breadcrumb","itemListElement":[{"@type":"ListItem","position":1,"name":"Accueil","item":"https:\/\/mesopolhis.fr\/"},{"@type":"ListItem","position":2,"name":"Les \u00e9v\u00e9nements","item":"https:\/\/mesopolhis.fr\/blog\/events\/"},{"@type":"ListItem","position":3,"name":"Rencontres du groupe TRACES (Trajectoires, r\u00e9sonances, approches cr\u00e9atives, connaissances, enqu\u00eate, savoirs partag\u00e9s)"}]},{"@type":"WebSite","@id":"https:\/\/mesopolhis.fr\/#website","url":"https:\/\/mesopolhis.fr\/","name":"Mesopolhis","description":"Mediterranean Centre for Sociology, Political Science and History","publisher":{"@id":"https:\/\/mesopolhis.fr\/#organization"},"potentialAction":[{"@type":"SearchAction","target":{"@type":"EntryPoint","urlTemplate":"https:\/\/mesopolhis.fr\/?s={search_term_string}"},"query-input":{"@type":"PropertyValueSpecification","valueRequired":true,"valueName":"search_term_string"}}],"inLanguage":"en-GB"},{"@type":"Organization","@id":"https:\/\/mesopolhis.fr\/#organization","name":"Mesopolhis","url":"https:\/\/mesopolhis.fr\/","logo":{"@type":"ImageObject","inLanguage":"en-GB","@id":"https:\/\/mesopolhis.fr\/#\/schema\/logo\/image\/","url":"https:\/\/mesopolhis.fr\/wp-content\/uploads\/2021\/12\/Logo_MESOPOLHIS_Quadri.png","contentUrl":"https:\/\/mesopolhis.fr\/wp-content\/uploads\/2021\/12\/Logo_MESOPOLHIS_Quadri.png","width":264,"height":69,"caption":"Mesopolhis"},"image":{"@id":"https:\/\/mesopolhis.fr\/#\/schema\/logo\/image\/"}}]}},"_links":{"self":[{"href":"https:\/\/mesopolhis.fr\/en\/wp-json\/wp\/v2\/ajde_events\/38915","targetHints":{"allow":["GET"]}}],"collection":[{"href":"https:\/\/mesopolhis.fr\/en\/wp-json\/wp\/v2\/ajde_events"}],"about":[{"href":"https:\/\/mesopolhis.fr\/en\/wp-json\/wp\/v2\/types\/ajde_events"}],"author":[{"embeddable":true,"href":"https:\/\/mesopolhis.fr\/en\/wp-json\/wp\/v2\/users\/343"}],"replies":[{"embeddable":true,"href":"https:\/\/mesopolhis.fr\/en\/wp-json\/wp\/v2\/comments?post=38915"}],"wp:attachment":[{"href":"https:\/\/mesopolhis.fr\/en\/wp-json\/wp\/v2\/media?parent=38915"}],"wp:term":[{"taxonomy":"post_tag","embeddable":true,"href":"https:\/\/mesopolhis.fr\/en\/wp-json\/wp\/v2\/tags?post=38915"},{"taxonomy":"event_type","embeddable":true,"href":"https:\/\/mesopolhis.fr\/en\/wp-json\/wp\/v2\/event_type?post=38915"},{"taxonomy":"event_type_2","embeddable":true,"href":"https:\/\/mesopolhis.fr\/en\/wp-json\/wp\/v2\/event_type_2?post=38915"}],"curies":[{"name":"wp","href":"https:\/\/api.w.org\/{rel}","templated":true}]}}