{"id":38681,"date":"2025-11-20T11:40:55","date_gmt":"2025-11-20T10:40:55","guid":{"rendered":"https:\/\/mesopolhis.fr\/blog\/events\/seminaire-marches-internationaux-de-l-education-et-migrations-etudiantes-theotime-chabre-un-marche-de-l-europe-accessible-a-la-frontiere-de-l-union-europeenne-le-cas-des-universites-internationales-de\/"},"modified":"2025-11-20T11:55:14","modified_gmt":"2025-11-20T10:55:14","slug":"seminar-international-education-markets-and-student-migration-theotime-chabre-a-european-market-accessible-at-the-border-of-the-european-union-the-case-of-the-international-universities-of","status":"publish","type":"ajde_events","link":"https:\/\/mesopolhis.fr\/en\/blog\/events\/seminar-international-education-markets-and-student-migration-theotime-chabre-a-european-market-accessible-at-the-border-of-the-european-union-the-case-of-the-international-universities-of\/","title":{"rendered":"International Education Markets and Student Migration\u00ab seminar: Th\u00e9otime Chabre, \u00bbAn \u00abaccessible Europe\u00ab market on the border of the European Union: the case of international universities in Northern Cyprus\u00bb.\u00bb"},"content":{"rendered":"\n<h4 class=\"wp-block-heading\"><strong>Mardi 9 d\u00e9cembre 2025 | 14h &#8211; 16h | Universit\u00e9 Paris Cit\u00e9 &#8211; Campus des Saints P\u00e8res (45 rues des Saints P\u00e8res, 75006 Paris)<\/strong><\/h4>\n\n\n\n<p>Intervention de <a href=\"https:\/\/mesopolhis.fr\/blog\/membres\/chabre-theotime\/\"><mark style=\"background-color:#f2f2f2\" class=\"has-inline-color has-fl-accent-color\">Th\u00e9otime Chabre<\/mark><\/a> : \u00ab Un march\u00e9 de \u00ab\u00a0l&rsquo;Europe accessible\u00a0\u00bb \u00e0 la fronti\u00e8re de l&rsquo;Union europ\u00e9enne : le cas des universit\u00e9s internationales de Chypre-Nord \u00bb.<\/p>\n\n\n\n<p>Le s\u00e9minaire est organis\u00e9 en format hybride.<\/p>\n\n\n\n<p>Inscription obligatoire : \u00e9crire \u00e0 <mark style=\"background-color:#f2f2f2\" class=\"has-inline-color has-fl-accent-color\">seminairememe[at]gmail.com<\/mark> au moins 15 jours avant la date de l&rsquo;\u00e9v\u00e9nement.<\/p>\n\n\n\n<h4 class=\"wp-block-heading\"><strong>Argumentaire et programmation compl\u00e8te :<\/strong><\/h4>\n\n\n\n<div data-wp-interactive=\"core\/file\" class=\"wp-block-file aligncenter\"><object data-wp-bind--hidden=\"!state.hasPdfPreview\" hidden class=\"wp-block-file__embed\" data=\"https:\/\/mesopolhis.fr\/wp-content\/uploads\/2025\/11\/Se\u0301minaire_Me\u0301Me\u0301_Programme.pdf\" type=\"application\/pdf\" style=\"width:100%;height:1180px\" aria-label=\"Embed of Se\u0301minaire_Me\u0301Me\u0301_Programme.\"><\/object><a id=\"wp-block-file--media-268364bf-14e0-4b01-93df-c1b9274ecb1f\" href=\"https:\/\/mesopolhis.fr\/wp-content\/uploads\/2025\/11\/Se\u0301minaire_Me\u0301Me\u0301_Programme.pdf\">Se\u0301minaire_Me\u0301Me\u0301_Programme<\/a><a href=\"https:\/\/mesopolhis.fr\/wp-content\/uploads\/2025\/11\/Se\u0301minaire_Me\u0301Me\u0301_Programme.pdf\" class=\"wp-block-file__button wp-element-button\" download aria-describedby=\"wp-block-file--media-268364bf-14e0-4b01-93df-c1b9274ecb1f\"><strong>T\u00e9l\u00e9charger<\/strong><\/a><\/div>\n","protected":false},"author":343,"featured_media":0,"menu_order":0,"comment_status":"closed","ping_status":"closed","template":"","meta":{"_acf_changed":false,"inline_featured_image":false},"tags":[],"event_type":[8],"event_type_2":[],"class_list":["post-38681","ajde_events","type-ajde_events","status-publish","hentry","event_type-hors-les-murs"],"acf":[],"yoast_head":"<!-- This site is optimized with the Yoast SEO plugin v27.5 - https:\/\/yoast.com\/product\/yoast-seo-wordpress\/ -->\n<title>S\u00e9minaire \u00ab March\u00e9s internationaux de l\u2019\u00c9ducation et Migrations \u00c9tudiantes \u00bb : Th\u00e9otime Chabre, \u00ab Un march\u00e9 de &quot;l&#039;Europe accessible&quot; \u00e0 la fronti\u00e8re de l&#039;Union europ\u00e9enne : le cas des universit\u00e9s internationales de Chypre-Nord \u00bb - Mesopolhis<\/title>\n<meta name=\"robots\" content=\"index, follow, max-snippet:-1, max-image-preview:large, max-video-preview:-1\" \/>\n<link rel=\"canonical\" href=\"https:\/\/mesopolhis.fr\/en\/blog\/events\/seminar-international-education-markets-and-student-migration-theotime-chabre-a-european-market-accessible-at-the-border-of-the-european-union-the-case-of-the-international-universities-of\/\" \/>\n<meta property=\"og:locale\" content=\"en_GB\" \/>\n<meta property=\"og:type\" content=\"article\" \/>\n<meta property=\"og:title\" content=\"S\u00e9minaire \u00ab March\u00e9s internationaux de l\u2019\u00c9ducation et Migrations \u00c9tudiantes \u00bb : Th\u00e9otime Chabre, \u00ab Un march\u00e9 de &quot;l&#039;Europe accessible&quot; \u00e0 la fronti\u00e8re de l&#039;Union europ\u00e9enne : le cas des universit\u00e9s internationales de Chypre-Nord \u00bb - Mesopolhis\" \/>\n<meta property=\"og:description\" content=\"Mardi 9 d\u00e9cembre 2025 | 14h &#8211; 16h | Universit\u00e9 Paris Cit\u00e9 &#8211; Campus des Saints P\u00e8res (45 rues des Saints P\u00e8res, 75006 Paris) Intervention de Th\u00e9otime Chabre : \u00ab Un march\u00e9 de \u00ab\u00a0l&rsquo;Europe accessible\u00a0\u00bb \u00e0 la fronti\u00e8re de l&rsquo;Union europ\u00e9enne : le cas des universit\u00e9s internationales de Chypre-Nord \u00bb. Le s\u00e9minaire est organis\u00e9 en&hellip;\" \/>\n<meta property=\"og:url\" content=\"https:\/\/mesopolhis.fr\/en\/blog\/events\/seminar-international-education-markets-and-student-migration-theotime-chabre-a-european-market-accessible-at-the-border-of-the-european-union-the-case-of-the-international-universities-of\/\" \/>\n<meta property=\"og:site_name\" content=\"Mesopolhis\" \/>\n<meta property=\"article:modified_time\" content=\"2025-11-20T10:55:14+00:00\" \/>\n<meta name=\"twitter:card\" content=\"summary_large_image\" \/>\n<meta name=\"twitter:label1\" content=\"Estimated reading time\" \/>\n\t<meta name=\"twitter:data1\" content=\"1 minute\" \/>\n<script type=\"application\/ld+json\" class=\"yoast-schema-graph\">{\"@context\":\"https:\\\/\\\/schema.org\",\"@graph\":[{\"@type\":\"WebPage\",\"@id\":\"https:\\\/\\\/mesopolhis.fr\\\/blog\\\/events\\\/seminaire-marches-internationaux-de-l-education-et-migrations-etudiantes-theotime-chabre-un-marche-de-l-europe-accessible-a-la-frontiere-de-l-union-europeenne-le-cas-des-universites-internationales-de\\\/\",\"url\":\"https:\\\/\\\/mesopolhis.fr\\\/blog\\\/events\\\/seminaire-marches-internationaux-de-l-education-et-migrations-etudiantes-theotime-chabre-un-marche-de-l-europe-accessible-a-la-frontiere-de-l-union-europeenne-le-cas-des-universites-internationales-de\\\/\",\"name\":\"S\u00e9minaire \u00ab March\u00e9s internationaux de l\u2019\u00c9ducation et Migrations \u00c9tudiantes \u00bb : Th\u00e9otime Chabre, \u00ab Un march\u00e9 de \\\"l'Europe accessible\\\" \u00e0 la fronti\u00e8re de l'Union europ\u00e9enne : le cas des universit\u00e9s internationales de Chypre-Nord \u00bb - Mesopolhis\",\"isPartOf\":{\"@id\":\"https:\\\/\\\/mesopolhis.fr\\\/#website\"},\"datePublished\":\"2025-11-20T10:40:55+00:00\",\"dateModified\":\"2025-11-20T10:55:14+00:00\",\"breadcrumb\":{\"@id\":\"https:\\\/\\\/mesopolhis.fr\\\/blog\\\/events\\\/seminaire-marches-internationaux-de-l-education-et-migrations-etudiantes-theotime-chabre-un-marche-de-l-europe-accessible-a-la-frontiere-de-l-union-europeenne-le-cas-des-universites-internationales-de\\\/#breadcrumb\"},\"inLanguage\":\"en-GB\",\"potentialAction\":[{\"@type\":\"ReadAction\",\"target\":[\"https:\\\/\\\/mesopolhis.fr\\\/blog\\\/events\\\/seminaire-marches-internationaux-de-l-education-et-migrations-etudiantes-theotime-chabre-un-marche-de-l-europe-accessible-a-la-frontiere-de-l-union-europeenne-le-cas-des-universites-internationales-de\\\/\"]}]},{\"@type\":\"BreadcrumbList\",\"@id\":\"https:\\\/\\\/mesopolhis.fr\\\/blog\\\/events\\\/seminaire-marches-internationaux-de-l-education-et-migrations-etudiantes-theotime-chabre-un-marche-de-l-europe-accessible-a-la-frontiere-de-l-union-europeenne-le-cas-des-universites-internationales-de\\\/#breadcrumb\",\"itemListElement\":[{\"@type\":\"ListItem\",\"position\":1,\"name\":\"Accueil\",\"item\":\"https:\\\/\\\/mesopolhis.fr\\\/\"},{\"@type\":\"ListItem\",\"position\":2,\"name\":\"Les \u00e9v\u00e9nements\",\"item\":\"https:\\\/\\\/mesopolhis.fr\\\/blog\\\/events\\\/\"},{\"@type\":\"ListItem\",\"position\":3,\"name\":\"S\u00e9minaire \u00ab March\u00e9s internationaux de l\u2019\u00c9ducation et Migrations \u00c9tudiantes \u00bb : Th\u00e9otime Chabre, \u00ab Un march\u00e9 de \u00ab\u00a0l&rsquo;Europe accessible\u00a0\u00bb \u00e0 la fronti\u00e8re de l&rsquo;Union europ\u00e9enne : le cas des universit\u00e9s internationales de Chypre-Nord \u00bb\"}]},{\"@type\":\"WebSite\",\"@id\":\"https:\\\/\\\/mesopolhis.fr\\\/#website\",\"url\":\"https:\\\/\\\/mesopolhis.fr\\\/\",\"name\":\"Mesopolhis\",\"description\":\"Centre m\u00e9diterran\u00e9en de sociologie, de science politique et d&#039;histoire\",\"publisher\":{\"@id\":\"https:\\\/\\\/mesopolhis.fr\\\/#organization\"},\"potentialAction\":[{\"@type\":\"SearchAction\",\"target\":{\"@type\":\"EntryPoint\",\"urlTemplate\":\"https:\\\/\\\/mesopolhis.fr\\\/?s={search_term_string}\"},\"query-input\":{\"@type\":\"PropertyValueSpecification\",\"valueRequired\":true,\"valueName\":\"search_term_string\"}}],\"inLanguage\":\"en-GB\"},{\"@type\":\"Organization\",\"@id\":\"https:\\\/\\\/mesopolhis.fr\\\/#organization\",\"name\":\"Mesopolhis\",\"url\":\"https:\\\/\\\/mesopolhis.fr\\\/\",\"logo\":{\"@type\":\"ImageObject\",\"inLanguage\":\"en-GB\",\"@id\":\"https:\\\/\\\/mesopolhis.fr\\\/#\\\/schema\\\/logo\\\/image\\\/\",\"url\":\"https:\\\/\\\/mesopolhis.fr\\\/wp-content\\\/uploads\\\/2021\\\/12\\\/Logo_MESOPOLHIS_Quadri.png\",\"contentUrl\":\"https:\\\/\\\/mesopolhis.fr\\\/wp-content\\\/uploads\\\/2021\\\/12\\\/Logo_MESOPOLHIS_Quadri.png\",\"width\":264,\"height\":69,\"caption\":\"Mesopolhis\"},\"image\":{\"@id\":\"https:\\\/\\\/mesopolhis.fr\\\/#\\\/schema\\\/logo\\\/image\\\/\"}}]}<\/script>\n<!-- \/ Yoast SEO plugin. -->","yoast_head_json":{"title":"International Education Markets and Student Migration\u00ab seminar: Th\u00e9otime Chabre, \u00bbAn \u00abaccessible Europe\" market on the border of the European Union: the case of international universities in Northern Cyprus\" - Mesopolhis","robots":{"index":"index","follow":"follow","max-snippet":"max-snippet:-1","max-image-preview":"max-image-preview:large","max-video-preview":"max-video-preview:-1"},"canonical":"https:\/\/mesopolhis.fr\/en\/blog\/events\/seminar-international-education-markets-and-student-migration-theotime-chabre-a-european-market-accessible-at-the-border-of-the-european-union-the-case-of-the-international-universities-of\/","og_locale":"en_GB","og_type":"article","og_title":"S\u00e9minaire \u00ab March\u00e9s internationaux de l\u2019\u00c9ducation et Migrations \u00c9tudiantes \u00bb : Th\u00e9otime Chabre, \u00ab Un march\u00e9 de \"l'Europe accessible\" \u00e0 la fronti\u00e8re de l'Union europ\u00e9enne : le cas des universit\u00e9s internationales de Chypre-Nord \u00bb - Mesopolhis","og_description":"Mardi 9 d\u00e9cembre 2025 | 14h &#8211; 16h | Universit\u00e9 Paris Cit\u00e9 &#8211; Campus des Saints P\u00e8res (45 rues des Saints P\u00e8res, 75006 Paris) Intervention de Th\u00e9otime Chabre : \u00ab Un march\u00e9 de \u00ab\u00a0l&rsquo;Europe accessible\u00a0\u00bb \u00e0 la fronti\u00e8re de l&rsquo;Union europ\u00e9enne : le cas des universit\u00e9s internationales de Chypre-Nord \u00bb. Le s\u00e9minaire est organis\u00e9 en&hellip;","og_url":"https:\/\/mesopolhis.fr\/en\/blog\/events\/seminar-international-education-markets-and-student-migration-theotime-chabre-a-european-market-accessible-at-the-border-of-the-european-union-the-case-of-the-international-universities-of\/","og_site_name":"Mesopolhis","article_modified_time":"2025-11-20T10:55:14+00:00","twitter_card":"summary_large_image","twitter_misc":{"Estimated reading time":"1 minute"},"schema":{"@context":"https:\/\/schema.org","@graph":[{"@type":"WebPage","@id":"https:\/\/mesopolhis.fr\/blog\/events\/seminaire-marches-internationaux-de-l-education-et-migrations-etudiantes-theotime-chabre-un-marche-de-l-europe-accessible-a-la-frontiere-de-l-union-europeenne-le-cas-des-universites-internationales-de\/","url":"https:\/\/mesopolhis.fr\/blog\/events\/seminaire-marches-internationaux-de-l-education-et-migrations-etudiantes-theotime-chabre-un-marche-de-l-europe-accessible-a-la-frontiere-de-l-union-europeenne-le-cas-des-universites-internationales-de\/","name":"International Education Markets and Student Migration\u00ab seminar: Th\u00e9otime Chabre, \u00bbAn \u00abaccessible Europe\" market on the border of the European Union: the case of international universities in Northern Cyprus\" - Mesopolhis","isPartOf":{"@id":"https:\/\/mesopolhis.fr\/#website"},"datePublished":"2025-11-20T10:40:55+00:00","dateModified":"2025-11-20T10:55:14+00:00","breadcrumb":{"@id":"https:\/\/mesopolhis.fr\/blog\/events\/seminaire-marches-internationaux-de-l-education-et-migrations-etudiantes-theotime-chabre-un-marche-de-l-europe-accessible-a-la-frontiere-de-l-union-europeenne-le-cas-des-universites-internationales-de\/#breadcrumb"},"inLanguage":"en-GB","potentialAction":[{"@type":"ReadAction","target":["https:\/\/mesopolhis.fr\/blog\/events\/seminaire-marches-internationaux-de-l-education-et-migrations-etudiantes-theotime-chabre-un-marche-de-l-europe-accessible-a-la-frontiere-de-l-union-europeenne-le-cas-des-universites-internationales-de\/"]}]},{"@type":"BreadcrumbList","@id":"https:\/\/mesopolhis.fr\/blog\/events\/seminaire-marches-internationaux-de-l-education-et-migrations-etudiantes-theotime-chabre-un-marche-de-l-europe-accessible-a-la-frontiere-de-l-union-europeenne-le-cas-des-universites-internationales-de\/#breadcrumb","itemListElement":[{"@type":"ListItem","position":1,"name":"Accueil","item":"https:\/\/mesopolhis.fr\/"},{"@type":"ListItem","position":2,"name":"Les \u00e9v\u00e9nements","item":"https:\/\/mesopolhis.fr\/blog\/events\/"},{"@type":"ListItem","position":3,"name":"S\u00e9minaire \u00ab March\u00e9s internationaux de l\u2019\u00c9ducation et Migrations \u00c9tudiantes \u00bb : Th\u00e9otime Chabre, \u00ab Un march\u00e9 de \u00ab\u00a0l&rsquo;Europe accessible\u00a0\u00bb \u00e0 la fronti\u00e8re de l&rsquo;Union europ\u00e9enne : le cas des universit\u00e9s internationales de Chypre-Nord \u00bb"}]},{"@type":"WebSite","@id":"https:\/\/mesopolhis.fr\/#website","url":"https:\/\/mesopolhis.fr\/","name":"Mesopolhis","description":"Mediterranean Centre for Sociology, Political Science and History","publisher":{"@id":"https:\/\/mesopolhis.fr\/#organization"},"potentialAction":[{"@type":"SearchAction","target":{"@type":"EntryPoint","urlTemplate":"https:\/\/mesopolhis.fr\/?s={search_term_string}"},"query-input":{"@type":"PropertyValueSpecification","valueRequired":true,"valueName":"search_term_string"}}],"inLanguage":"en-GB"},{"@type":"Organization","@id":"https:\/\/mesopolhis.fr\/#organization","name":"Mesopolhis","url":"https:\/\/mesopolhis.fr\/","logo":{"@type":"ImageObject","inLanguage":"en-GB","@id":"https:\/\/mesopolhis.fr\/#\/schema\/logo\/image\/","url":"https:\/\/mesopolhis.fr\/wp-content\/uploads\/2021\/12\/Logo_MESOPOLHIS_Quadri.png","contentUrl":"https:\/\/mesopolhis.fr\/wp-content\/uploads\/2021\/12\/Logo_MESOPOLHIS_Quadri.png","width":264,"height":69,"caption":"Mesopolhis"},"image":{"@id":"https:\/\/mesopolhis.fr\/#\/schema\/logo\/image\/"}}]}},"_links":{"self":[{"href":"https:\/\/mesopolhis.fr\/en\/wp-json\/wp\/v2\/ajde_events\/38681","targetHints":{"allow":["GET"]}}],"collection":[{"href":"https:\/\/mesopolhis.fr\/en\/wp-json\/wp\/v2\/ajde_events"}],"about":[{"href":"https:\/\/mesopolhis.fr\/en\/wp-json\/wp\/v2\/types\/ajde_events"}],"author":[{"embeddable":true,"href":"https:\/\/mesopolhis.fr\/en\/wp-json\/wp\/v2\/users\/343"}],"replies":[{"embeddable":true,"href":"https:\/\/mesopolhis.fr\/en\/wp-json\/wp\/v2\/comments?post=38681"}],"wp:attachment":[{"href":"https:\/\/mesopolhis.fr\/en\/wp-json\/wp\/v2\/media?parent=38681"}],"wp:term":[{"taxonomy":"post_tag","embeddable":true,"href":"https:\/\/mesopolhis.fr\/en\/wp-json\/wp\/v2\/tags?post=38681"},{"taxonomy":"event_type","embeddable":true,"href":"https:\/\/mesopolhis.fr\/en\/wp-json\/wp\/v2\/event_type?post=38681"},{"taxonomy":"event_type_2","embeddable":true,"href":"https:\/\/mesopolhis.fr\/en\/wp-json\/wp\/v2\/event_type_2?post=38681"}],"curies":[{"name":"wp","href":"https:\/\/api.w.org\/{rel}","templated":true}]}}