{"id":38680,"date":"2025-11-20T11:30:08","date_gmt":"2025-11-20T10:30:08","guid":{"rendered":"https:\/\/mesopolhis.fr\/blog\/events\/journee-etudes-institut-pasteur-chercheurs-et-citoyens-la-preuve-par-l-engagement-intervention-de-claire-miot\/"},"modified":"2025-11-20T11:38:45","modified_gmt":"2025-11-20T10:38:45","slug":"institut-pasteur-study-day-researchers-and-citizens-the-proof-of-commitment-speech-by-claire-miot","status":"publish","type":"ajde_events","link":"https:\/\/mesopolhis.fr\/en\/blog\/events\/institut-pasteur-study-day-researchers-and-citizens-the-proof-of-commitment-speech-by-claire-miot\/","title":{"rendered":"Institut Pasteur study day: \u00abResearchers and citizens: commitment as proof\u00bb (speech by Claire Miot)"},"content":{"rendered":"<h4 class=\"wp-block-heading\"><strong>Wednesday 10 December 2025 | 9.30am - 5.30pm | Institut Pasteur (205 rue de Vaugirard, 75015 Paris)<\/strong><\/h4>\n\n\n\n<blockquote class=\"wp-block-quote is-layout-flow wp-block-quote-is-layout-flow\">\n<p>The Institut Pasteur invites you to take part in an exceptional international symposium, organised to mark the 60th anniversary of the Nobel Prizes awarded to Fran\u00e7ois Jacob (1920-2013), Jacques Monod (1910-1976) and Andr\u00e9 Lwoff (1902-1994).<\/p>\n\n\n\n<p>This symposium will not only be a celebration of history, but also a manifesto of the ongoing commitment of researchers to the common good, with a rich programme bringing together renowned scientists in the life sciences and experts in the humanities and social sciences.<\/p>\n<\/blockquote>\n\n\n\n<p><strong>Admission is free with registration before 24 November: <a href=\"https:\/\/www.eventbrite.fr\/e\/billets-colloque-international-chercheurs-citoyens-la-preuve-par-lengagement-1663762722089?aff=oddtdtcreator\" target=\"_blank\" rel=\"noreferrer noopener\"><mark style=\"background-color:#f2f2f2\" class=\"has-inline-color has-fl-accent-color\">https:\/\/www.eventbrite.fr\/e\/billets-colloque-international-chercheurs-citoyens-la-preuve-par-lengagement-1663762722089?aff=oddtdtcreator<\/mark><\/a><\/strong><\/p>\n\n\n\n<h4 class=\"wp-block-heading\"><strong>Programme for the day :<\/strong><\/h4>\n\n\n\n<p><strong>9h30<\/strong>&nbsp;- Coffee reception<\/p>\n\n\n\n<p><strong>10 h00&nbsp;<\/strong>- Introduction to the symposium by Yves Saint-Geours, Chairman of the Board of Directors of the Institut Pasteur and Philippe Etienne, Ambassador of France, Chairman of the Lib\u00e9ration mission<\/p>\n\n\n\n<p><strong>10h15-&nbsp;<\/strong><strong>Session<\/strong><strong>&nbsp;1&nbsp;<\/strong><strong>-<\/strong><strong>&nbsp;<\/strong><strong>Jacob, Lwoff and Monod's exit from the war<\/strong><\/p>\n\n\n\n<p>Introduction to the 1st session: Nicolas Chevassus-au-louis<\/p>\n\n\n\n<p>Keynote speaker: Maxime Schwartz, Honorary Director General of the Institut Pasteur<\/p>\n\n\n\n<p>Round table<\/p>\n\n\n\n<ul class=\"wp-block-list\">\n<li><strong><a href=\"https:\/\/mesopolhis.fr\/en\/blog\/members\/miot-claire\/\"><mark style=\"background-color:#f2f2f2\" class=\"has-inline-color has-fl-accent-color\">Claire Miot<\/mark><\/a><\/strong>, a lecturer at the IEP in Aix-en-Provence, specialising in the 1st French Army at the Liberation and Jacques Monod.<\/li>\n\n\n\n<li><strong>G\u00e9raud Letang<\/strong>, Fran\u00e7ois Jacob, lecturer and researcher at the \u00c9cole de Guerre, specialist in the Free French Forces in Chad and Fran\u00e7ois Jacob,<\/li>\n\n\n\n<li><strong>Rapha\u00eble<\/strong><strong>&nbsp;Balu<\/strong>, Andr\u00e9 Lwoff, researcher at the Service Historique de la D\u00e9fense, specialising in the French Resistance.<\/li>\n<\/ul>\n\n\n\n<p>Time for discussion with the audience.<\/p>\n\n\n\n<p><strong>12h00-<\/strong><strong>13h00<\/strong>&nbsp;Signing of reference works on the day's theme<\/p>\n\n\n\n<p><strong>1pm-2pm<\/strong>&nbsp;Lunch break<\/p>\n\n\n\n<p><strong>2pm - Session&nbsp;<\/strong><strong>2<\/strong><strong>&nbsp;<\/strong><strong>-<\/strong><strong>&nbsp;<\/strong><strong>Pasteur in the world: network, centres and peripheries<\/strong><\/p>\n\n\n\n<p>Keynote speaker: Anne-Marie Moulin, philosopher, doctor and Pasteur network specialist<\/p>\n\n\n\n<p>Round table:<\/p>\n\n\n\n<ul class=\"wp-block-list\">\n<li><strong>Claire<\/strong><strong>&nbsp;Fredj<\/strong>, a lecturer at the University of Paris-Nanterre, specialising in public health in colonial Algeria, Institut Pasteur d'Alger during the Second World War.<\/li>\n\n\n\n<li><strong>Laure Humbert<\/strong>, Marie-Luce Desgrandchamps, University of Geneva, specialist in humanitarian medicine, Institut Pasteur de Brazzaville.<\/li>\n\n\n\n<li><strong>No\u00ebl Tordo<\/strong>, Director of the Institut Pasteur de Guin\u00e9e<\/li>\n\n\n\n<li><strong>Rebecca&nbsp;<\/strong><strong>Gr<\/strong><strong>a<\/strong><strong>is<\/strong>, Executive Director of the Pasteur network<\/li>\n<\/ul>\n\n\n\n<p>Time for discussion with the audience.<\/p>\n\n\n\n<p><strong>15h30<\/strong>&nbsp;Pause<\/p>\n\n\n\n<p><strong>15h45<\/strong>&nbsp;-&nbsp;<strong>Session&nbsp;<\/strong><strong>3<\/strong><strong>&nbsp;<\/strong><strong>-<\/strong><strong>&nbsp;<\/strong><strong>Researchers: d<\/strong><strong>he shadow of the labs in the fight for health<\/strong><strong>&nbsp;<\/strong><strong>global<\/strong><\/p>\n\n\n\n<p>Keynote speaker: Fran\u00e7oise Barr\u00e9-Sinoussi* (to be confirmed)<\/p>\n\n\n\n<p>Round table<\/p>\n\n\n\n<ul class=\"wp-block-list\">\n<li><strong>Jean-Charles&nbsp;<\/strong><strong>Foucrier<\/strong>, a researcher at the Service Historique de la D\u00e9fense, specialising in scientists at war, and H\u00e9l\u00e8ne Germa-Sparrow<\/li>\n\n\n\n<li><strong>Charles-Antoine&nbsp;<\/strong><strong>Wanecq<\/strong>, a post-doctoral researcher at the IEP in Lille, specialising in care and health practices, and Lucie Randoin<\/li>\n\n\n\n<li><strong>Sandra Legout<\/strong>, Institut Pasteur's historical archives referent<\/li>\n\n\n\n<li><strong>Aude Bernheim<\/strong>, microbiologist, head of the \u00abMolecular Diversity of Microbes\u00bb group, Institut Pasteur<\/li>\n<\/ul>\n\n\n\n<p>Time for discussion with the audience.<\/p>\n\n\n\n<p><strong>17h00&nbsp;<\/strong>- Summary and conclusion of the day: Nicolas Chevassus-au-Louis<\/p>\n\n\n\n<p>The conference is due to end at 5.30pm.<\/p>","protected":false},"author":343,"featured_media":0,"menu_order":0,"comment_status":"closed","ping_status":"closed","template":"","meta":{"_acf_changed":false,"inline_featured_image":false},"tags":[],"event_type":[8],"event_type_2":[],"class_list":["post-38680","ajde_events","type-ajde_events","status-publish","hentry","event_location-institut-pasteur","event_type-hors-les-murs"],"acf":[],"yoast_head":"<!-- This site is optimized with the Yoast SEO plugin v27.5 - https:\/\/yoast.com\/product\/yoast-seo-wordpress\/ -->\n<title>Journ\u00e9e d&#039;\u00e9tudes Institut Pasteur : \u00ab Chercheurs et citoyens : la preuve par l&#039;engagement \u00bb (intervention de Claire Miot) - Mesopolhis<\/title>\n<meta name=\"robots\" content=\"index, follow, max-snippet:-1, max-image-preview:large, max-video-preview:-1\" \/>\n<link rel=\"canonical\" href=\"https:\/\/mesopolhis.fr\/en\/blog\/events\/institut-pasteur-study-day-researchers-and-citizens-the-proof-of-commitment-speech-by-claire-miot\/\" \/>\n<meta property=\"og:locale\" content=\"en_GB\" \/>\n<meta property=\"og:type\" content=\"article\" \/>\n<meta property=\"og:title\" content=\"Journ\u00e9e d&#039;\u00e9tudes Institut Pasteur : \u00ab Chercheurs et citoyens : la preuve par l&#039;engagement \u00bb (intervention de Claire Miot) - Mesopolhis\" \/>\n<meta property=\"og:description\" content=\"Mercredi 10 d\u00e9cembre 2025 | 9h30 &#8211; 17h30 | Institut Pasteur (205 rue de Vaugirard, 75015 Paris) L&rsquo;Institut Pasteur vous invite \u00e0 participer \u00e0 un colloque international exceptionnel, organis\u00e9 \u00e0 l\u2019occasion du 60e anniversaire de l\u2019attribution des prix Nobel \u00e0 Fran\u00e7ois Jacob (1920-2013), Jacques Monod (1910-1976) et Andr\u00e9 Lwoff (1902-1994). Ce colloque sera non seulement&hellip;\" \/>\n<meta property=\"og:url\" content=\"https:\/\/mesopolhis.fr\/en\/blog\/events\/institut-pasteur-study-day-researchers-and-citizens-the-proof-of-commitment-speech-by-claire-miot\/\" \/>\n<meta property=\"og:site_name\" content=\"Mesopolhis\" \/>\n<meta property=\"article:modified_time\" content=\"2025-11-20T10:38:45+00:00\" \/>\n<meta name=\"twitter:card\" content=\"summary_large_image\" \/>\n<meta name=\"twitter:label1\" content=\"Estimated reading time\" \/>\n\t<meta name=\"twitter:data1\" content=\"2 minutes\" \/>\n<script type=\"application\/ld+json\" class=\"yoast-schema-graph\">{\"@context\":\"https:\\\/\\\/schema.org\",\"@graph\":[{\"@type\":\"WebPage\",\"@id\":\"https:\\\/\\\/mesopolhis.fr\\\/blog\\\/events\\\/journee-etudes-institut-pasteur-chercheurs-et-citoyens-la-preuve-par-l-engagement-intervention-de-claire-miot\\\/\",\"url\":\"https:\\\/\\\/mesopolhis.fr\\\/blog\\\/events\\\/journee-etudes-institut-pasteur-chercheurs-et-citoyens-la-preuve-par-l-engagement-intervention-de-claire-miot\\\/\",\"name\":\"Journ\u00e9e d'\u00e9tudes Institut Pasteur : \u00ab Chercheurs et citoyens : la preuve par l'engagement \u00bb (intervention de Claire Miot) - Mesopolhis\",\"isPartOf\":{\"@id\":\"https:\\\/\\\/mesopolhis.fr\\\/#website\"},\"datePublished\":\"2025-11-20T10:30:08+00:00\",\"dateModified\":\"2025-11-20T10:38:45+00:00\",\"breadcrumb\":{\"@id\":\"https:\\\/\\\/mesopolhis.fr\\\/blog\\\/events\\\/journee-etudes-institut-pasteur-chercheurs-et-citoyens-la-preuve-par-l-engagement-intervention-de-claire-miot\\\/#breadcrumb\"},\"inLanguage\":\"en-GB\",\"potentialAction\":[{\"@type\":\"ReadAction\",\"target\":[\"https:\\\/\\\/mesopolhis.fr\\\/blog\\\/events\\\/journee-etudes-institut-pasteur-chercheurs-et-citoyens-la-preuve-par-l-engagement-intervention-de-claire-miot\\\/\"]}]},{\"@type\":\"BreadcrumbList\",\"@id\":\"https:\\\/\\\/mesopolhis.fr\\\/blog\\\/events\\\/journee-etudes-institut-pasteur-chercheurs-et-citoyens-la-preuve-par-l-engagement-intervention-de-claire-miot\\\/#breadcrumb\",\"itemListElement\":[{\"@type\":\"ListItem\",\"position\":1,\"name\":\"Accueil\",\"item\":\"https:\\\/\\\/mesopolhis.fr\\\/\"},{\"@type\":\"ListItem\",\"position\":2,\"name\":\"Les \u00e9v\u00e9nements\",\"item\":\"https:\\\/\\\/mesopolhis.fr\\\/blog\\\/events\\\/\"},{\"@type\":\"ListItem\",\"position\":3,\"name\":\"Journ\u00e9e d&rsquo;\u00e9tudes Institut Pasteur : \u00ab Chercheurs et citoyens : la preuve par l&rsquo;engagement \u00bb (intervention de Claire Miot)\"}]},{\"@type\":\"WebSite\",\"@id\":\"https:\\\/\\\/mesopolhis.fr\\\/#website\",\"url\":\"https:\\\/\\\/mesopolhis.fr\\\/\",\"name\":\"Mesopolhis\",\"description\":\"Centre m\u00e9diterran\u00e9en de sociologie, de science politique et d&#039;histoire\",\"publisher\":{\"@id\":\"https:\\\/\\\/mesopolhis.fr\\\/#organization\"},\"potentialAction\":[{\"@type\":\"SearchAction\",\"target\":{\"@type\":\"EntryPoint\",\"urlTemplate\":\"https:\\\/\\\/mesopolhis.fr\\\/?s={search_term_string}\"},\"query-input\":{\"@type\":\"PropertyValueSpecification\",\"valueRequired\":true,\"valueName\":\"search_term_string\"}}],\"inLanguage\":\"en-GB\"},{\"@type\":\"Organization\",\"@id\":\"https:\\\/\\\/mesopolhis.fr\\\/#organization\",\"name\":\"Mesopolhis\",\"url\":\"https:\\\/\\\/mesopolhis.fr\\\/\",\"logo\":{\"@type\":\"ImageObject\",\"inLanguage\":\"en-GB\",\"@id\":\"https:\\\/\\\/mesopolhis.fr\\\/#\\\/schema\\\/logo\\\/image\\\/\",\"url\":\"https:\\\/\\\/mesopolhis.fr\\\/wp-content\\\/uploads\\\/2021\\\/12\\\/Logo_MESOPOLHIS_Quadri.png\",\"contentUrl\":\"https:\\\/\\\/mesopolhis.fr\\\/wp-content\\\/uploads\\\/2021\\\/12\\\/Logo_MESOPOLHIS_Quadri.png\",\"width\":264,\"height\":69,\"caption\":\"Mesopolhis\"},\"image\":{\"@id\":\"https:\\\/\\\/mesopolhis.fr\\\/#\\\/schema\\\/logo\\\/image\\\/\"}}]}<\/script>\n<!-- \/ Yoast SEO plugin. -->","yoast_head_json":{"title":"Institut Pasteur study day: \u00abResearchers and citizens: proof through commitment\u00bb (speech by Claire Miot) - Mesopolhis","robots":{"index":"index","follow":"follow","max-snippet":"max-snippet:-1","max-image-preview":"max-image-preview:large","max-video-preview":"max-video-preview:-1"},"canonical":"https:\/\/mesopolhis.fr\/en\/blog\/events\/institut-pasteur-study-day-researchers-and-citizens-the-proof-of-commitment-speech-by-claire-miot\/","og_locale":"en_GB","og_type":"article","og_title":"Journ\u00e9e d'\u00e9tudes Institut Pasteur : \u00ab Chercheurs et citoyens : la preuve par l'engagement \u00bb (intervention de Claire Miot) - Mesopolhis","og_description":"Mercredi 10 d\u00e9cembre 2025 | 9h30 &#8211; 17h30 | Institut Pasteur (205 rue de Vaugirard, 75015 Paris) L&rsquo;Institut Pasteur vous invite \u00e0 participer \u00e0 un colloque international exceptionnel, organis\u00e9 \u00e0 l\u2019occasion du 60e anniversaire de l\u2019attribution des prix Nobel \u00e0 Fran\u00e7ois Jacob (1920-2013), Jacques Monod (1910-1976) et Andr\u00e9 Lwoff (1902-1994). Ce colloque sera non seulement&hellip;","og_url":"https:\/\/mesopolhis.fr\/en\/blog\/events\/institut-pasteur-study-day-researchers-and-citizens-the-proof-of-commitment-speech-by-claire-miot\/","og_site_name":"Mesopolhis","article_modified_time":"2025-11-20T10:38:45+00:00","twitter_card":"summary_large_image","twitter_misc":{"Estimated reading time":"2 minutes"},"schema":{"@context":"https:\/\/schema.org","@graph":[{"@type":"WebPage","@id":"https:\/\/mesopolhis.fr\/blog\/events\/journee-etudes-institut-pasteur-chercheurs-et-citoyens-la-preuve-par-l-engagement-intervention-de-claire-miot\/","url":"https:\/\/mesopolhis.fr\/blog\/events\/journee-etudes-institut-pasteur-chercheurs-et-citoyens-la-preuve-par-l-engagement-intervention-de-claire-miot\/","name":"Institut Pasteur study day: \u00abResearchers and citizens: proof through commitment\u00bb (speech by Claire Miot) - Mesopolhis","isPartOf":{"@id":"https:\/\/mesopolhis.fr\/#website"},"datePublished":"2025-11-20T10:30:08+00:00","dateModified":"2025-11-20T10:38:45+00:00","breadcrumb":{"@id":"https:\/\/mesopolhis.fr\/blog\/events\/journee-etudes-institut-pasteur-chercheurs-et-citoyens-la-preuve-par-l-engagement-intervention-de-claire-miot\/#breadcrumb"},"inLanguage":"en-GB","potentialAction":[{"@type":"ReadAction","target":["https:\/\/mesopolhis.fr\/blog\/events\/journee-etudes-institut-pasteur-chercheurs-et-citoyens-la-preuve-par-l-engagement-intervention-de-claire-miot\/"]}]},{"@type":"BreadcrumbList","@id":"https:\/\/mesopolhis.fr\/blog\/events\/journee-etudes-institut-pasteur-chercheurs-et-citoyens-la-preuve-par-l-engagement-intervention-de-claire-miot\/#breadcrumb","itemListElement":[{"@type":"ListItem","position":1,"name":"Accueil","item":"https:\/\/mesopolhis.fr\/"},{"@type":"ListItem","position":2,"name":"Les \u00e9v\u00e9nements","item":"https:\/\/mesopolhis.fr\/blog\/events\/"},{"@type":"ListItem","position":3,"name":"Journ\u00e9e d&rsquo;\u00e9tudes Institut Pasteur : \u00ab Chercheurs et citoyens : la preuve par l&rsquo;engagement \u00bb (intervention de Claire Miot)"}]},{"@type":"WebSite","@id":"https:\/\/mesopolhis.fr\/#website","url":"https:\/\/mesopolhis.fr\/","name":"Mesopolhis","description":"Mediterranean Centre for Sociology, Political Science and History","publisher":{"@id":"https:\/\/mesopolhis.fr\/#organization"},"potentialAction":[{"@type":"SearchAction","target":{"@type":"EntryPoint","urlTemplate":"https:\/\/mesopolhis.fr\/?s={search_term_string}"},"query-input":{"@type":"PropertyValueSpecification","valueRequired":true,"valueName":"search_term_string"}}],"inLanguage":"en-GB"},{"@type":"Organization","@id":"https:\/\/mesopolhis.fr\/#organization","name":"Mesopolhis","url":"https:\/\/mesopolhis.fr\/","logo":{"@type":"ImageObject","inLanguage":"en-GB","@id":"https:\/\/mesopolhis.fr\/#\/schema\/logo\/image\/","url":"https:\/\/mesopolhis.fr\/wp-content\/uploads\/2021\/12\/Logo_MESOPOLHIS_Quadri.png","contentUrl":"https:\/\/mesopolhis.fr\/wp-content\/uploads\/2021\/12\/Logo_MESOPOLHIS_Quadri.png","width":264,"height":69,"caption":"Mesopolhis"},"image":{"@id":"https:\/\/mesopolhis.fr\/#\/schema\/logo\/image\/"}}]}},"_links":{"self":[{"href":"https:\/\/mesopolhis.fr\/en\/wp-json\/wp\/v2\/ajde_events\/38680","targetHints":{"allow":["GET"]}}],"collection":[{"href":"https:\/\/mesopolhis.fr\/en\/wp-json\/wp\/v2\/ajde_events"}],"about":[{"href":"https:\/\/mesopolhis.fr\/en\/wp-json\/wp\/v2\/types\/ajde_events"}],"author":[{"embeddable":true,"href":"https:\/\/mesopolhis.fr\/en\/wp-json\/wp\/v2\/users\/343"}],"replies":[{"embeddable":true,"href":"https:\/\/mesopolhis.fr\/en\/wp-json\/wp\/v2\/comments?post=38680"}],"wp:attachment":[{"href":"https:\/\/mesopolhis.fr\/en\/wp-json\/wp\/v2\/media?parent=38680"}],"wp:term":[{"taxonomy":"post_tag","embeddable":true,"href":"https:\/\/mesopolhis.fr\/en\/wp-json\/wp\/v2\/tags?post=38680"},{"taxonomy":"event_type","embeddable":true,"href":"https:\/\/mesopolhis.fr\/en\/wp-json\/wp\/v2\/event_type?post=38680"},{"taxonomy":"event_type_2","embeddable":true,"href":"https:\/\/mesopolhis.fr\/en\/wp-json\/wp\/v2\/event_type_2?post=38680"}],"curies":[{"name":"wp","href":"https:\/\/api.w.org\/{rel}","templated":true}]}}