{"id":37739,"date":"2025-08-22T10:23:27","date_gmt":"2025-08-22T08:23:27","guid":{"rendered":"https:\/\/mesopolhis.fr\/blog\/events\/seminaire-axe-1-12-decembre-2025\/"},"modified":"2025-12-04T17:21:10","modified_gmt":"2025-12-04T16:21:10","slug":"seminar-axis-1-digital-technology-across-the-life-cycle","status":"publish","type":"ajde_events","link":"https:\/\/mesopolhis.fr\/en\/blog\/events\/seminar-axis-1-digital-technology-across-the-life-cycle\/","title":{"rendered":"Axis 1 seminar: \u00abDigital technology across the lifespan\u00bb"},"content":{"rendered":"\n<h3 class=\"wp-block-heading has-medium-font-size\"><strong>Vendredi 12 d\u00e9cembre 2025 | 9h-13h | Mmsh, salle PAF + visio<\/strong><\/h3>\n\n\n\n<p>Matin\u00e9e organis\u00e9e en partenariat avec le p\u00f4le Socialisation, \u00e9ducation familiale et alliances \u00e9ducatives (SEFAE) de l\u2019IUT Nord Franche-Comt\u00e9.<\/p>\n\n\n\n<p>Interventions :<\/p>\n\n\n\n<p>&#8211;&nbsp;<strong>Annie Lasne<\/strong>, ma\u00eetresse de conf\u00e9rences en sociologie de l&rsquo;\u00e9ducation, Universit\u00e9 Marie et Louis Pasteur, Franche-Comt\u00e9 (Laboratoire C3S), <strong><a href=\"https:\/\/mesopolhis.fr\/blog\/membres\/chapon-nathalie\/\"><mark style=\"background-color:#f2f2f2\" class=\"has-inline-color has-fl-accent-color\">Nathalie Chapon<\/mark><\/a><\/strong>, professeure des universit\u00e9s en sciences de l&rsquo;\u00e9ducation, Universit\u00e9 Marie et Louis Pasteur, Franche-Comt\u00e9 (SEFAE-Laboratoire de Psychologie de Besan\u00e7on, MESOPOLHIS, ODPE) : <em><strong>ENT et relation \u00e9cole-famille&nbsp;: communiquer ou co-\u00e9duquer&nbsp;? &nbsp;&nbsp;<\/strong><\/em><\/p>\n\n\n\n<p>&#8211; <strong><a href=\"https:\/\/mesopolhis.fr\/blog\/membres\/demory-matthieu\/\"><mark style=\"background-color:#f2f2f2\" class=\"has-inline-color has-fl-accent-color\">Matthieu Demory<\/mark><\/a><\/strong>, , chercheur postdoctoral en sociologie et sciences de l&rsquo;\u00e9ducation (ADEF, \u00e9quipe pilote E-Cit\u00e9-AMPIRIC, MESOPOLHIS), <strong>Perrine Martin<\/strong><em>, <\/em>ma\u00eetresse de conf\u00e9rences HDR \u00e0 Aix-Marseille Universit\u00e9 (ADEF, \u00e9quipe pilote E Cit\u00e9-AMPIRIC) : <em><strong>Capital num\u00e9rique : une approche sociocritique de la relation \u00e0 la culture num\u00e9rique chez les adolescents<\/strong><\/em><\/p>\n\n\n\n<p>&#8211; <strong><a href=\"https:\/\/mesopolhis.fr\/blog\/membres\/chamahian-aline\/\"><mark style=\"background-color:#f2f2f2\" class=\"has-inline-color has-fl-accent-color\">Aline Chamahian<\/mark><\/a><\/strong>, maitresse de conf\u00e9rences en sociologie \u00e0 Aix-Marseille Universit\u00e9 (MESOPOLHIS, CeRIES) : <strong><em>Rapports au num\u00e9rique et rapports au monde \u00e0 l&rsquo;heure de la vieillesse<\/em><\/strong> (r\u00e9sultats construits en collaboration avec Vincent Caradec, S\u00e9gol\u00e8ne Petite et Sophie Colas)<\/p>\n\n\n\n<p>&#8211; <strong>C\u00e9line Scola<\/strong>, , ma\u00eetresse de conf\u00e9rences \u00e0 Aix-Marseille Universit\u00e9 (Centre Psycl\u00e9) : <em><strong>Impact de l\u2019usage maternel du mobile sur les interactions pr\u00e9coces avec le nourrisson<\/strong><\/em><\/p>\n\n\n\n<p><strong>Format hybride : <\/strong>lien disponible dans la rubrique \u00ab\u00a0D\u00e9tails de l&rsquo;\u00e9v\u00e9nement en ligne\u00a0\u00bb ci-dessous. <strong>Merci de bien vouloir informer les responsables de l\u2019axe 1 de votre pr\u00e9sence si vous souhaitez assister au s\u00e9minaire <mark style=\"background-color:#f2f2f2\" class=\"has-inline-color has-fl-accent-color\">herilalaina.rakoto-raharimanana[at]univ-amu.fr<\/mark> &amp; <mark style=\"background-color:#f2f2f2\" class=\"has-inline-color has-fl-accent-color\">nathalie.chapon[at]univ-amu.fr<\/mark>.<\/strong><\/p>\n","protected":false},"author":343,"featured_media":0,"menu_order":0,"comment_status":"closed","ping_status":"closed","template":"","meta":{"_acf_changed":false,"inline_featured_image":false},"tags":[59],"event_type":[3],"event_type_2":[],"class_list":["post-37739","ajde_events","type-ajde_events","status-publish","hentry","tag-a-la-une","event_location-mmsh-salle-paf","event_type-autres"],"acf":[],"yoast_head":"<!-- This site is optimized with the Yoast SEO plugin v27.5 - https:\/\/yoast.com\/product\/yoast-seo-wordpress\/ -->\n<title>S\u00e9minaire axe 1 : \u00ab Le Num\u00e9rique \u00e0 travers les \u00e2ges de la vie \u00bb - Mesopolhis<\/title>\n<meta name=\"robots\" content=\"index, follow, max-snippet:-1, max-image-preview:large, max-video-preview:-1\" \/>\n<link rel=\"canonical\" href=\"https:\/\/mesopolhis.fr\/en\/blog\/events\/seminar-axis-1-digital-technology-across-the-life-cycle\/\" \/>\n<meta property=\"og:locale\" content=\"en_GB\" \/>\n<meta property=\"og:type\" content=\"article\" \/>\n<meta property=\"og:title\" content=\"S\u00e9minaire axe 1 : \u00ab Le Num\u00e9rique \u00e0 travers les \u00e2ges de la vie \u00bb - Mesopolhis\" \/>\n<meta property=\"og:description\" content=\"Vendredi 12 d\u00e9cembre 2025 | 9h-13h | Mmsh, salle PAF + visio Matin\u00e9e organis\u00e9e en partenariat avec le p\u00f4le Socialisation, \u00e9ducation familiale et alliances \u00e9ducatives (SEFAE) de l\u2019IUT Nord Franche-Comt\u00e9. Interventions : &#8211;&nbsp;Annie Lasne, ma\u00eetresse de conf\u00e9rences en sociologie de l&rsquo;\u00e9ducation, Universit\u00e9 Marie et Louis Pasteur, Franche-Comt\u00e9 (Laboratoire C3S), Nathalie Chapon, professeure des universit\u00e9s en&hellip;\" \/>\n<meta property=\"og:url\" content=\"https:\/\/mesopolhis.fr\/en\/blog\/events\/seminar-axis-1-digital-technology-across-the-life-cycle\/\" \/>\n<meta property=\"og:site_name\" content=\"Mesopolhis\" \/>\n<meta property=\"article:modified_time\" content=\"2025-12-04T16:21:10+00:00\" \/>\n<meta name=\"twitter:card\" content=\"summary_large_image\" \/>\n<meta name=\"twitter:label1\" content=\"Estimated reading time\" \/>\n\t<meta name=\"twitter:data1\" content=\"2 minutes\" \/>\n<script type=\"application\/ld+json\" class=\"yoast-schema-graph\">{\"@context\":\"https:\\\/\\\/schema.org\",\"@graph\":[{\"@type\":\"WebPage\",\"@id\":\"https:\\\/\\\/mesopolhis.fr\\\/blog\\\/events\\\/seminaire-axe-1-le-numerique-a-travers-les-ages-de-la-vie\\\/\",\"url\":\"https:\\\/\\\/mesopolhis.fr\\\/blog\\\/events\\\/seminaire-axe-1-le-numerique-a-travers-les-ages-de-la-vie\\\/\",\"name\":\"S\u00e9minaire axe 1 : \u00ab Le Num\u00e9rique \u00e0 travers les \u00e2ges de la vie \u00bb - Mesopolhis\",\"isPartOf\":{\"@id\":\"https:\\\/\\\/mesopolhis.fr\\\/#website\"},\"datePublished\":\"2025-08-22T08:23:27+00:00\",\"dateModified\":\"2025-12-04T16:21:10+00:00\",\"breadcrumb\":{\"@id\":\"https:\\\/\\\/mesopolhis.fr\\\/blog\\\/events\\\/seminaire-axe-1-le-numerique-a-travers-les-ages-de-la-vie\\\/#breadcrumb\"},\"inLanguage\":\"en-GB\",\"potentialAction\":[{\"@type\":\"ReadAction\",\"target\":[\"https:\\\/\\\/mesopolhis.fr\\\/blog\\\/events\\\/seminaire-axe-1-le-numerique-a-travers-les-ages-de-la-vie\\\/\"]}]},{\"@type\":\"BreadcrumbList\",\"@id\":\"https:\\\/\\\/mesopolhis.fr\\\/blog\\\/events\\\/seminaire-axe-1-le-numerique-a-travers-les-ages-de-la-vie\\\/#breadcrumb\",\"itemListElement\":[{\"@type\":\"ListItem\",\"position\":1,\"name\":\"Accueil\",\"item\":\"https:\\\/\\\/mesopolhis.fr\\\/\"},{\"@type\":\"ListItem\",\"position\":2,\"name\":\"Les \u00e9v\u00e9nements\",\"item\":\"https:\\\/\\\/mesopolhis.fr\\\/blog\\\/events\\\/\"},{\"@type\":\"ListItem\",\"position\":3,\"name\":\"S\u00e9minaire axe 1 : \u00ab Le Num\u00e9rique \u00e0 travers les \u00e2ges de la vie \u00bb\"}]},{\"@type\":\"WebSite\",\"@id\":\"https:\\\/\\\/mesopolhis.fr\\\/#website\",\"url\":\"https:\\\/\\\/mesopolhis.fr\\\/\",\"name\":\"Mesopolhis\",\"description\":\"Centre m\u00e9diterran\u00e9en de sociologie, de science politique et d&#039;histoire\",\"publisher\":{\"@id\":\"https:\\\/\\\/mesopolhis.fr\\\/#organization\"},\"potentialAction\":[{\"@type\":\"SearchAction\",\"target\":{\"@type\":\"EntryPoint\",\"urlTemplate\":\"https:\\\/\\\/mesopolhis.fr\\\/?s={search_term_string}\"},\"query-input\":{\"@type\":\"PropertyValueSpecification\",\"valueRequired\":true,\"valueName\":\"search_term_string\"}}],\"inLanguage\":\"en-GB\"},{\"@type\":\"Organization\",\"@id\":\"https:\\\/\\\/mesopolhis.fr\\\/#organization\",\"name\":\"Mesopolhis\",\"url\":\"https:\\\/\\\/mesopolhis.fr\\\/\",\"logo\":{\"@type\":\"ImageObject\",\"inLanguage\":\"en-GB\",\"@id\":\"https:\\\/\\\/mesopolhis.fr\\\/#\\\/schema\\\/logo\\\/image\\\/\",\"url\":\"https:\\\/\\\/mesopolhis.fr\\\/wp-content\\\/uploads\\\/2021\\\/12\\\/Logo_MESOPOLHIS_Quadri.png\",\"contentUrl\":\"https:\\\/\\\/mesopolhis.fr\\\/wp-content\\\/uploads\\\/2021\\\/12\\\/Logo_MESOPOLHIS_Quadri.png\",\"width\":264,\"height\":69,\"caption\":\"Mesopolhis\"},\"image\":{\"@id\":\"https:\\\/\\\/mesopolhis.fr\\\/#\\\/schema\\\/logo\\\/image\\\/\"}}]}<\/script>\n<!-- \/ Yoast SEO plugin. -->","yoast_head_json":{"title":"Axis 1 seminar: \u00abDigital technology across the lifespan\u00bb - Mesopolhis","robots":{"index":"index","follow":"follow","max-snippet":"max-snippet:-1","max-image-preview":"max-image-preview:large","max-video-preview":"max-video-preview:-1"},"canonical":"https:\/\/mesopolhis.fr\/en\/blog\/events\/seminar-axis-1-digital-technology-across-the-life-cycle\/","og_locale":"en_GB","og_type":"article","og_title":"S\u00e9minaire axe 1 : \u00ab Le Num\u00e9rique \u00e0 travers les \u00e2ges de la vie \u00bb - Mesopolhis","og_description":"Vendredi 12 d\u00e9cembre 2025 | 9h-13h | Mmsh, salle PAF + visio Matin\u00e9e organis\u00e9e en partenariat avec le p\u00f4le Socialisation, \u00e9ducation familiale et alliances \u00e9ducatives (SEFAE) de l\u2019IUT Nord Franche-Comt\u00e9. Interventions : &#8211;&nbsp;Annie Lasne, ma\u00eetresse de conf\u00e9rences en sociologie de l&rsquo;\u00e9ducation, Universit\u00e9 Marie et Louis Pasteur, Franche-Comt\u00e9 (Laboratoire C3S), Nathalie Chapon, professeure des universit\u00e9s en&hellip;","og_url":"https:\/\/mesopolhis.fr\/en\/blog\/events\/seminar-axis-1-digital-technology-across-the-life-cycle\/","og_site_name":"Mesopolhis","article_modified_time":"2025-12-04T16:21:10+00:00","twitter_card":"summary_large_image","twitter_misc":{"Estimated reading time":"2 minutes"},"schema":{"@context":"https:\/\/schema.org","@graph":[{"@type":"WebPage","@id":"https:\/\/mesopolhis.fr\/blog\/events\/seminaire-axe-1-le-numerique-a-travers-les-ages-de-la-vie\/","url":"https:\/\/mesopolhis.fr\/blog\/events\/seminaire-axe-1-le-numerique-a-travers-les-ages-de-la-vie\/","name":"Axis 1 seminar: \u00abDigital technology across the lifespan\u00bb - Mesopolhis","isPartOf":{"@id":"https:\/\/mesopolhis.fr\/#website"},"datePublished":"2025-08-22T08:23:27+00:00","dateModified":"2025-12-04T16:21:10+00:00","breadcrumb":{"@id":"https:\/\/mesopolhis.fr\/blog\/events\/seminaire-axe-1-le-numerique-a-travers-les-ages-de-la-vie\/#breadcrumb"},"inLanguage":"en-GB","potentialAction":[{"@type":"ReadAction","target":["https:\/\/mesopolhis.fr\/blog\/events\/seminaire-axe-1-le-numerique-a-travers-les-ages-de-la-vie\/"]}]},{"@type":"BreadcrumbList","@id":"https:\/\/mesopolhis.fr\/blog\/events\/seminaire-axe-1-le-numerique-a-travers-les-ages-de-la-vie\/#breadcrumb","itemListElement":[{"@type":"ListItem","position":1,"name":"Accueil","item":"https:\/\/mesopolhis.fr\/"},{"@type":"ListItem","position":2,"name":"Les \u00e9v\u00e9nements","item":"https:\/\/mesopolhis.fr\/blog\/events\/"},{"@type":"ListItem","position":3,"name":"S\u00e9minaire axe 1 : \u00ab Le Num\u00e9rique \u00e0 travers les \u00e2ges de la vie \u00bb"}]},{"@type":"WebSite","@id":"https:\/\/mesopolhis.fr\/#website","url":"https:\/\/mesopolhis.fr\/","name":"Mesopolhis","description":"Mediterranean Centre for Sociology, Political Science and History","publisher":{"@id":"https:\/\/mesopolhis.fr\/#organization"},"potentialAction":[{"@type":"SearchAction","target":{"@type":"EntryPoint","urlTemplate":"https:\/\/mesopolhis.fr\/?s={search_term_string}"},"query-input":{"@type":"PropertyValueSpecification","valueRequired":true,"valueName":"search_term_string"}}],"inLanguage":"en-GB"},{"@type":"Organization","@id":"https:\/\/mesopolhis.fr\/#organization","name":"Mesopolhis","url":"https:\/\/mesopolhis.fr\/","logo":{"@type":"ImageObject","inLanguage":"en-GB","@id":"https:\/\/mesopolhis.fr\/#\/schema\/logo\/image\/","url":"https:\/\/mesopolhis.fr\/wp-content\/uploads\/2021\/12\/Logo_MESOPOLHIS_Quadri.png","contentUrl":"https:\/\/mesopolhis.fr\/wp-content\/uploads\/2021\/12\/Logo_MESOPOLHIS_Quadri.png","width":264,"height":69,"caption":"Mesopolhis"},"image":{"@id":"https:\/\/mesopolhis.fr\/#\/schema\/logo\/image\/"}}]}},"_links":{"self":[{"href":"https:\/\/mesopolhis.fr\/en\/wp-json\/wp\/v2\/ajde_events\/37739","targetHints":{"allow":["GET"]}}],"collection":[{"href":"https:\/\/mesopolhis.fr\/en\/wp-json\/wp\/v2\/ajde_events"}],"about":[{"href":"https:\/\/mesopolhis.fr\/en\/wp-json\/wp\/v2\/types\/ajde_events"}],"author":[{"embeddable":true,"href":"https:\/\/mesopolhis.fr\/en\/wp-json\/wp\/v2\/users\/343"}],"replies":[{"embeddable":true,"href":"https:\/\/mesopolhis.fr\/en\/wp-json\/wp\/v2\/comments?post=37739"}],"wp:attachment":[{"href":"https:\/\/mesopolhis.fr\/en\/wp-json\/wp\/v2\/media?parent=37739"}],"wp:term":[{"taxonomy":"post_tag","embeddable":true,"href":"https:\/\/mesopolhis.fr\/en\/wp-json\/wp\/v2\/tags?post=37739"},{"taxonomy":"event_type","embeddable":true,"href":"https:\/\/mesopolhis.fr\/en\/wp-json\/wp\/v2\/event_type?post=37739"},{"taxonomy":"event_type_2","embeddable":true,"href":"https:\/\/mesopolhis.fr\/en\/wp-json\/wp\/v2\/event_type_2?post=37739"}],"curies":[{"name":"wp","href":"https:\/\/api.w.org\/{rel}","templated":true}]}}