{"id":37638,"date":"2025-07-21T14:43:23","date_gmt":"2025-07-21T12:43:23","guid":{"rendered":"https:\/\/mesopolhis.fr\/blog\/events\/seminaire-axe-4-andre-donzel-explorer-marseille-de-la-cite-a-la-metropole-pup-2025\/"},"modified":"2025-12-17T10:47:12","modified_gmt":"2025-12-17T09:47:12","slug":"seminar-axes-4-urban-studies-andre-donzel-marseille","status":"publish","type":"ajde_events","link":"https:\/\/mesopolhis.fr\/en\/blog\/events\/seminar-axes-4-urban-studies-andre-donzel-marseille\/","title":{"rendered":"Axis 4 &amp; Urban Studies seminar: \u00abVivre et penser la m\u00e9tropole marseillaise en sociologue\u00bb, in honour of Andr\u00e9 Donzel and presentation of his book \u00abExplorer Marseille. De la cit\u00e9 \u00e0 la m\u00e9tropole\u00bb.\u00bb"},"content":{"rendered":"\n<h3 class=\"wp-block-heading has-medium-font-size\"><strong>Jeudi 18 d\u00e9cembre 2025 | 10h &#8211; 12h30 | Mmsh, salle Duby + visio<\/strong><\/h3>\n\n\n\n<p>\u00c9v\u00e9nement organis\u00e9 par <a href=\"https:\/\/mesopolhis.fr\/recherche\/axe-4-dynamiques-socio-spatiales-et-mobilisations-politiques\/\"><mark style=\"background-color:#f2f2f2\" class=\"has-inline-color has-fl-accent-color\">l\u2019axe 4 \u00ab&nbsp;Dynamiques socio-spatiales, mobilisations politiques&nbsp;\u00bb<\/mark><\/a> et <a href=\"https:\/\/mesopolhis.fr\/recherche\/axe-transversal-etudes-urbaines\/\"><mark style=\"background-color:#f2f2f2\" class=\"has-inline-color has-fl-accent-color\">l\u2019axe transversal \u00ab&nbsp;\u00c9tudes urbaines&nbsp;\u00bb<\/mark><\/a> du MESOPOLHIS.<\/p>\n\n\n<div class=\"wp-block-image\">\n<figure class=\"aligncenter size-full is-resized\"><img loading=\"lazy\" decoding=\"async\" width=\"455\" height=\"654\" src=\"https:\/\/mesopolhis.fr\/wp-content\/uploads\/2025\/07\/image-3.png\" alt=\"\" class=\"wp-image-38642\" style=\"aspect-ratio:0.6957301356046173;width:305px;height:auto\" srcset=\"https:\/\/mesopolhis.fr\/wp-content\/uploads\/2025\/07\/image-3.png 455w, https:\/\/mesopolhis.fr\/wp-content\/uploads\/2025\/07\/image-3-209x300.png 209w, https:\/\/mesopolhis.fr\/wp-content\/uploads\/2025\/07\/image-3-8x12.png 8w\" sizes=\"auto, (max-width: 455px) 100vw, 455px\" \/><\/figure>\n<\/div>\n\n\n<p>\u00c0 l\u2019occasion de la publication de son dernier ouvrage, nous accueillons le sociologue <strong>Andr\u00e9 Donzel<\/strong> qui, tout au long de sa carri\u00e8re, n\u2019a cess\u00e9 d\u2019<em><strong>Explorer Marseille de la cit\u00e9 \u00e0 la m\u00e9tropole<\/strong><\/em> pour reprendre le titre et le sous-titre du livre (Presses universitaires de Provence). Andr\u00e9 Donzel int\u00e8gre le CNRS en 1980 et le Laboratoire m\u00e9diterran\u00e9en de sociologie (LAMES) en 1998. Tout au long de sa trajectoire de recherche, il a publi\u00e9 une somme importante de travaux sur les processus de m\u00e9tropolisation \u00e0 Marseille&nbsp;: outre la direction de <em><strong>M\u00e9tropolisation, gouvernance et citoyennet\u00e9<\/strong><\/em> (Maisonneuve et Larose, 2001), il est l\u2019auteur d\u2019une trilogie sur les dynamiques urbaines marseillaises&nbsp;: <em><strong>Marseille l\u2019exp\u00e9rience de la cit\u00e9<\/strong><\/em> (Anthropos, 1998), <em><strong>Le Nouvel Esprit de Marseille<\/strong><\/em> (L\u2019Harmattan, 2014), qui se cl\u00f4t donc avec cet <em>Explorer Marseille<\/em> (PUP, 2025) [<a href=\"https:\/\/mediatec.hypotheses.org\/files\/2018\/07\/archives-de-chercheurs.pdf\"><mark style=\"background-color:#f2f2f2\" class=\"has-inline-color has-fl-accent-color\">voir aussi le Fonds Andr\u00e9 Donzel \u00e0 la m\u00e9diath\u00e8que de la MMSH<\/mark><\/a>].<\/p>\n\n\n\n<p>Cette s\u00e9ance est d\u00e9di\u00e9e \u00e0 la pr\u00e9sentation et \u00e0 la discussion de ce dernier ouvrage portant sur <strong>le paradigme de la cit\u00e9 marseillaise<\/strong> autant que sur <strong>son processus de m\u00e9tropolisation<\/strong>. Comment l\u2019\u00e9tude d\u2019un terrain, sur plusieurs d\u00e9cennies, peut contribuer, par mont\u00e9e en g\u00e9n\u00e9ralit\u00e9, \u00e0 des connaissances fines et approfondies sur les \u00e9volutions du pouvoir local, son r\u00e9gime urbain, son \u00e9conomie politique, ses recompositions institutionnelles, sa soci\u00e9t\u00e9 civile&nbsp;? Quel protocole de recherche permet d\u2019\u00e9chapper au localisme, et ici \u00e0 une certaine \u00ab&nbsp;marseillologie&nbsp;\u00bb qui, par idiosyncrasie, exceptionnaliserait le cas marseillais et constituerait une sorte de \u00ab&nbsp;<em>local trap<\/em>&nbsp;\u00bb \u00e9pist\u00e9mologique&nbsp;?<\/p>\n\n\n\n<p>La discussion de cette s\u00e9ance sera propos\u00e9e par <strong><a href=\"https:\/\/mesopolhis.fr\/blog\/membres\/benit-gbaffou-claire\/\"><mark style=\"background-color:#f2f2f2\" class=\"has-inline-color has-fl-accent-color\">Claire B\u00e9nit<\/mark><\/a><\/strong> (g\u00e9ographe-urbaniste, Aix-Marseille Universit\u00e9, MESOPOLHIS) et <strong>Nicolas Maisetti<\/strong> (sociologue, Universit\u00e9 Paris 8, LAVUE).<\/p>\n\n\n\n<p><strong><em>Cette pr\u00e9sentation est la premi\u00e8re des deux occasions de mise \u00e0 l\u2019honneur d\u2019Andr\u00e9 Donzel. La deuxi\u00e8me aura lieu courant 2026 et portera sur l\u2019histoire, les d\u00e9veloppements et les perspectives des sociologies urbaines marxistes fran\u00e7aises voire de celle qui a \u00e9t\u00e9 d\u00e9finie comme \u00e9tant une \u00ab&nbsp;\u00e9cole fran\u00e7aise de sociologie urbaine&nbsp;\u00bb.<\/em><\/strong><\/p>\n\n\n\n<h4 class=\"wp-block-heading\"><strong>Programme :<\/strong><\/h4>\n\n\n\n<p><strong>10h00-10h15. <\/strong>Introduction de la matin\u00e9e et pr\u00e9sentation du parcours d\u2019Andr\u00e9 Donzel par <a href=\"https:\/\/mesopolhis.fr\/blog\/membres\/mattina-cesare\/\"><mark style=\"background-color:#f2f2f2\" class=\"has-inline-color has-fl-accent-color\">Cesare Mattina<\/mark><\/a> et <a href=\"https:\/\/mesopolhis.fr\/blog\/membres\/chiousse-sylvie\/\"><mark style=\"background-color:#f2f2f2\" class=\"has-inline-color has-fl-accent-color\">Sylvie Chiousse<\/mark><\/a><\/p>\n\n\n\n<p><strong>10H15-11h00. <\/strong>Pr\u00e9sentation de l\u2019ouvrage d\u2019Andr\u00e9 Donzel, <em>Explorer Marseille. De la cit\u00e9 \u00e0 la m\u00e9tropole<\/em>, Aix-en-Provence, PUP<\/p>\n\n\n\n<p><strong>11h00-11h30. <\/strong>Discussion de l\u2019ouvrage par Claire B\u00e9nit et Nicolas Maisetti<\/p>\n\n\n\n<p><strong>11h30-12h30. <\/strong>Discussion-d\u00e9bat<\/p>\n\n\n\n<p><strong>Format hybride :<\/strong> lien disponible 3h avant le d\u00e9but du s\u00e9minaire dans la rubrique \u00ab D\u00e9tails de l&rsquo;\u00e9v\u00e9nement en ligne \u00bb ci-dessous.<\/p>\n\n\n\n<div class=\"wp-block-columns alignwide is-layout-flex wp-container-core-columns-is-layout-9d6595d7 wp-block-columns-is-layout-flex\">\n<div class=\"wp-block-column is-layout-flow wp-block-column-is-layout-flow\"><div class=\"wp-block-image\">\n<figure class=\"aligncenter size-full is-resized\"><img loading=\"lazy\" decoding=\"async\" width=\"416\" height=\"630\" src=\"https:\/\/mesopolhis.fr\/wp-content\/uploads\/2025\/07\/image-2.png\" alt=\"\" class=\"wp-image-38641\" style=\"aspect-ratio:0.6603295915930261;width:366px;height:auto\" srcset=\"https:\/\/mesopolhis.fr\/wp-content\/uploads\/2025\/07\/image-2.png 416w, https:\/\/mesopolhis.fr\/wp-content\/uploads\/2025\/07\/image-2-198x300.png 198w, https:\/\/mesopolhis.fr\/wp-content\/uploads\/2025\/07\/image-2-8x12.png 8w\" sizes=\"auto, (max-width: 416px) 100vw, 416px\" \/><\/figure>\n<\/div><\/div>\n<\/div>\n\n\n\n<p><strong>R\u00e9sum\u00e9 de l&rsquo;ouvrage : <\/strong><\/p>\n\n\n\n<p>Aussi loin que l&rsquo;on remonte dans son pass\u00e9, Marseille se d\u00e9finit comme une soci\u00e9t\u00e9 politique&nbsp;: une \u00ab&nbsp;cit\u00e9&nbsp;\u00bb, au sens hell\u00e9nistique du terme. Par-del\u00e0 les turbulences de vingt-six si\u00e8cles d&rsquo;histoire, le paradigme de la cit\u00e9 n&rsquo;a jamais cess\u00e9 d&rsquo;infuser dans la soci\u00e9t\u00e9 locale, dans ses structures spatiales, sociales, voire mentales, et l&rsquo;on peut encore trouver dans cette ville de nombreuses traces de cette matrice originelle. Les changements d&rsquo;\u00e9chelle op\u00e9r\u00e9s dans l&rsquo;urbanisation \u00e0 partir du XIX<sup>e<\/sup>&nbsp;si\u00e8cle ont cependant largement remis en cause les bases de la tradition civique marseillaise en termes territoriaux, \u00e9conomiques, sociaux et politiques. Un nouvel horizon institutionnel fait progressivement son apparition&nbsp;: la m\u00e9tropole. Officialis\u00e9 en 2014, le projet m\u00e9tropolitain reste n\u00e9anmoins controvers\u00e9. L&rsquo;am\u00e9lioration, r\u00e9elle, des performances \u00e9conomiques du bassin d&#8217;emploi au tournant du XXI<sup>e<\/sup>&nbsp;si\u00e8cle s&rsquo;accompagne d&rsquo;un accroissement continu des in\u00e9galit\u00e9s sociales et environnementales au sein de la m\u00e9tropole et d&rsquo;une centralisation sans pr\u00e9c\u00e9dent de l&rsquo;administration territoriale. La culture, dans ses diff\u00e9rentes manifestations, devient dans ce contexte un vecteur d\u00e9cisif de socialisation. Elle nourrit l&rsquo;attachement des Marseillais \u00e0 leur ville, favorise le consensus entre les diff\u00e9rentes composantes de la soci\u00e9t\u00e9 locale et renforce le&nbsp;<em>soft power<\/em>&nbsp;de la ville \u00e0 l&rsquo;\u00e9chelle nationale, voire internationale.<\/p>\n","protected":false},"author":343,"featured_media":38642,"menu_order":0,"comment_status":"closed","ping_status":"closed","template":"","meta":{"_acf_changed":false,"inline_featured_image":false},"tags":[59],"event_type":[3],"event_type_2":[],"class_list":["post-37638","ajde_events","type-ajde_events","status-publish","has-post-thumbnail","hentry","tag-a-la-une","event_location-mmsh-salle-duby","event_type-autres"],"acf":[],"yoast_head":"<!-- This site is optimized with the Yoast SEO plugin v27.5 - https:\/\/yoast.com\/product\/yoast-seo-wordpress\/ -->\n<title>S\u00e9minaire axes 4 &amp; \u00c9tudes urbaines : \u00ab\u00a0Vivre et penser la m\u00e9tropole marseillaise en sociologue\u00a0\u00bb, en l\u2019honneur d\u2019Andr\u00e9 Donzel et pr\u00e9sentation de son ouvrage &quot;Explorer Marseille. De la cit\u00e9 \u00e0 la m\u00e9tropole&quot; - Mesopolhis<\/title>\n<meta name=\"robots\" content=\"index, follow, max-snippet:-1, max-image-preview:large, max-video-preview:-1\" \/>\n<link rel=\"canonical\" href=\"https:\/\/mesopolhis.fr\/en\/blog\/events\/seminar-axes-4-urban-studies-andre-donzel-marseille\/\" \/>\n<meta property=\"og:locale\" content=\"en_GB\" \/>\n<meta property=\"og:type\" content=\"article\" \/>\n<meta property=\"og:title\" content=\"S\u00e9minaire axes 4 &amp; \u00c9tudes urbaines : \u00ab\u00a0Vivre et penser la m\u00e9tropole marseillaise en sociologue\u00a0\u00bb, en l\u2019honneur d\u2019Andr\u00e9 Donzel et pr\u00e9sentation de son ouvrage &quot;Explorer Marseille. De la cit\u00e9 \u00e0 la m\u00e9tropole&quot; - Mesopolhis\" \/>\n<meta property=\"og:description\" content=\"Jeudi 18 d\u00e9cembre 2025 | 10h &#8211; 12h30 | Mmsh, salle Duby + visio \u00c9v\u00e9nement organis\u00e9 par l\u2019axe 4 \u00ab&nbsp;Dynamiques socio-spatiales, mobilisations politiques&nbsp;\u00bb et l\u2019axe transversal \u00ab&nbsp;\u00c9tudes urbaines&nbsp;\u00bb du MESOPOLHIS. \u00c0 l\u2019occasion de la publication de son dernier ouvrage, nous accueillons le sociologue Andr\u00e9 Donzel qui, tout au long de sa carri\u00e8re, n\u2019a cess\u00e9 d\u2019Explorer&hellip;\" \/>\n<meta property=\"og:url\" content=\"https:\/\/mesopolhis.fr\/en\/blog\/events\/seminar-axes-4-urban-studies-andre-donzel-marseille\/\" \/>\n<meta property=\"og:site_name\" content=\"Mesopolhis\" \/>\n<meta property=\"article:modified_time\" content=\"2025-12-17T09:47:12+00:00\" \/>\n<meta property=\"og:image\" content=\"https:\/\/mesopolhis.fr\/wp-content\/uploads\/2025\/07\/image-3.png\" \/>\n\t<meta property=\"og:image:width\" content=\"455\" \/>\n\t<meta property=\"og:image:height\" content=\"654\" \/>\n\t<meta property=\"og:image:type\" content=\"image\/png\" \/>\n<meta name=\"twitter:card\" content=\"summary_large_image\" \/>\n<meta name=\"twitter:label1\" content=\"Estimated reading time\" \/>\n\t<meta name=\"twitter:data1\" content=\"4 minutes\" \/>\n<script type=\"application\/ld+json\" class=\"yoast-schema-graph\">{\"@context\":\"https:\\\/\\\/schema.org\",\"@graph\":[{\"@type\":\"WebPage\",\"@id\":\"https:\\\/\\\/mesopolhis.fr\\\/blog\\\/events\\\/seminaire-axes-4-etudes-urbaines-andre-donzel-marseille\\\/\",\"url\":\"https:\\\/\\\/mesopolhis.fr\\\/blog\\\/events\\\/seminaire-axes-4-etudes-urbaines-andre-donzel-marseille\\\/\",\"name\":\"S\u00e9minaire axes 4 &amp; \u00c9tudes urbaines : \u00ab\u00a0Vivre et penser la m\u00e9tropole marseillaise en sociologue\u00a0\u00bb, en l\u2019honneur d\u2019Andr\u00e9 Donzel et pr\u00e9sentation de son ouvrage \\\"Explorer Marseille. De la cit\u00e9 \u00e0 la m\u00e9tropole\\\" - Mesopolhis\",\"isPartOf\":{\"@id\":\"https:\\\/\\\/mesopolhis.fr\\\/#website\"},\"primaryImageOfPage\":{\"@id\":\"https:\\\/\\\/mesopolhis.fr\\\/blog\\\/events\\\/seminaire-axes-4-etudes-urbaines-andre-donzel-marseille\\\/#primaryimage\"},\"image\":{\"@id\":\"https:\\\/\\\/mesopolhis.fr\\\/blog\\\/events\\\/seminaire-axes-4-etudes-urbaines-andre-donzel-marseille\\\/#primaryimage\"},\"thumbnailUrl\":\"https:\\\/\\\/mesopolhis.fr\\\/wp-content\\\/uploads\\\/2025\\\/07\\\/image-3.png\",\"datePublished\":\"2025-07-21T12:43:23+00:00\",\"dateModified\":\"2025-12-17T09:47:12+00:00\",\"breadcrumb\":{\"@id\":\"https:\\\/\\\/mesopolhis.fr\\\/blog\\\/events\\\/seminaire-axes-4-etudes-urbaines-andre-donzel-marseille\\\/#breadcrumb\"},\"inLanguage\":\"en-GB\",\"potentialAction\":[{\"@type\":\"ReadAction\",\"target\":[\"https:\\\/\\\/mesopolhis.fr\\\/blog\\\/events\\\/seminaire-axes-4-etudes-urbaines-andre-donzel-marseille\\\/\"]}]},{\"@type\":\"ImageObject\",\"inLanguage\":\"en-GB\",\"@id\":\"https:\\\/\\\/mesopolhis.fr\\\/blog\\\/events\\\/seminaire-axes-4-etudes-urbaines-andre-donzel-marseille\\\/#primaryimage\",\"url\":\"https:\\\/\\\/mesopolhis.fr\\\/wp-content\\\/uploads\\\/2025\\\/07\\\/image-3.png\",\"contentUrl\":\"https:\\\/\\\/mesopolhis.fr\\\/wp-content\\\/uploads\\\/2025\\\/07\\\/image-3.png\",\"width\":455,\"height\":654},{\"@type\":\"BreadcrumbList\",\"@id\":\"https:\\\/\\\/mesopolhis.fr\\\/blog\\\/events\\\/seminaire-axes-4-etudes-urbaines-andre-donzel-marseille\\\/#breadcrumb\",\"itemListElement\":[{\"@type\":\"ListItem\",\"position\":1,\"name\":\"Accueil\",\"item\":\"https:\\\/\\\/mesopolhis.fr\\\/\"},{\"@type\":\"ListItem\",\"position\":2,\"name\":\"Les \u00e9v\u00e9nements\",\"item\":\"https:\\\/\\\/mesopolhis.fr\\\/blog\\\/events\\\/\"},{\"@type\":\"ListItem\",\"position\":3,\"name\":\"S\u00e9minaire axes 4 &amp; \u00c9tudes urbaines : \u00ab\u00a0Vivre et penser la m\u00e9tropole marseillaise en sociologue\u00a0\u00bb, en l\u2019honneur d\u2019Andr\u00e9 Donzel et pr\u00e9sentation de son ouvrage \u00ab\u00a0Explorer Marseille. De la cit\u00e9 \u00e0 la m\u00e9tropole\u00a0\u00bb\"}]},{\"@type\":\"WebSite\",\"@id\":\"https:\\\/\\\/mesopolhis.fr\\\/#website\",\"url\":\"https:\\\/\\\/mesopolhis.fr\\\/\",\"name\":\"Mesopolhis\",\"description\":\"Centre m\u00e9diterran\u00e9en de sociologie, de science politique et d&#039;histoire\",\"publisher\":{\"@id\":\"https:\\\/\\\/mesopolhis.fr\\\/#organization\"},\"potentialAction\":[{\"@type\":\"SearchAction\",\"target\":{\"@type\":\"EntryPoint\",\"urlTemplate\":\"https:\\\/\\\/mesopolhis.fr\\\/?s={search_term_string}\"},\"query-input\":{\"@type\":\"PropertyValueSpecification\",\"valueRequired\":true,\"valueName\":\"search_term_string\"}}],\"inLanguage\":\"en-GB\"},{\"@type\":\"Organization\",\"@id\":\"https:\\\/\\\/mesopolhis.fr\\\/#organization\",\"name\":\"Mesopolhis\",\"url\":\"https:\\\/\\\/mesopolhis.fr\\\/\",\"logo\":{\"@type\":\"ImageObject\",\"inLanguage\":\"en-GB\",\"@id\":\"https:\\\/\\\/mesopolhis.fr\\\/#\\\/schema\\\/logo\\\/image\\\/\",\"url\":\"https:\\\/\\\/mesopolhis.fr\\\/wp-content\\\/uploads\\\/2021\\\/12\\\/Logo_MESOPOLHIS_Quadri.png\",\"contentUrl\":\"https:\\\/\\\/mesopolhis.fr\\\/wp-content\\\/uploads\\\/2021\\\/12\\\/Logo_MESOPOLHIS_Quadri.png\",\"width\":264,\"height\":69,\"caption\":\"Mesopolhis\"},\"image\":{\"@id\":\"https:\\\/\\\/mesopolhis.fr\\\/#\\\/schema\\\/logo\\\/image\\\/\"}}]}<\/script>\n<!-- \/ Yoast SEO plugin. -->","yoast_head_json":{"title":"Axis 4 &amp; Urban Studies seminar: \u00abVivre et penser la m\u00e9tropole marseillaise en sociologue\u00bb, in honour of Andr\u00e9 Donzel and presentation of his book \"Explorer Marseille. De la cit\u00e9 \u00e0 la m\u00e9tropole\" - Mesopolhis","robots":{"index":"index","follow":"follow","max-snippet":"max-snippet:-1","max-image-preview":"max-image-preview:large","max-video-preview":"max-video-preview:-1"},"canonical":"https:\/\/mesopolhis.fr\/en\/blog\/events\/seminar-axes-4-urban-studies-andre-donzel-marseille\/","og_locale":"en_GB","og_type":"article","og_title":"S\u00e9minaire axes 4 &amp; \u00c9tudes urbaines : \u00ab\u00a0Vivre et penser la m\u00e9tropole marseillaise en sociologue\u00a0\u00bb, en l\u2019honneur d\u2019Andr\u00e9 Donzel et pr\u00e9sentation de son ouvrage \"Explorer Marseille. De la cit\u00e9 \u00e0 la m\u00e9tropole\" - Mesopolhis","og_description":"Jeudi 18 d\u00e9cembre 2025 | 10h &#8211; 12h30 | Mmsh, salle Duby + visio \u00c9v\u00e9nement organis\u00e9 par l\u2019axe 4 \u00ab&nbsp;Dynamiques socio-spatiales, mobilisations politiques&nbsp;\u00bb et l\u2019axe transversal \u00ab&nbsp;\u00c9tudes urbaines&nbsp;\u00bb du MESOPOLHIS. \u00c0 l\u2019occasion de la publication de son dernier ouvrage, nous accueillons le sociologue Andr\u00e9 Donzel qui, tout au long de sa carri\u00e8re, n\u2019a cess\u00e9 d\u2019Explorer&hellip;","og_url":"https:\/\/mesopolhis.fr\/en\/blog\/events\/seminar-axes-4-urban-studies-andre-donzel-marseille\/","og_site_name":"Mesopolhis","article_modified_time":"2025-12-17T09:47:12+00:00","og_image":[{"width":455,"height":654,"url":"https:\/\/mesopolhis.fr\/wp-content\/uploads\/2025\/07\/image-3.png","type":"image\/png"}],"twitter_card":"summary_large_image","twitter_misc":{"Estimated reading time":"4 minutes"},"schema":{"@context":"https:\/\/schema.org","@graph":[{"@type":"WebPage","@id":"https:\/\/mesopolhis.fr\/blog\/events\/seminaire-axes-4-etudes-urbaines-andre-donzel-marseille\/","url":"https:\/\/mesopolhis.fr\/blog\/events\/seminaire-axes-4-etudes-urbaines-andre-donzel-marseille\/","name":"Axis 4 &amp; Urban Studies seminar: \u00abVivre et penser la m\u00e9tropole marseillaise en sociologue\u00bb, in honour of Andr\u00e9 Donzel and presentation of his book \"Explorer Marseille. De la cit\u00e9 \u00e0 la m\u00e9tropole\" - Mesopolhis","isPartOf":{"@id":"https:\/\/mesopolhis.fr\/#website"},"primaryImageOfPage":{"@id":"https:\/\/mesopolhis.fr\/blog\/events\/seminaire-axes-4-etudes-urbaines-andre-donzel-marseille\/#primaryimage"},"image":{"@id":"https:\/\/mesopolhis.fr\/blog\/events\/seminaire-axes-4-etudes-urbaines-andre-donzel-marseille\/#primaryimage"},"thumbnailUrl":"https:\/\/mesopolhis.fr\/wp-content\/uploads\/2025\/07\/image-3.png","datePublished":"2025-07-21T12:43:23+00:00","dateModified":"2025-12-17T09:47:12+00:00","breadcrumb":{"@id":"https:\/\/mesopolhis.fr\/blog\/events\/seminaire-axes-4-etudes-urbaines-andre-donzel-marseille\/#breadcrumb"},"inLanguage":"en-GB","potentialAction":[{"@type":"ReadAction","target":["https:\/\/mesopolhis.fr\/blog\/events\/seminaire-axes-4-etudes-urbaines-andre-donzel-marseille\/"]}]},{"@type":"ImageObject","inLanguage":"en-GB","@id":"https:\/\/mesopolhis.fr\/blog\/events\/seminaire-axes-4-etudes-urbaines-andre-donzel-marseille\/#primaryimage","url":"https:\/\/mesopolhis.fr\/wp-content\/uploads\/2025\/07\/image-3.png","contentUrl":"https:\/\/mesopolhis.fr\/wp-content\/uploads\/2025\/07\/image-3.png","width":455,"height":654},{"@type":"BreadcrumbList","@id":"https:\/\/mesopolhis.fr\/blog\/events\/seminaire-axes-4-etudes-urbaines-andre-donzel-marseille\/#breadcrumb","itemListElement":[{"@type":"ListItem","position":1,"name":"Accueil","item":"https:\/\/mesopolhis.fr\/"},{"@type":"ListItem","position":2,"name":"Les \u00e9v\u00e9nements","item":"https:\/\/mesopolhis.fr\/blog\/events\/"},{"@type":"ListItem","position":3,"name":"S\u00e9minaire axes 4 &amp; \u00c9tudes urbaines : \u00ab\u00a0Vivre et penser la m\u00e9tropole marseillaise en sociologue\u00a0\u00bb, en l\u2019honneur d\u2019Andr\u00e9 Donzel et pr\u00e9sentation de son ouvrage \u00ab\u00a0Explorer Marseille. De la cit\u00e9 \u00e0 la m\u00e9tropole\u00a0\u00bb"}]},{"@type":"WebSite","@id":"https:\/\/mesopolhis.fr\/#website","url":"https:\/\/mesopolhis.fr\/","name":"Mesopolhis","description":"Mediterranean Centre for Sociology, Political Science and History","publisher":{"@id":"https:\/\/mesopolhis.fr\/#organization"},"potentialAction":[{"@type":"SearchAction","target":{"@type":"EntryPoint","urlTemplate":"https:\/\/mesopolhis.fr\/?s={search_term_string}"},"query-input":{"@type":"PropertyValueSpecification","valueRequired":true,"valueName":"search_term_string"}}],"inLanguage":"en-GB"},{"@type":"Organization","@id":"https:\/\/mesopolhis.fr\/#organization","name":"Mesopolhis","url":"https:\/\/mesopolhis.fr\/","logo":{"@type":"ImageObject","inLanguage":"en-GB","@id":"https:\/\/mesopolhis.fr\/#\/schema\/logo\/image\/","url":"https:\/\/mesopolhis.fr\/wp-content\/uploads\/2021\/12\/Logo_MESOPOLHIS_Quadri.png","contentUrl":"https:\/\/mesopolhis.fr\/wp-content\/uploads\/2021\/12\/Logo_MESOPOLHIS_Quadri.png","width":264,"height":69,"caption":"Mesopolhis"},"image":{"@id":"https:\/\/mesopolhis.fr\/#\/schema\/logo\/image\/"}}]}},"_links":{"self":[{"href":"https:\/\/mesopolhis.fr\/en\/wp-json\/wp\/v2\/ajde_events\/37638","targetHints":{"allow":["GET"]}}],"collection":[{"href":"https:\/\/mesopolhis.fr\/en\/wp-json\/wp\/v2\/ajde_events"}],"about":[{"href":"https:\/\/mesopolhis.fr\/en\/wp-json\/wp\/v2\/types\/ajde_events"}],"author":[{"embeddable":true,"href":"https:\/\/mesopolhis.fr\/en\/wp-json\/wp\/v2\/users\/343"}],"replies":[{"embeddable":true,"href":"https:\/\/mesopolhis.fr\/en\/wp-json\/wp\/v2\/comments?post=37638"}],"wp:featuredmedia":[{"embeddable":true,"href":"https:\/\/mesopolhis.fr\/en\/wp-json\/wp\/v2\/media\/38642"}],"wp:attachment":[{"href":"https:\/\/mesopolhis.fr\/en\/wp-json\/wp\/v2\/media?parent=37638"}],"wp:term":[{"taxonomy":"post_tag","embeddable":true,"href":"https:\/\/mesopolhis.fr\/en\/wp-json\/wp\/v2\/tags?post=37638"},{"taxonomy":"event_type","embeddable":true,"href":"https:\/\/mesopolhis.fr\/en\/wp-json\/wp\/v2\/event_type?post=37638"},{"taxonomy":"event_type_2","embeddable":true,"href":"https:\/\/mesopolhis.fr\/en\/wp-json\/wp\/v2\/event_type_2?post=37638"}],"curies":[{"name":"wp","href":"https:\/\/api.w.org\/{rel}","templated":true}]}}