{"id":36865,"date":"2025-04-14T09:39:34","date_gmt":"2025-04-14T07:39:34","guid":{"rendered":"https:\/\/mesopolhis.fr\/blog\/events\/hommage-a-gerard-groc-de-la-provence-aux-rives-du-bosphore-organise-par-liremam-interventions-de-dilek-yankaya-et-aude-signoles\/"},"modified":"2025-05-05T18:27:03","modified_gmt":"2025-05-05T16:27:03","slug":"tribute-to-gerard-groc","status":"publish","type":"ajde_events","link":"https:\/\/mesopolhis.fr\/en\/blog\/events\/tribute-to-gerard-groc\/","title":{"rendered":"\u00abHommage \u00e0 G\u00e9rard Groc - De la Provence aux rives du Bosphore\u00bb organised by IREMAM (presentations by Dilek Yankaya and Aude Signoles)"},"content":{"rendered":"\n\n\n<h3 class=\"wp-block-heading has-medium-font-size\"><strong>Mardi 6 mai | 9h45-17h | MMSH (salle Duby)<\/strong><\/h3>\n\n\n\n<p>L&rsquo;IREMAM vous convie \u00e0 une journ\u00e9e en hommage \u00e0 G\u00e9rard Groc, d\u00e9c\u00e9d\u00e9 le 3 ao\u00fbt 2023.<\/p>\n\n\n\n<p><strong>Format hybride : veuillez contacter Myriam Laakili, myriam.laakili[at]univ-amu.fr<\/strong><\/p>\n\n\n\n<h3 class=\"wp-block-heading\"><strong>Programme<\/strong><\/h3>\n\n\n\n<p><strong>09h45 &#8211; Accueil caf\u00e9<\/strong><\/p>\n\n\n\n<p><strong>10h00-10h30 &#8211; Ouverture de la journ\u00e9e\u00a0<\/strong><br><br><a href=\"https:\/\/iremam.mmsh.fr\/fr\/geisser-vincent\" target=\"_blank\" rel=\"noreferrer noopener\"><mark style=\"background-color:#f2f2f2\" class=\"has-inline-color has-fl-accent-color\">Vincent GEISSER<\/mark><\/a>, charg\u00e9 de recherche CNRS, directeur de l\u2019IREMAM (CNRS, AMU)\u00a0et\u00a0<a href=\"https:\/\/iremam.mmsh.fr\/fr\/laakili-myriam\" target=\"_blank\" rel=\"noreferrer noopener\"><mark style=\"background-color:#f2f2f2\" class=\"has-inline-color has-fl-accent-color\">Myriam LAAKILI<\/mark><\/a>, ing\u00e9nieure d\u2019\u00e9tudes, docteure en sociologie \u00e0 l\u2019IREMAM (AMU, CNRS).<\/p>\n\n\n\n<p><strong>10h30-11h30 &#8211; Enjeux politiques de la Turquie contemporaine et du Temps pr\u00e9sent<\/strong><\/p>\n\n\n\n<p>Ahmet INSEL, politiste et \u00e9conomiste, ancien professeur \u00e0 l\u2019Universit\u00e9 Galatasaray.<\/p>\n\n\n\n<p>S\u00fcmb\u00fcl KAYA, ma\u00eetresse de conf\u00e9rences \u00e0 l\u2019\u00e9cole de l&rsquo;am\u00e9nagement durable des territoires, ancienne directrice du D\u00e9partement des \u00e9tudes contemporaines de l\u2019IFEA d\u2019Istanbul.<\/p>\n\n\n\n<p>Jean MARCOU, professeur des universit\u00e9s \u00e0 Sciences Po Grenoble.<\/p>\n\n\n\n<p><strong>11h30-12h30 &#8211; Turquie\/Arm\u00e9nie, passerelles et dialogue<\/strong><\/p>\n\n\n\n<p><a href=\"https:\/\/iremam.mmsh.fr\/fr\/cermakian-stephane\" target=\"_blank\" rel=\"noreferrer noopener\"><mark style=\"background-color:#f2f2f2\" class=\"has-inline-color has-fl-accent-color\">St\u00e9phane CERMAKIAN<\/mark><\/a>, ma\u00eetre de conf\u00e9rences en langue et civilisation arm\u00e9niennes (AMU, IREMAM).<\/p>\n\n\n\n<p>Patrick DONAD\u00c9BIAN, chercheur \u00e9m\u00e9rite en histoire de l&rsquo;art et arch\u00e9ologie m\u00e9di\u00e9vale (LA3M), ma\u00eetre de conf\u00e9rences HDR en \u00e9tudes arm\u00e9niennes (AMU).<\/p>\n\n\n\n<p><strong>12h30 : buffet convivial<\/strong><\/p>\n\n\n\n<p><strong>14h00-15h00 &#8211; La Turquie et le monde arabe&nbsp;<\/strong><\/p>\n\n\n\n<p><a href=\"https:\/\/iremam.mmsh.fr\/fr\/pierret-thomas-fr\" target=\"_blank\" rel=\"noreferrer noopener\"><mark style=\"background-color:#f2f2f2\" class=\"has-inline-color has-fl-accent-color\">Thomas PIERRET<\/mark><\/a>, charg\u00e9 de recherche CNRS, IREMAM (CNRS, AMU).<\/p>\n\n\n\n<p><strong><a href=\"https:\/\/mesopolhis.fr\/blog\/membres\/yankaya-dilek\/\"><mark style=\"background-color:#f2f2f2\" class=\"has-inline-color has-fl-accent-color\">Dilek YANKAYA<\/mark><\/a><\/strong>,&nbsp;ma\u00eetresse de conf\u00e9rences \u00e0 Sciences Po Aix, MESOPOLHIS.<\/p>\n\n\n\n<p>Vincent GEISSER, charg\u00e9 de recherche CNRS, IREMAM (CNRS, AMU).<\/p>\n\n\n\n<p><strong>15h00-16h30 &#8211; G\u00e9rard Groc : le chercheur, le professeur, l\u2019ami<\/strong><\/p>\n\n\n\n<p><strong><a href=\"https:\/\/mesopolhis.fr\/blog\/membres\/signoles-aude\/\"><mark style=\"background-color:#f2f2f2\" class=\"has-inline-color has-fl-accent-color\">Aude SIGNOLES<\/mark><\/a><\/strong>, ma\u00eetresse de conf\u00e9rences&nbsp;HDR \u00e0 Sciences Po Aix, MESOPOLHIS.<\/p>\n\n\n\n<p><a href=\"https:\/\/iremam.mmsh.fr\/fr\/henry-jean-robert\" target=\"_blank\" rel=\"noreferrer noopener\"><mark style=\"background-color:#f2f2f2\" class=\"has-inline-color has-fl-accent-color\">Jean-Robert HENRY<\/mark><\/a>, ancien directeur de recherche CNRS, IREMAM.<\/p>\n\n\n\n<p>Esra SERIM, chercheuse associ\u00e9e \u00e0 l\u2019Universit\u00e9 de Bordeaux.<\/p>\n\n\n\n<p><strong>G\u00e9rard GROC en images&nbsp;<\/strong>&#8211; Diffusion de&nbsp;<a href=\"https:\/\/www.dailymotion.com\/video\/xcwbhd\" target=\"_blank\" rel=\"noreferrer noopener\"><mark style=\"background-color:#f2f2f2\" class=\"has-inline-color has-fl-accent-color\">la conf\u00e9rence \u00ab Le gouvernement AKP \u00bb<\/mark><\/a>, OBTIC &amp; CERI \u00e0 Paris, 11-12 f\u00e9vrier 2010.<\/p>\n\n\n\n<h3 class=\"wp-block-heading has-text-align-center\"><strong>Plus de d\u00e9tails sur l&rsquo;\u00e9v\u00e9nement <a href=\"https:\/\/iremam.mmsh.fr\/fr\/hommage-gerard-groc-de-la-provence-aux-rives-du-bosphore\" target=\"_blank\" rel=\"noreferrer noopener\"><mark style=\"background-color:#f2f2f2\" class=\"has-inline-color has-fl-accent-color\">ici<\/mark><\/a>.<\/strong><\/h3>\n\n\n\n<div data-wp-interactive=\"core\/file\" class=\"wp-block-file\"><object data-wp-bind--hidden=\"!state.hasPdfPreview\" hidden class=\"wp-block-file__embed\" data=\"https:\/\/mesopolhis.fr\/wp-content\/uploads\/2025\/04\/Affiche-Hommage-Gerard-GROC.pdf\" type=\"application\/pdf\" style=\"width:100%;height:1220px\" aria-label=\"Embed of Affiche-Hommage-G\u00e9rard-GROC.\"><\/object><a id=\"wp-block-file--media-9929c4b5-bae6-428f-a713-28daffaae18b\" href=\"https:\/\/mesopolhis.fr\/wp-content\/uploads\/2025\/04\/Affiche-Hommage-Gerard-GROC.pdf\">Affiche-Hommage-G\u00e9rard-GROC<\/a><a href=\"https:\/\/mesopolhis.fr\/wp-content\/uploads\/2025\/04\/Affiche-Hommage-Gerard-GROC.pdf\" class=\"wp-block-file__button wp-element-button\" download aria-describedby=\"wp-block-file--media-9929c4b5-bae6-428f-a713-28daffaae18b\">T\u00e9l\u00e9charger<\/a><\/div>\n","protected":false},"author":343,"featured_media":0,"menu_order":0,"comment_status":"closed","ping_status":"closed","template":"","meta":{"_acf_changed":false,"inline_featured_image":false},"tags":[59],"event_type":[8],"event_type_2":[],"class_list":["post-36865","ajde_events","type-ajde_events","status-publish","hentry","tag-a-la-une","event_location-mmsh-salle-duby","event_type-hors-les-murs"],"acf":[],"yoast_head":"<!-- This site is optimized with the Yoast SEO plugin v27.5 - https:\/\/yoast.com\/product\/yoast-seo-wordpress\/ -->\n<title>&quot;Hommage \u00e0 G\u00e9rard Groc - De la Provence aux rives du Bosphore&quot; organis\u00e9 par l&#039;IREMAM (interventions de Dilek Yankaya et Aude Signoles) - Mesopolhis<\/title>\n<meta name=\"robots\" content=\"index, follow, max-snippet:-1, max-image-preview:large, max-video-preview:-1\" \/>\n<link rel=\"canonical\" href=\"https:\/\/mesopolhis.fr\/en\/blog\/events\/tribute-to-gerard-groc\/\" \/>\n<meta property=\"og:locale\" content=\"en_GB\" \/>\n<meta property=\"og:type\" content=\"article\" \/>\n<meta property=\"og:title\" content=\"&quot;Hommage \u00e0 G\u00e9rard Groc - De la Provence aux rives du Bosphore&quot; organis\u00e9 par l&#039;IREMAM (interventions de Dilek Yankaya et Aude Signoles) - Mesopolhis\" \/>\n<meta property=\"og:description\" content=\"Mardi 6 mai | 9h45-17h | MMSH (salle Duby) L&rsquo;IREMAM vous convie \u00e0 une journ\u00e9e en hommage \u00e0 G\u00e9rard Groc, d\u00e9c\u00e9d\u00e9 le 3 ao\u00fbt 2023. Format hybride : veuillez contacter Myriam Laakili, myriam.laakili[at]univ-amu.fr Programme 09h45 &#8211; Accueil caf\u00e9 10h00-10h30 &#8211; Ouverture de la journ\u00e9e\u00a0 Vincent GEISSER, charg\u00e9 de recherche CNRS, directeur de l\u2019IREMAM (CNRS, AMU)\u00a0et\u00a0Myriam&hellip;\" \/>\n<meta property=\"og:url\" content=\"https:\/\/mesopolhis.fr\/en\/blog\/events\/tribute-to-gerard-groc\/\" \/>\n<meta property=\"og:site_name\" content=\"Mesopolhis\" \/>\n<meta property=\"article:modified_time\" content=\"2025-05-05T16:27:03+00:00\" \/>\n<meta name=\"twitter:card\" content=\"summary_large_image\" \/>\n<meta name=\"twitter:label1\" content=\"Estimated reading time\" \/>\n\t<meta name=\"twitter:data1\" content=\"2 minutes\" \/>\n<script type=\"application\/ld+json\" class=\"yoast-schema-graph\">{\"@context\":\"https:\\\/\\\/schema.org\",\"@graph\":[{\"@type\":\"WebPage\",\"@id\":\"https:\\\/\\\/mesopolhis.fr\\\/blog\\\/events\\\/hommage-a-gerard-groc\\\/\",\"url\":\"https:\\\/\\\/mesopolhis.fr\\\/blog\\\/events\\\/hommage-a-gerard-groc\\\/\",\"name\":\"\\\"Hommage \u00e0 G\u00e9rard Groc - De la Provence aux rives du Bosphore\\\" organis\u00e9 par l'IREMAM (interventions de Dilek Yankaya et Aude Signoles) - Mesopolhis\",\"isPartOf\":{\"@id\":\"https:\\\/\\\/mesopolhis.fr\\\/#website\"},\"datePublished\":\"2025-04-14T07:39:34+00:00\",\"dateModified\":\"2025-05-05T16:27:03+00:00\",\"breadcrumb\":{\"@id\":\"https:\\\/\\\/mesopolhis.fr\\\/blog\\\/events\\\/hommage-a-gerard-groc\\\/#breadcrumb\"},\"inLanguage\":\"en-GB\",\"potentialAction\":[{\"@type\":\"ReadAction\",\"target\":[\"https:\\\/\\\/mesopolhis.fr\\\/blog\\\/events\\\/hommage-a-gerard-groc\\\/\"]}]},{\"@type\":\"BreadcrumbList\",\"@id\":\"https:\\\/\\\/mesopolhis.fr\\\/blog\\\/events\\\/hommage-a-gerard-groc\\\/#breadcrumb\",\"itemListElement\":[{\"@type\":\"ListItem\",\"position\":1,\"name\":\"Accueil\",\"item\":\"https:\\\/\\\/mesopolhis.fr\\\/\"},{\"@type\":\"ListItem\",\"position\":2,\"name\":\"Les \u00e9v\u00e9nements\",\"item\":\"https:\\\/\\\/mesopolhis.fr\\\/blog\\\/events\\\/\"},{\"@type\":\"ListItem\",\"position\":3,\"name\":\"\u00ab\u00a0Hommage \u00e0 G\u00e9rard Groc &#8211; De la Provence aux rives du Bosphore\u00a0\u00bb organis\u00e9 par l&rsquo;IREMAM (interventions de Dilek Yankaya et Aude Signoles)\"}]},{\"@type\":\"WebSite\",\"@id\":\"https:\\\/\\\/mesopolhis.fr\\\/#website\",\"url\":\"https:\\\/\\\/mesopolhis.fr\\\/\",\"name\":\"Mesopolhis\",\"description\":\"Centre m\u00e9diterran\u00e9en de sociologie, de science politique et d&#039;histoire\",\"publisher\":{\"@id\":\"https:\\\/\\\/mesopolhis.fr\\\/#organization\"},\"potentialAction\":[{\"@type\":\"SearchAction\",\"target\":{\"@type\":\"EntryPoint\",\"urlTemplate\":\"https:\\\/\\\/mesopolhis.fr\\\/?s={search_term_string}\"},\"query-input\":{\"@type\":\"PropertyValueSpecification\",\"valueRequired\":true,\"valueName\":\"search_term_string\"}}],\"inLanguage\":\"en-GB\"},{\"@type\":\"Organization\",\"@id\":\"https:\\\/\\\/mesopolhis.fr\\\/#organization\",\"name\":\"Mesopolhis\",\"url\":\"https:\\\/\\\/mesopolhis.fr\\\/\",\"logo\":{\"@type\":\"ImageObject\",\"inLanguage\":\"en-GB\",\"@id\":\"https:\\\/\\\/mesopolhis.fr\\\/#\\\/schema\\\/logo\\\/image\\\/\",\"url\":\"https:\\\/\\\/mesopolhis.fr\\\/wp-content\\\/uploads\\\/2021\\\/12\\\/Logo_MESOPOLHIS_Quadri.png\",\"contentUrl\":\"https:\\\/\\\/mesopolhis.fr\\\/wp-content\\\/uploads\\\/2021\\\/12\\\/Logo_MESOPOLHIS_Quadri.png\",\"width\":264,\"height\":69,\"caption\":\"Mesopolhis\"},\"image\":{\"@id\":\"https:\\\/\\\/mesopolhis.fr\\\/#\\\/schema\\\/logo\\\/image\\\/\"}}]}<\/script>\n<!-- \/ Yoast SEO plugin. -->","yoast_head_json":{"title":"\"Hommage \u00e0 G\u00e9rard Groc - De la Provence aux rives du Bosphore\" organised by IREMAM (presentations by Dilek Yankaya and Aude Signoles) - Mesopolhis","robots":{"index":"index","follow":"follow","max-snippet":"max-snippet:-1","max-image-preview":"max-image-preview:large","max-video-preview":"max-video-preview:-1"},"canonical":"https:\/\/mesopolhis.fr\/en\/blog\/events\/tribute-to-gerard-groc\/","og_locale":"en_GB","og_type":"article","og_title":"\"Hommage \u00e0 G\u00e9rard Groc - De la Provence aux rives du Bosphore\" organis\u00e9 par l'IREMAM (interventions de Dilek Yankaya et Aude Signoles) - Mesopolhis","og_description":"Mardi 6 mai | 9h45-17h | MMSH (salle Duby) L&rsquo;IREMAM vous convie \u00e0 une journ\u00e9e en hommage \u00e0 G\u00e9rard Groc, d\u00e9c\u00e9d\u00e9 le 3 ao\u00fbt 2023. Format hybride : veuillez contacter Myriam Laakili, myriam.laakili[at]univ-amu.fr Programme 09h45 &#8211; Accueil caf\u00e9 10h00-10h30 &#8211; Ouverture de la journ\u00e9e\u00a0 Vincent GEISSER, charg\u00e9 de recherche CNRS, directeur de l\u2019IREMAM (CNRS, AMU)\u00a0et\u00a0Myriam&hellip;","og_url":"https:\/\/mesopolhis.fr\/en\/blog\/events\/tribute-to-gerard-groc\/","og_site_name":"Mesopolhis","article_modified_time":"2025-05-05T16:27:03+00:00","twitter_card":"summary_large_image","twitter_misc":{"Estimated reading time":"2 minutes"},"schema":{"@context":"https:\/\/schema.org","@graph":[{"@type":"WebPage","@id":"https:\/\/mesopolhis.fr\/blog\/events\/hommage-a-gerard-groc\/","url":"https:\/\/mesopolhis.fr\/blog\/events\/hommage-a-gerard-groc\/","name":"\"Hommage \u00e0 G\u00e9rard Groc - De la Provence aux rives du Bosphore\" organised by IREMAM (presentations by Dilek Yankaya and Aude Signoles) - Mesopolhis","isPartOf":{"@id":"https:\/\/mesopolhis.fr\/#website"},"datePublished":"2025-04-14T07:39:34+00:00","dateModified":"2025-05-05T16:27:03+00:00","breadcrumb":{"@id":"https:\/\/mesopolhis.fr\/blog\/events\/hommage-a-gerard-groc\/#breadcrumb"},"inLanguage":"en-GB","potentialAction":[{"@type":"ReadAction","target":["https:\/\/mesopolhis.fr\/blog\/events\/hommage-a-gerard-groc\/"]}]},{"@type":"BreadcrumbList","@id":"https:\/\/mesopolhis.fr\/blog\/events\/hommage-a-gerard-groc\/#breadcrumb","itemListElement":[{"@type":"ListItem","position":1,"name":"Accueil","item":"https:\/\/mesopolhis.fr\/"},{"@type":"ListItem","position":2,"name":"Les \u00e9v\u00e9nements","item":"https:\/\/mesopolhis.fr\/blog\/events\/"},{"@type":"ListItem","position":3,"name":"\u00ab\u00a0Hommage \u00e0 G\u00e9rard Groc &#8211; De la Provence aux rives du Bosphore\u00a0\u00bb organis\u00e9 par l&rsquo;IREMAM (interventions de Dilek Yankaya et Aude Signoles)"}]},{"@type":"WebSite","@id":"https:\/\/mesopolhis.fr\/#website","url":"https:\/\/mesopolhis.fr\/","name":"Mesopolhis","description":"Mediterranean Centre for Sociology, Political Science and History","publisher":{"@id":"https:\/\/mesopolhis.fr\/#organization"},"potentialAction":[{"@type":"SearchAction","target":{"@type":"EntryPoint","urlTemplate":"https:\/\/mesopolhis.fr\/?s={search_term_string}"},"query-input":{"@type":"PropertyValueSpecification","valueRequired":true,"valueName":"search_term_string"}}],"inLanguage":"en-GB"},{"@type":"Organization","@id":"https:\/\/mesopolhis.fr\/#organization","name":"Mesopolhis","url":"https:\/\/mesopolhis.fr\/","logo":{"@type":"ImageObject","inLanguage":"en-GB","@id":"https:\/\/mesopolhis.fr\/#\/schema\/logo\/image\/","url":"https:\/\/mesopolhis.fr\/wp-content\/uploads\/2021\/12\/Logo_MESOPOLHIS_Quadri.png","contentUrl":"https:\/\/mesopolhis.fr\/wp-content\/uploads\/2021\/12\/Logo_MESOPOLHIS_Quadri.png","width":264,"height":69,"caption":"Mesopolhis"},"image":{"@id":"https:\/\/mesopolhis.fr\/#\/schema\/logo\/image\/"}}]}},"_links":{"self":[{"href":"https:\/\/mesopolhis.fr\/en\/wp-json\/wp\/v2\/ajde_events\/36865","targetHints":{"allow":["GET"]}}],"collection":[{"href":"https:\/\/mesopolhis.fr\/en\/wp-json\/wp\/v2\/ajde_events"}],"about":[{"href":"https:\/\/mesopolhis.fr\/en\/wp-json\/wp\/v2\/types\/ajde_events"}],"author":[{"embeddable":true,"href":"https:\/\/mesopolhis.fr\/en\/wp-json\/wp\/v2\/users\/343"}],"replies":[{"embeddable":true,"href":"https:\/\/mesopolhis.fr\/en\/wp-json\/wp\/v2\/comments?post=36865"}],"wp:attachment":[{"href":"https:\/\/mesopolhis.fr\/en\/wp-json\/wp\/v2\/media?parent=36865"}],"wp:term":[{"taxonomy":"post_tag","embeddable":true,"href":"https:\/\/mesopolhis.fr\/en\/wp-json\/wp\/v2\/tags?post=36865"},{"taxonomy":"event_type","embeddable":true,"href":"https:\/\/mesopolhis.fr\/en\/wp-json\/wp\/v2\/event_type?post=36865"},{"taxonomy":"event_type_2","embeddable":true,"href":"https:\/\/mesopolhis.fr\/en\/wp-json\/wp\/v2\/event_type_2?post=36865"}],"curies":[{"name":"wp","href":"https:\/\/api.w.org\/{rel}","templated":true}]}}