{"id":35357,"date":"2024-10-16T17:02:41","date_gmt":"2024-10-16T15:02:41","guid":{"rendered":"https:\/\/mesopolhis.fr\/blog\/events\/seminaire-axe-4-dynamiques-socio-spatiales-et-mobilisations-politiques-3\/"},"modified":"2025-11-26T11:27:47","modified_gmt":"2025-11-26T10:27:47","slug":"seminar-axis-4-socio-spatial-dynamics-and-political-mobilisation-3","status":"publish","type":"ajde_events","link":"https:\/\/mesopolhis.fr\/en\/blog\/events\/seminar-axis-4-socio-spatial-dynamics-and-political-mobilisation-3\/","title":{"rendered":"Seminar Area 4: Socio-spatial dynamics and political mobilisation \/ Urban studies cross-cutting area"},"content":{"rendered":"<h2 class=\"wp-block-heading\">Thursday 21 November 2024 | 10am-12pm | EPS (room 202)<\/h2>\n\n\n\n<p>In collaboration with the transversal axis <em>Urban studies<\/em>Axis 4 of MESOPOLHIS will host <strong>Miguel A. Mart\u00ednez, Professor of Urban Sociology at the University of Uppsala in Sweden<\/strong>.<\/p>\n\n\n\n<p>On this occasion, Miguel A. Mart\u00ednez will present the book <em><strong>Research Handbook on Urban Sociology<\/strong><\/em>which he edited and published with Edward Elgar in 2024.<\/p>\n\n\n\n<p>Attentive to the problems of participatory action research, this researcher studies social movements and urban phenomena from a sociological point of view and tackles a wide range of issues in his international fieldwork: urban segregation, housing, mobility, governance, sustainability, etc.<\/p>\n\n\n\n<p>Hybrid format: link available on this page two hours before the start of the event or on request (peroline.rouillard@sciencespo-aix.fr)<\/p>\n\n\n<div class=\"wp-block-image\">\n<figure class=\"aligncenter size-full is-resized\"><img loading=\"lazy\" decoding=\"async\" width=\"1414\" height=\"2000\" src=\"https:\/\/mesopolhis.fr\/wp-content\/uploads\/2024\/10\/Seminaire-axe-4-2024-2025.png\" alt=\"\" class=\"wp-image-35634\" style=\"width:503px;height:auto\" srcset=\"https:\/\/mesopolhis.fr\/wp-content\/uploads\/2024\/10\/Seminaire-axe-4-2024-2025.png 1414w, https:\/\/mesopolhis.fr\/wp-content\/uploads\/2024\/10\/Seminaire-axe-4-2024-2025-212x300.png 212w, https:\/\/mesopolhis.fr\/wp-content\/uploads\/2024\/10\/Seminaire-axe-4-2024-2025-724x1024.png 724w, https:\/\/mesopolhis.fr\/wp-content\/uploads\/2024\/10\/Seminaire-axe-4-2024-2025-768x1086.png 768w, https:\/\/mesopolhis.fr\/wp-content\/uploads\/2024\/10\/Seminaire-axe-4-2024-2025-1086x1536.png 1086w, https:\/\/mesopolhis.fr\/wp-content\/uploads\/2024\/10\/Seminaire-axe-4-2024-2025-1320x1867.png 1320w\" sizes=\"auto, (max-width: 1414px) 100vw, 1414px\" \/><\/figure>\n<\/div>","protected":false},"author":343,"featured_media":0,"menu_order":0,"comment_status":"open","ping_status":"closed","template":"","meta":{"_acf_changed":false,"inline_featured_image":false},"tags":[341,59],"event_type":[3],"event_type_2":[392,395],"class_list":["post-35357","ajde_events","type-ajde_events","status-publish","hentry","tag-341","tag-a-la-une","event_location-eps-202","event_type-autres","event_type_2-axe-4","event_type_2-etudes-urbaines"],"acf":[],"yoast_head":"<!-- This site is optimized with the Yoast SEO plugin v27.5 - https:\/\/yoast.com\/product\/yoast-seo-wordpress\/ -->\n<title>S\u00e9minaire Axe 4 Dynamiques socio-spatiales et mobilisations politiques \/ Axe transversal \u00c9tudes urbaines - Mesopolhis<\/title>\n<meta name=\"robots\" content=\"index, follow, max-snippet:-1, max-image-preview:large, max-video-preview:-1\" \/>\n<link rel=\"canonical\" href=\"https:\/\/mesopolhis.fr\/en\/blog\/events\/seminar-axis-4-socio-spatial-dynamics-and-political-mobilisation-3\/\" \/>\n<meta property=\"og:locale\" content=\"en_GB\" \/>\n<meta property=\"og:type\" content=\"article\" \/>\n<meta property=\"og:title\" content=\"S\u00e9minaire Axe 4 Dynamiques socio-spatiales et mobilisations politiques \/ Axe transversal \u00c9tudes urbaines - Mesopolhis\" \/>\n<meta property=\"og:description\" content=\"Jeudi 21 novembre 2024 | 10h-12h | EPS (salle 202) En collaboration avec l\u2019axe transversal \u00c9tudes urbaines, l\u2019axe 4 du MESOPOLHIS accueillera Miguel A. Mart\u00ednez, professeur de sociologie urbaine de l\u2019Universit\u00e9 d\u2019Uppsala en Su\u00e8de. \u00c0 cette occasion, Miguel A. Mart\u00ednez pr\u00e9sentera l\u2019ouvrage Research Handbook on Urban Sociology, qu\u2019il a dirig\u00e9 et publi\u00e9 \u00e0 la maison&hellip;\" \/>\n<meta property=\"og:url\" content=\"https:\/\/mesopolhis.fr\/en\/blog\/events\/seminar-axis-4-socio-spatial-dynamics-and-political-mobilisation-3\/\" \/>\n<meta property=\"og:site_name\" content=\"Mesopolhis\" \/>\n<meta property=\"article:modified_time\" content=\"2025-11-26T10:27:47+00:00\" \/>\n<meta property=\"og:image\" content=\"https:\/\/mesopolhis.fr\/wp-content\/uploads\/2024\/10\/Seminaire-axe-4-2024-2025.png\" \/>\n\t<meta property=\"og:image:width\" content=\"1414\" \/>\n\t<meta property=\"og:image:height\" content=\"2000\" \/>\n\t<meta property=\"og:image:type\" content=\"image\/png\" \/>\n<meta name=\"twitter:card\" content=\"summary_large_image\" \/>\n<meta name=\"twitter:label1\" content=\"Estimated reading time\" \/>\n\t<meta name=\"twitter:data1\" content=\"1 minute\" \/>\n<script type=\"application\/ld+json\" class=\"yoast-schema-graph\">{\"@context\":\"https:\\\/\\\/schema.org\",\"@graph\":[{\"@type\":\"WebPage\",\"@id\":\"https:\\\/\\\/mesopolhis.fr\\\/blog\\\/events\\\/seminaire-axe-4-dynamiques-socio-spatiales-et-mobilisations-politiques-3\\\/\",\"url\":\"https:\\\/\\\/mesopolhis.fr\\\/blog\\\/events\\\/seminaire-axe-4-dynamiques-socio-spatiales-et-mobilisations-politiques-3\\\/\",\"name\":\"S\u00e9minaire Axe 4 Dynamiques socio-spatiales et mobilisations politiques \\\/ Axe transversal \u00c9tudes urbaines - Mesopolhis\",\"isPartOf\":{\"@id\":\"https:\\\/\\\/mesopolhis.fr\\\/#website\"},\"primaryImageOfPage\":{\"@id\":\"https:\\\/\\\/mesopolhis.fr\\\/blog\\\/events\\\/seminaire-axe-4-dynamiques-socio-spatiales-et-mobilisations-politiques-3\\\/#primaryimage\"},\"image\":{\"@id\":\"https:\\\/\\\/mesopolhis.fr\\\/blog\\\/events\\\/seminaire-axe-4-dynamiques-socio-spatiales-et-mobilisations-politiques-3\\\/#primaryimage\"},\"thumbnailUrl\":\"https:\\\/\\\/mesopolhis.fr\\\/wp-content\\\/uploads\\\/2024\\\/10\\\/Seminaire-axe-4-2024-2025.png\",\"datePublished\":\"2024-10-16T15:02:41+00:00\",\"dateModified\":\"2025-11-26T10:27:47+00:00\",\"breadcrumb\":{\"@id\":\"https:\\\/\\\/mesopolhis.fr\\\/blog\\\/events\\\/seminaire-axe-4-dynamiques-socio-spatiales-et-mobilisations-politiques-3\\\/#breadcrumb\"},\"inLanguage\":\"en-GB\",\"potentialAction\":[{\"@type\":\"ReadAction\",\"target\":[\"https:\\\/\\\/mesopolhis.fr\\\/blog\\\/events\\\/seminaire-axe-4-dynamiques-socio-spatiales-et-mobilisations-politiques-3\\\/\"]}]},{\"@type\":\"ImageObject\",\"inLanguage\":\"en-GB\",\"@id\":\"https:\\\/\\\/mesopolhis.fr\\\/blog\\\/events\\\/seminaire-axe-4-dynamiques-socio-spatiales-et-mobilisations-politiques-3\\\/#primaryimage\",\"url\":\"https:\\\/\\\/mesopolhis.fr\\\/wp-content\\\/uploads\\\/2024\\\/10\\\/Seminaire-axe-4-2024-2025.png\",\"contentUrl\":\"https:\\\/\\\/mesopolhis.fr\\\/wp-content\\\/uploads\\\/2024\\\/10\\\/Seminaire-axe-4-2024-2025.png\"},{\"@type\":\"BreadcrumbList\",\"@id\":\"https:\\\/\\\/mesopolhis.fr\\\/blog\\\/events\\\/seminaire-axe-4-dynamiques-socio-spatiales-et-mobilisations-politiques-3\\\/#breadcrumb\",\"itemListElement\":[{\"@type\":\"ListItem\",\"position\":1,\"name\":\"Accueil\",\"item\":\"https:\\\/\\\/mesopolhis.fr\\\/\"},{\"@type\":\"ListItem\",\"position\":2,\"name\":\"Les \u00e9v\u00e9nements\",\"item\":\"https:\\\/\\\/mesopolhis.fr\\\/blog\\\/events\\\/\"},{\"@type\":\"ListItem\",\"position\":3,\"name\":\"S\u00e9minaire Axe 4 Dynamiques socio-spatiales et mobilisations politiques \\\/ Axe transversal \u00c9tudes urbaines\"}]},{\"@type\":\"WebSite\",\"@id\":\"https:\\\/\\\/mesopolhis.fr\\\/#website\",\"url\":\"https:\\\/\\\/mesopolhis.fr\\\/\",\"name\":\"Mesopolhis\",\"description\":\"Centre m\u00e9diterran\u00e9en de sociologie, de science politique et d&#039;histoire\",\"publisher\":{\"@id\":\"https:\\\/\\\/mesopolhis.fr\\\/#organization\"},\"potentialAction\":[{\"@type\":\"SearchAction\",\"target\":{\"@type\":\"EntryPoint\",\"urlTemplate\":\"https:\\\/\\\/mesopolhis.fr\\\/?s={search_term_string}\"},\"query-input\":{\"@type\":\"PropertyValueSpecification\",\"valueRequired\":true,\"valueName\":\"search_term_string\"}}],\"inLanguage\":\"en-GB\"},{\"@type\":\"Organization\",\"@id\":\"https:\\\/\\\/mesopolhis.fr\\\/#organization\",\"name\":\"Mesopolhis\",\"url\":\"https:\\\/\\\/mesopolhis.fr\\\/\",\"logo\":{\"@type\":\"ImageObject\",\"inLanguage\":\"en-GB\",\"@id\":\"https:\\\/\\\/mesopolhis.fr\\\/#\\\/schema\\\/logo\\\/image\\\/\",\"url\":\"https:\\\/\\\/mesopolhis.fr\\\/wp-content\\\/uploads\\\/2021\\\/12\\\/Logo_MESOPOLHIS_Quadri.png\",\"contentUrl\":\"https:\\\/\\\/mesopolhis.fr\\\/wp-content\\\/uploads\\\/2021\\\/12\\\/Logo_MESOPOLHIS_Quadri.png\",\"width\":264,\"height\":69,\"caption\":\"Mesopolhis\"},\"image\":{\"@id\":\"https:\\\/\\\/mesopolhis.fr\\\/#\\\/schema\\\/logo\\\/image\\\/\"}}]}<\/script>\n<!-- \/ Yoast SEO plugin. -->","yoast_head_json":{"title":"Axis 4 Seminar: Socio-spatial dynamics and political mobilisation \/ Urban studies cross-cutting axis - Mesopolhis","robots":{"index":"index","follow":"follow","max-snippet":"max-snippet:-1","max-image-preview":"max-image-preview:large","max-video-preview":"max-video-preview:-1"},"canonical":"https:\/\/mesopolhis.fr\/en\/blog\/events\/seminar-axis-4-socio-spatial-dynamics-and-political-mobilisation-3\/","og_locale":"en_GB","og_type":"article","og_title":"S\u00e9minaire Axe 4 Dynamiques socio-spatiales et mobilisations politiques \/ Axe transversal \u00c9tudes urbaines - Mesopolhis","og_description":"Jeudi 21 novembre 2024 | 10h-12h | EPS (salle 202) En collaboration avec l\u2019axe transversal \u00c9tudes urbaines, l\u2019axe 4 du MESOPOLHIS accueillera Miguel A. Mart\u00ednez, professeur de sociologie urbaine de l\u2019Universit\u00e9 d\u2019Uppsala en Su\u00e8de. \u00c0 cette occasion, Miguel A. Mart\u00ednez pr\u00e9sentera l\u2019ouvrage Research Handbook on Urban Sociology, qu\u2019il a dirig\u00e9 et publi\u00e9 \u00e0 la maison&hellip;","og_url":"https:\/\/mesopolhis.fr\/en\/blog\/events\/seminar-axis-4-socio-spatial-dynamics-and-political-mobilisation-3\/","og_site_name":"Mesopolhis","article_modified_time":"2025-11-26T10:27:47+00:00","og_image":[{"width":1414,"height":2000,"url":"https:\/\/mesopolhis.fr\/wp-content\/uploads\/2024\/10\/Seminaire-axe-4-2024-2025.png","type":"image\/png"}],"twitter_card":"summary_large_image","twitter_misc":{"Estimated reading time":"1 minute"},"schema":{"@context":"https:\/\/schema.org","@graph":[{"@type":"WebPage","@id":"https:\/\/mesopolhis.fr\/blog\/events\/seminaire-axe-4-dynamiques-socio-spatiales-et-mobilisations-politiques-3\/","url":"https:\/\/mesopolhis.fr\/blog\/events\/seminaire-axe-4-dynamiques-socio-spatiales-et-mobilisations-politiques-3\/","name":"Axis 4 Seminar: Socio-spatial dynamics and political mobilisation \/ Urban studies cross-cutting axis - Mesopolhis","isPartOf":{"@id":"https:\/\/mesopolhis.fr\/#website"},"primaryImageOfPage":{"@id":"https:\/\/mesopolhis.fr\/blog\/events\/seminaire-axe-4-dynamiques-socio-spatiales-et-mobilisations-politiques-3\/#primaryimage"},"image":{"@id":"https:\/\/mesopolhis.fr\/blog\/events\/seminaire-axe-4-dynamiques-socio-spatiales-et-mobilisations-politiques-3\/#primaryimage"},"thumbnailUrl":"https:\/\/mesopolhis.fr\/wp-content\/uploads\/2024\/10\/Seminaire-axe-4-2024-2025.png","datePublished":"2024-10-16T15:02:41+00:00","dateModified":"2025-11-26T10:27:47+00:00","breadcrumb":{"@id":"https:\/\/mesopolhis.fr\/blog\/events\/seminaire-axe-4-dynamiques-socio-spatiales-et-mobilisations-politiques-3\/#breadcrumb"},"inLanguage":"en-GB","potentialAction":[{"@type":"ReadAction","target":["https:\/\/mesopolhis.fr\/blog\/events\/seminaire-axe-4-dynamiques-socio-spatiales-et-mobilisations-politiques-3\/"]}]},{"@type":"ImageObject","inLanguage":"en-GB","@id":"https:\/\/mesopolhis.fr\/blog\/events\/seminaire-axe-4-dynamiques-socio-spatiales-et-mobilisations-politiques-3\/#primaryimage","url":"https:\/\/mesopolhis.fr\/wp-content\/uploads\/2024\/10\/Seminaire-axe-4-2024-2025.png","contentUrl":"https:\/\/mesopolhis.fr\/wp-content\/uploads\/2024\/10\/Seminaire-axe-4-2024-2025.png"},{"@type":"BreadcrumbList","@id":"https:\/\/mesopolhis.fr\/blog\/events\/seminaire-axe-4-dynamiques-socio-spatiales-et-mobilisations-politiques-3\/#breadcrumb","itemListElement":[{"@type":"ListItem","position":1,"name":"Accueil","item":"https:\/\/mesopolhis.fr\/"},{"@type":"ListItem","position":2,"name":"Les \u00e9v\u00e9nements","item":"https:\/\/mesopolhis.fr\/blog\/events\/"},{"@type":"ListItem","position":3,"name":"S\u00e9minaire Axe 4 Dynamiques socio-spatiales et mobilisations politiques \/ Axe transversal \u00c9tudes urbaines"}]},{"@type":"WebSite","@id":"https:\/\/mesopolhis.fr\/#website","url":"https:\/\/mesopolhis.fr\/","name":"Mesopolhis","description":"Mediterranean Centre for Sociology, Political Science and History","publisher":{"@id":"https:\/\/mesopolhis.fr\/#organization"},"potentialAction":[{"@type":"SearchAction","target":{"@type":"EntryPoint","urlTemplate":"https:\/\/mesopolhis.fr\/?s={search_term_string}"},"query-input":{"@type":"PropertyValueSpecification","valueRequired":true,"valueName":"search_term_string"}}],"inLanguage":"en-GB"},{"@type":"Organization","@id":"https:\/\/mesopolhis.fr\/#organization","name":"Mesopolhis","url":"https:\/\/mesopolhis.fr\/","logo":{"@type":"ImageObject","inLanguage":"en-GB","@id":"https:\/\/mesopolhis.fr\/#\/schema\/logo\/image\/","url":"https:\/\/mesopolhis.fr\/wp-content\/uploads\/2021\/12\/Logo_MESOPOLHIS_Quadri.png","contentUrl":"https:\/\/mesopolhis.fr\/wp-content\/uploads\/2021\/12\/Logo_MESOPOLHIS_Quadri.png","width":264,"height":69,"caption":"Mesopolhis"},"image":{"@id":"https:\/\/mesopolhis.fr\/#\/schema\/logo\/image\/"}}]}},"_links":{"self":[{"href":"https:\/\/mesopolhis.fr\/en\/wp-json\/wp\/v2\/ajde_events\/35357","targetHints":{"allow":["GET"]}}],"collection":[{"href":"https:\/\/mesopolhis.fr\/en\/wp-json\/wp\/v2\/ajde_events"}],"about":[{"href":"https:\/\/mesopolhis.fr\/en\/wp-json\/wp\/v2\/types\/ajde_events"}],"author":[{"embeddable":true,"href":"https:\/\/mesopolhis.fr\/en\/wp-json\/wp\/v2\/users\/343"}],"replies":[{"embeddable":true,"href":"https:\/\/mesopolhis.fr\/en\/wp-json\/wp\/v2\/comments?post=35357"}],"wp:attachment":[{"href":"https:\/\/mesopolhis.fr\/en\/wp-json\/wp\/v2\/media?parent=35357"}],"wp:term":[{"taxonomy":"post_tag","embeddable":true,"href":"https:\/\/mesopolhis.fr\/en\/wp-json\/wp\/v2\/tags?post=35357"},{"taxonomy":"event_type","embeddable":true,"href":"https:\/\/mesopolhis.fr\/en\/wp-json\/wp\/v2\/event_type?post=35357"},{"taxonomy":"event_type_2","embeddable":true,"href":"https:\/\/mesopolhis.fr\/en\/wp-json\/wp\/v2\/event_type_2?post=35357"}],"curies":[{"name":"wp","href":"https:\/\/api.w.org\/{rel}","templated":true}]}}