{"id":33823,"date":"2023-10-26T10:14:19","date_gmt":"2023-10-26T08:14:19","guid":{"rendered":"https:\/\/mesopolhis.fr\/blog\/events\/seminaire-doctoral-israel-palestine-iremam-mesopolhis-2\/"},"modified":"2023-11-14T14:07:24","modified_gmt":"2023-11-14T13:07:24","slug":"israel-palestine-iremam-mesopolhis-2-doctoral-seminar","status":"publish","type":"ajde_events","link":"https:\/\/mesopolhis.fr\/en\/blog\/events\/israel-palestine-iremam-mesopolhis-2-doctoral-seminar\/","title":{"rendered":"Israel-Palestine doctoral seminar, Iremam \/ Mesopolhis #2"},"content":{"rendered":"\n<p><\/p>\n\n\n<div class=\"wp-block-image\">\n<figure class=\"alignleft size-full\"><img loading=\"lazy\" decoding=\"async\" width=\"500\" height=\"333\" src=\"https:\/\/mesopolhis.fr\/wp-content\/uploads\/2023\/10\/7EEB73CE-0517-43DE-9BFC-6E47D11B3CCF_1_105_c-500x333-1.jpeg\" alt=\"\" class=\"wp-image-33822\" srcset=\"https:\/\/mesopolhis.fr\/wp-content\/uploads\/2023\/10\/7EEB73CE-0517-43DE-9BFC-6E47D11B3CCF_1_105_c-500x333-1.jpeg 500w, https:\/\/mesopolhis.fr\/wp-content\/uploads\/2023\/10\/7EEB73CE-0517-43DE-9BFC-6E47D11B3CCF_1_105_c-500x333-1-300x200.jpeg 300w\" sizes=\"auto, (max-width: 500px) 100vw, 500px\" \/><\/figure>\n<\/div>\n\n\n<p>Apr\u00e8s une premi\u00e8re session entre janvier et juin 2023, le s\u00e9minaire doctoral Isra\u00ebl \u2013 Palestine est reconduit pour une nouvelle programmation automne \/ hiver 2023-2024. Organis\u00e9 par Th\u00e9o Borel et Gabriel Terrasson, doctorants de l\u2019IREMAM (UMR 7310) et de MESOPOLHIS (UMR 7064), ce s\u00e9minaire public a pour ambition de programmer un rendez-vous mensuel pour les chercheur.e.s, post-doctorant.e.s, doctorant.e.s et \u00e9tudiant.e.s de master en sciences humaines et sociales dont les recherches portent sur les espaces isra\u00e9lo-palestiniens.<\/p>\n\n\n\n<p>Dans le prolongement du programme ANR Mobilit\u00e9s, fronti\u00e8res et conflits dans les espaces isra\u00e9lo-palestiniens (2007-2011), du s\u00e9minaire de recherche Spatialit\u00e9s et temporalit\u00e9s palestiniennes (2017-2020), cette rencontre interdisciplinaire, s\u2019inscrit au carrefour de l\u2019anthropologie, la g\u00e9ographie, l\u2019histoire, la litt\u00e9rature, la sociologie, la science politique et de l\u2019art. Il permettra ainsi de partager les outils, les approches et les concepts utilis\u00e9s par les chercheur.e.s, enseignant.e.s chercheur.e.s post-doctorant.e.s, doctorant.e.s et \u00e9tudiant.e.s dans une perspective \u00e0 la fois \u00e9pist\u00e9mologique et m\u00e9thodologique.<\/p>\n\n\n\n<p>Les quatre s\u00e9ances de 2 heures, pr\u00e9vues entre novembre et d\u00e9cembre 2023, s\u2019articuleront en trois temps. La premi\u00e8re partie sera consacr\u00e9e \u00e0 la pr\u00e9sentation r\u00e9sum\u00e9e du travail \u00e9crit d\u2019un des doctorants. Cet expos\u00e9 sera suivi d\u2019un commentaire argument\u00e9, effectu\u00e9 par un post-doctorant, un chercheur ou un enseignant-chercheur, \u00e0 partir du texte fourni au pr\u00e9alable. Enfin le d\u00e9bat sera ouvert \u00e0 la salle pour une discussion collective notamment avec les autres doctorants.e.s.&nbsp;<\/p>\n\n\n\n<hr class=\"wp-block-separator has-alpha-channel-opacity\" \/>\n\n\n\n<p>#2 &#8211; <strong>Vendredi 17 novembre 2023<\/strong> de 14h \u00e0 16h se d\u00e9roulera la seconde s\u00e9ance de l\u2019\u00e9dition n\u00b02 du s\u00e9minaire doctoral Isra\u00ebl \u2013 Palestine Iremam \/ Mesopolhis 2023-2024.\u00a0<\/p>\n\n\n\n<p>Lors de cette prochaine s\u00e9ance nous accueillerons <strong>Eve Benhamou<\/strong>, ATER \u00e0 l\u2019IEP d\u2019Aix-en-Provence et doctorante \u00e0 l\u2019ICEE, pour une intervention intitul\u00e9e&nbsp;<em>\u00abLa seconde Intifada et ses r\u00e9percussions sur la sc\u00e8ne int\u00e9rieure et diplomatique fran\u00e7aise 2000-2005\u00bb.<\/em>&nbsp;Pour discuter de cette communication nous recevrons&nbsp;Elisabeth Marteu (Centre de recherches politiques Sciences Po Paris(CEVIPOF))&nbsp;<\/p>\n\n\n\n<p>La s\u00e9ance se d\u00e9roulera dans les locaux de l\u2019IREMAM <strong>salle A219<\/strong>.&nbsp;<\/p>\n\n\n\n<p>Le format hybride sera en vigueur (pr\u00e9sentiel\/visioconf\u00e9rence).<\/p>\n\n\n\n<p>Pour obtenir le lien et le code secret de la r\u00e9union Zoom veuillez contacter Th\u00e9o Borel (<a href=\"mailto:theo.borel.13@gmail.com\">theo.borel[at]univ-amu.fr<\/a>) et\/ou Gabriel Terrasson (<a href=\"mailto:gabriel.terrasson@etu.univ-amu.fr\">gabriel.terrasson[at]etu.univ-amu.fr<\/a>&nbsp;)<\/p>\n\n\n\n<div class=\"wp-block-buttons is-layout-flex wp-block-buttons-is-layout-flex\">\n<div class=\"wp-block-button\"><a class=\"wp-block-button__link wp-element-button\" href=\"https:\/\/antiatlas.hypotheses.org\/574\" target=\"_blank\" rel=\"noreferrer noopener\">Programme du s\u00e9minaire<\/a><\/div>\n<\/div>\n","protected":false},"author":4,"featured_media":0,"menu_order":0,"comment_status":"open","ping_status":"closed","template":"","meta":{"_acf_changed":false,"inline_featured_image":false},"tags":[],"event_type":[8],"event_type_2":[],"class_list":["post-33823","ajde_events","type-ajde_events","status-publish","hentry","event_location-aix-en-provence","event_type-hors-les-murs"],"acf":[],"yoast_head":"<!-- This site is optimized with the Yoast SEO plugin v27.5 - https:\/\/yoast.com\/product\/yoast-seo-wordpress\/ -->\n<title>S\u00e9minaire doctoral Isra\u00ebl \u2013 Palestine, Iremam \/ Mesopolhis #2 - Mesopolhis<\/title>\n<meta name=\"robots\" content=\"index, follow, max-snippet:-1, max-image-preview:large, max-video-preview:-1\" \/>\n<link rel=\"canonical\" href=\"https:\/\/mesopolhis.fr\/en\/blog\/events\/israel-palestine-iremam-mesopolhis-2-doctoral-seminar\/\" \/>\n<meta property=\"og:locale\" content=\"en_GB\" \/>\n<meta property=\"og:type\" content=\"article\" \/>\n<meta property=\"og:title\" content=\"S\u00e9minaire doctoral Isra\u00ebl \u2013 Palestine, Iremam \/ Mesopolhis #2 - Mesopolhis\" \/>\n<meta property=\"og:description\" content=\"Apr\u00e8s une premi\u00e8re session entre janvier et juin 2023, le s\u00e9minaire doctoral Isra\u00ebl \u2013 Palestine est reconduit pour une nouvelle programmation automne \/ hiver 2023-2024. Organis\u00e9 par Th\u00e9o Borel et Gabriel Terrasson, doctorants de l\u2019IREMAM (UMR 7310) et de MESOPOLHIS (UMR 7064), ce s\u00e9minaire public a pour ambition de programmer un rendez-vous mensuel pour les&hellip;\" \/>\n<meta property=\"og:url\" content=\"https:\/\/mesopolhis.fr\/en\/blog\/events\/israel-palestine-iremam-mesopolhis-2-doctoral-seminar\/\" \/>\n<meta property=\"og:site_name\" content=\"Mesopolhis\" \/>\n<meta property=\"article:modified_time\" content=\"2023-11-14T13:07:24+00:00\" \/>\n<meta property=\"og:image\" content=\"https:\/\/mesopolhis.fr\/wp-content\/uploads\/2023\/10\/7EEB73CE-0517-43DE-9BFC-6E47D11B3CCF_1_105_c-500x333-1.jpeg\" \/>\n<meta name=\"twitter:card\" content=\"summary_large_image\" \/>\n<meta name=\"twitter:label1\" content=\"Estimated reading time\" \/>\n\t<meta name=\"twitter:data1\" content=\"2 minutes\" \/>\n<script type=\"application\/ld+json\" class=\"yoast-schema-graph\">{\"@context\":\"https:\\\/\\\/schema.org\",\"@graph\":[{\"@type\":\"WebPage\",\"@id\":\"https:\\\/\\\/mesopolhis.fr\\\/blog\\\/events\\\/seminaire-doctoral-israel-palestine-iremam-mesopolhis-2\\\/\",\"url\":\"https:\\\/\\\/mesopolhis.fr\\\/blog\\\/events\\\/seminaire-doctoral-israel-palestine-iremam-mesopolhis-2\\\/\",\"name\":\"S\u00e9minaire doctoral Isra\u00ebl \u2013 Palestine, Iremam \\\/ Mesopolhis #2 - Mesopolhis\",\"isPartOf\":{\"@id\":\"https:\\\/\\\/mesopolhis.fr\\\/#website\"},\"primaryImageOfPage\":{\"@id\":\"https:\\\/\\\/mesopolhis.fr\\\/blog\\\/events\\\/seminaire-doctoral-israel-palestine-iremam-mesopolhis-2\\\/#primaryimage\"},\"image\":{\"@id\":\"https:\\\/\\\/mesopolhis.fr\\\/blog\\\/events\\\/seminaire-doctoral-israel-palestine-iremam-mesopolhis-2\\\/#primaryimage\"},\"thumbnailUrl\":\"https:\\\/\\\/mesopolhis.fr\\\/wp-content\\\/uploads\\\/2023\\\/10\\\/7EEB73CE-0517-43DE-9BFC-6E47D11B3CCF_1_105_c-500x333-1.jpeg\",\"datePublished\":\"2023-10-26T08:14:19+00:00\",\"dateModified\":\"2023-11-14T13:07:24+00:00\",\"breadcrumb\":{\"@id\":\"https:\\\/\\\/mesopolhis.fr\\\/blog\\\/events\\\/seminaire-doctoral-israel-palestine-iremam-mesopolhis-2\\\/#breadcrumb\"},\"inLanguage\":\"en-GB\",\"potentialAction\":[{\"@type\":\"ReadAction\",\"target\":[\"https:\\\/\\\/mesopolhis.fr\\\/blog\\\/events\\\/seminaire-doctoral-israel-palestine-iremam-mesopolhis-2\\\/\"]}]},{\"@type\":\"ImageObject\",\"inLanguage\":\"en-GB\",\"@id\":\"https:\\\/\\\/mesopolhis.fr\\\/blog\\\/events\\\/seminaire-doctoral-israel-palestine-iremam-mesopolhis-2\\\/#primaryimage\",\"url\":\"https:\\\/\\\/mesopolhis.fr\\\/wp-content\\\/uploads\\\/2023\\\/10\\\/7EEB73CE-0517-43DE-9BFC-6E47D11B3CCF_1_105_c-500x333-1.jpeg\",\"contentUrl\":\"https:\\\/\\\/mesopolhis.fr\\\/wp-content\\\/uploads\\\/2023\\\/10\\\/7EEB73CE-0517-43DE-9BFC-6E47D11B3CCF_1_105_c-500x333-1.jpeg\"},{\"@type\":\"BreadcrumbList\",\"@id\":\"https:\\\/\\\/mesopolhis.fr\\\/blog\\\/events\\\/seminaire-doctoral-israel-palestine-iremam-mesopolhis-2\\\/#breadcrumb\",\"itemListElement\":[{\"@type\":\"ListItem\",\"position\":1,\"name\":\"Accueil\",\"item\":\"https:\\\/\\\/mesopolhis.fr\\\/\"},{\"@type\":\"ListItem\",\"position\":2,\"name\":\"Les \u00e9v\u00e9nements\",\"item\":\"https:\\\/\\\/mesopolhis.fr\\\/blog\\\/events\\\/\"},{\"@type\":\"ListItem\",\"position\":3,\"name\":\"S\u00e9minaire doctoral Isra\u00ebl \u2013 Palestine, Iremam \\\/ Mesopolhis #2\"}]},{\"@type\":\"WebSite\",\"@id\":\"https:\\\/\\\/mesopolhis.fr\\\/#website\",\"url\":\"https:\\\/\\\/mesopolhis.fr\\\/\",\"name\":\"Mesopolhis\",\"description\":\"Centre m\u00e9diterran\u00e9en de sociologie, de science politique et d&#039;histoire\",\"publisher\":{\"@id\":\"https:\\\/\\\/mesopolhis.fr\\\/#organization\"},\"potentialAction\":[{\"@type\":\"SearchAction\",\"target\":{\"@type\":\"EntryPoint\",\"urlTemplate\":\"https:\\\/\\\/mesopolhis.fr\\\/?s={search_term_string}\"},\"query-input\":{\"@type\":\"PropertyValueSpecification\",\"valueRequired\":true,\"valueName\":\"search_term_string\"}}],\"inLanguage\":\"en-GB\"},{\"@type\":\"Organization\",\"@id\":\"https:\\\/\\\/mesopolhis.fr\\\/#organization\",\"name\":\"Mesopolhis\",\"url\":\"https:\\\/\\\/mesopolhis.fr\\\/\",\"logo\":{\"@type\":\"ImageObject\",\"inLanguage\":\"en-GB\",\"@id\":\"https:\\\/\\\/mesopolhis.fr\\\/#\\\/schema\\\/logo\\\/image\\\/\",\"url\":\"https:\\\/\\\/mesopolhis.fr\\\/wp-content\\\/uploads\\\/2021\\\/12\\\/Logo_MESOPOLHIS_Quadri.png\",\"contentUrl\":\"https:\\\/\\\/mesopolhis.fr\\\/wp-content\\\/uploads\\\/2021\\\/12\\\/Logo_MESOPOLHIS_Quadri.png\",\"width\":264,\"height\":69,\"caption\":\"Mesopolhis\"},\"image\":{\"@id\":\"https:\\\/\\\/mesopolhis.fr\\\/#\\\/schema\\\/logo\\\/image\\\/\"}}]}<\/script>\n<!-- \/ Yoast SEO plugin. -->","yoast_head_json":{"title":"Israel - Palestine doctoral seminar, Iremam \/ Mesopolhis #2 - Mesopolhis","robots":{"index":"index","follow":"follow","max-snippet":"max-snippet:-1","max-image-preview":"max-image-preview:large","max-video-preview":"max-video-preview:-1"},"canonical":"https:\/\/mesopolhis.fr\/en\/blog\/events\/israel-palestine-iremam-mesopolhis-2-doctoral-seminar\/","og_locale":"en_GB","og_type":"article","og_title":"S\u00e9minaire doctoral Isra\u00ebl \u2013 Palestine, Iremam \/ Mesopolhis #2 - Mesopolhis","og_description":"Apr\u00e8s une premi\u00e8re session entre janvier et juin 2023, le s\u00e9minaire doctoral Isra\u00ebl \u2013 Palestine est reconduit pour une nouvelle programmation automne \/ hiver 2023-2024. Organis\u00e9 par Th\u00e9o Borel et Gabriel Terrasson, doctorants de l\u2019IREMAM (UMR 7310) et de MESOPOLHIS (UMR 7064), ce s\u00e9minaire public a pour ambition de programmer un rendez-vous mensuel pour les&hellip;","og_url":"https:\/\/mesopolhis.fr\/en\/blog\/events\/israel-palestine-iremam-mesopolhis-2-doctoral-seminar\/","og_site_name":"Mesopolhis","article_modified_time":"2023-11-14T13:07:24+00:00","og_image":[{"url":"https:\/\/mesopolhis.fr\/wp-content\/uploads\/2023\/10\/7EEB73CE-0517-43DE-9BFC-6E47D11B3CCF_1_105_c-500x333-1.jpeg","type":"","width":"","height":""}],"twitter_card":"summary_large_image","twitter_misc":{"Estimated reading time":"2 minutes"},"schema":{"@context":"https:\/\/schema.org","@graph":[{"@type":"WebPage","@id":"https:\/\/mesopolhis.fr\/blog\/events\/seminaire-doctoral-israel-palestine-iremam-mesopolhis-2\/","url":"https:\/\/mesopolhis.fr\/blog\/events\/seminaire-doctoral-israel-palestine-iremam-mesopolhis-2\/","name":"Israel - Palestine doctoral seminar, Iremam \/ Mesopolhis #2 - Mesopolhis","isPartOf":{"@id":"https:\/\/mesopolhis.fr\/#website"},"primaryImageOfPage":{"@id":"https:\/\/mesopolhis.fr\/blog\/events\/seminaire-doctoral-israel-palestine-iremam-mesopolhis-2\/#primaryimage"},"image":{"@id":"https:\/\/mesopolhis.fr\/blog\/events\/seminaire-doctoral-israel-palestine-iremam-mesopolhis-2\/#primaryimage"},"thumbnailUrl":"https:\/\/mesopolhis.fr\/wp-content\/uploads\/2023\/10\/7EEB73CE-0517-43DE-9BFC-6E47D11B3CCF_1_105_c-500x333-1.jpeg","datePublished":"2023-10-26T08:14:19+00:00","dateModified":"2023-11-14T13:07:24+00:00","breadcrumb":{"@id":"https:\/\/mesopolhis.fr\/blog\/events\/seminaire-doctoral-israel-palestine-iremam-mesopolhis-2\/#breadcrumb"},"inLanguage":"en-GB","potentialAction":[{"@type":"ReadAction","target":["https:\/\/mesopolhis.fr\/blog\/events\/seminaire-doctoral-israel-palestine-iremam-mesopolhis-2\/"]}]},{"@type":"ImageObject","inLanguage":"en-GB","@id":"https:\/\/mesopolhis.fr\/blog\/events\/seminaire-doctoral-israel-palestine-iremam-mesopolhis-2\/#primaryimage","url":"https:\/\/mesopolhis.fr\/wp-content\/uploads\/2023\/10\/7EEB73CE-0517-43DE-9BFC-6E47D11B3CCF_1_105_c-500x333-1.jpeg","contentUrl":"https:\/\/mesopolhis.fr\/wp-content\/uploads\/2023\/10\/7EEB73CE-0517-43DE-9BFC-6E47D11B3CCF_1_105_c-500x333-1.jpeg"},{"@type":"BreadcrumbList","@id":"https:\/\/mesopolhis.fr\/blog\/events\/seminaire-doctoral-israel-palestine-iremam-mesopolhis-2\/#breadcrumb","itemListElement":[{"@type":"ListItem","position":1,"name":"Accueil","item":"https:\/\/mesopolhis.fr\/"},{"@type":"ListItem","position":2,"name":"Les \u00e9v\u00e9nements","item":"https:\/\/mesopolhis.fr\/blog\/events\/"},{"@type":"ListItem","position":3,"name":"S\u00e9minaire doctoral Isra\u00ebl \u2013 Palestine, Iremam \/ Mesopolhis #2"}]},{"@type":"WebSite","@id":"https:\/\/mesopolhis.fr\/#website","url":"https:\/\/mesopolhis.fr\/","name":"Mesopolhis","description":"Mediterranean Centre for Sociology, Political Science and History","publisher":{"@id":"https:\/\/mesopolhis.fr\/#organization"},"potentialAction":[{"@type":"SearchAction","target":{"@type":"EntryPoint","urlTemplate":"https:\/\/mesopolhis.fr\/?s={search_term_string}"},"query-input":{"@type":"PropertyValueSpecification","valueRequired":true,"valueName":"search_term_string"}}],"inLanguage":"en-GB"},{"@type":"Organization","@id":"https:\/\/mesopolhis.fr\/#organization","name":"Mesopolhis","url":"https:\/\/mesopolhis.fr\/","logo":{"@type":"ImageObject","inLanguage":"en-GB","@id":"https:\/\/mesopolhis.fr\/#\/schema\/logo\/image\/","url":"https:\/\/mesopolhis.fr\/wp-content\/uploads\/2021\/12\/Logo_MESOPOLHIS_Quadri.png","contentUrl":"https:\/\/mesopolhis.fr\/wp-content\/uploads\/2021\/12\/Logo_MESOPOLHIS_Quadri.png","width":264,"height":69,"caption":"Mesopolhis"},"image":{"@id":"https:\/\/mesopolhis.fr\/#\/schema\/logo\/image\/"}}]}},"_links":{"self":[{"href":"https:\/\/mesopolhis.fr\/en\/wp-json\/wp\/v2\/ajde_events\/33823","targetHints":{"allow":["GET"]}}],"collection":[{"href":"https:\/\/mesopolhis.fr\/en\/wp-json\/wp\/v2\/ajde_events"}],"about":[{"href":"https:\/\/mesopolhis.fr\/en\/wp-json\/wp\/v2\/types\/ajde_events"}],"author":[{"embeddable":true,"href":"https:\/\/mesopolhis.fr\/en\/wp-json\/wp\/v2\/users\/4"}],"replies":[{"embeddable":true,"href":"https:\/\/mesopolhis.fr\/en\/wp-json\/wp\/v2\/comments?post=33823"}],"wp:attachment":[{"href":"https:\/\/mesopolhis.fr\/en\/wp-json\/wp\/v2\/media?parent=33823"}],"wp:term":[{"taxonomy":"post_tag","embeddable":true,"href":"https:\/\/mesopolhis.fr\/en\/wp-json\/wp\/v2\/tags?post=33823"},{"taxonomy":"event_type","embeddable":true,"href":"https:\/\/mesopolhis.fr\/en\/wp-json\/wp\/v2\/event_type?post=33823"},{"taxonomy":"event_type_2","embeddable":true,"href":"https:\/\/mesopolhis.fr\/en\/wp-json\/wp\/v2\/event_type_2?post=33823"}],"curies":[{"name":"wp","href":"https:\/\/api.w.org\/{rel}","templated":true}]}}