{"id":31946,"date":"2022-10-18T09:06:43","date_gmt":"2022-10-18T07:06:43","guid":{"rendered":"https:\/\/mesopolhis.fr\/?post_type=ajde_events&#038;p=31946"},"modified":"2022-10-20T11:28:45","modified_gmt":"2022-10-20T09:28:45","slug":"conference-political-exile-and-arab-migrations-in-turkey-istanbul-turkey","status":"publish","type":"ajde_events","link":"https:\/\/mesopolhis.fr\/en\/blog\/events\/conference-political-exile-and-arab-migrations-in-turkey-istanbul-turkey\/","title":{"rendered":"Political exile and arab migrations in Turkey conference - Istanbul, Turkey"},"content":{"rendered":"<figure class=\"wp-block-image size-large is-resized\"><img loading=\"lazy\" decoding=\"async\" src=\"https:\/\/mesopolhis.fr\/wp-content\/uploads\/2022\/10\/Affiche-724x1024.png\" alt=\"\" class=\"wp-image-31947\" width=\"724\" height=\"1024\" srcset=\"https:\/\/mesopolhis.fr\/wp-content\/uploads\/2022\/10\/Affiche-724x1024.png 724w, https:\/\/mesopolhis.fr\/wp-content\/uploads\/2022\/10\/Affiche-212x300.png 212w, https:\/\/mesopolhis.fr\/wp-content\/uploads\/2022\/10\/Affiche-768x1086.png 768w, https:\/\/mesopolhis.fr\/wp-content\/uploads\/2022\/10\/Affiche-1086x1536.png 1086w, https:\/\/mesopolhis.fr\/wp-content\/uploads\/2022\/10\/Affiche-1448x2048.png 1448w, https:\/\/mesopolhis.fr\/wp-content\/uploads\/2022\/10\/Affiche-1320x1867.png 1320w, https:\/\/mesopolhis.fr\/wp-content\/uploads\/2022\/10\/Affiche.png 1587w\" sizes=\"auto, (max-width: 724px) 100vw, 724px\" \/><\/figure>\n\n\n\n<p>The conference \"Political exile and Arab migrations in Turkey: Activism, Mobilizations, Impacts on the host country\" will take place on 3 &amp; 4 November in Istanbul. It is organised by Yohanan Benha\u00efm (IFEA), Nouran Gad (Mesopolhis), and Enrique Klaus (Universit\u00e9 C\u00f4te d'Azur), and by the Institut Fran\u00e7ais d'Etudes Anatoliennes (IFEA), with the support of mesopolhis, the IISMM, the Galatasaray Consortium and the ERC LIVE-AR.&nbsp;<\/p>\n\n\n\n<p>The aim of this conference is to examine the relationship between Arab\/Arab-speaking migration and politics in Turkey. There have been many such population movements since 2011, yet they remain under-researched.\u00a0<\/p>\n\n\n\n<p>With the participation of : Nouran Gad - Mesopolhis-Sciences Po Aix (organiser and participant); Dilek Yankaya - Mesopolhis-Sciences Po Aix (discussant) and L\u00e9o Fourn - Mesopolhis (participant).<\/p>\n\n\n\n<div class=\"wp-block-buttons is-layout-flex wp-block-buttons-is-layout-flex\">\n<div class=\"wp-block-button\"><a class=\"wp-block-button__link\" href=\"https:\/\/mesopolhis.fr\/wp-content\/uploads\/2022\/10\/Program_PolexileTurkey_11.22.pdf\" target=\"_blank\" rel=\"noreferrer noopener\">See the programme<\/a><\/div>\n\n\n\n<div class=\"wp-block-button\"><a class=\"wp-block-button__link\" href=\"https:\/\/forms.gle\/rvzazFvFaPTcptZd9\" target=\"_blank\" rel=\"noreferrer noopener\">Registration<\/a><\/div>\n<\/div>","protected":false},"author":4,"featured_media":31947,"menu_order":0,"comment_status":"open","ping_status":"closed","template":"","meta":{"_acf_changed":false,"inline_featured_image":false},"tags":[],"event_type":[3],"event_type_2":[],"class_list":["post-31946","ajde_events","type-ajde_events","status-publish","has-post-thumbnail","hentry","event_location-ifea-istanbul","event_type-autres"],"acf":[],"yoast_head":"<!-- This site is optimized with the Yoast SEO plugin v27.5 - https:\/\/yoast.com\/product\/yoast-seo-wordpress\/ -->\n<title>Colloque Political exile and arab migrations in Turkey - Istanbul, Turquie - Mesopolhis<\/title>\n<meta name=\"robots\" content=\"index, follow, max-snippet:-1, max-image-preview:large, max-video-preview:-1\" \/>\n<link rel=\"canonical\" href=\"https:\/\/mesopolhis.fr\/en\/blog\/events\/conference-political-exile-and-arab-migrations-in-turkey-istanbul-turkey\/\" \/>\n<meta property=\"og:locale\" content=\"en_GB\" \/>\n<meta property=\"og:type\" content=\"article\" \/>\n<meta property=\"og:title\" content=\"Colloque Political exile and arab migrations in Turkey - Istanbul, Turquie - Mesopolhis\" \/>\n<meta property=\"og:description\" content=\"Le colloque \u00ab\u00a0Political exile and Arab migrations in Turkey : Activism, Mobilizations, Impacts on the host country\u00a0\u00bb aura lieu les 3 &amp; 4 Novembre \u00e0 Istanbul. Il est organis\u00e9 Yohanan Benha\u00efm (IFEA), Nouran Gad (Mesopolhis), et Enrique Klaus (Universit\u00e9 C\u00f4te d&rsquo;Azur), et par l&rsquo;Institut Fran\u00e7ais d&rsquo;Etudes Anatoliennes (IFEA), avec le soutien de mesopolhis, de l&rsquo;IISMM,&hellip;\" \/>\n<meta property=\"og:url\" content=\"https:\/\/mesopolhis.fr\/en\/blog\/events\/conference-political-exile-and-arab-migrations-in-turkey-istanbul-turkey\/\" \/>\n<meta property=\"og:site_name\" content=\"Mesopolhis\" \/>\n<meta property=\"article:modified_time\" content=\"2022-10-20T09:28:45+00:00\" \/>\n<meta property=\"og:image\" content=\"https:\/\/mesopolhis.fr\/wp-content\/uploads\/2022\/10\/Affiche.png\" \/>\n\t<meta property=\"og:image:width\" content=\"1587\" \/>\n\t<meta property=\"og:image:height\" content=\"2245\" \/>\n\t<meta property=\"og:image:type\" content=\"image\/png\" \/>\n<meta name=\"twitter:card\" content=\"summary_large_image\" \/>\n<meta name=\"twitter:label1\" content=\"Estimated reading time\" \/>\n\t<meta name=\"twitter:data1\" content=\"1 minute\" \/>\n<script type=\"application\/ld+json\" class=\"yoast-schema-graph\">{\"@context\":\"https:\\\/\\\/schema.org\",\"@graph\":[{\"@type\":\"WebPage\",\"@id\":\"https:\\\/\\\/mesopolhis.fr\\\/blog\\\/events\\\/colloque-political-exile-and-arab-migrations-in-turkey-istanbul-turquie\\\/\",\"url\":\"https:\\\/\\\/mesopolhis.fr\\\/blog\\\/events\\\/colloque-political-exile-and-arab-migrations-in-turkey-istanbul-turquie\\\/\",\"name\":\"Colloque Political exile and arab migrations in Turkey - Istanbul, Turquie - Mesopolhis\",\"isPartOf\":{\"@id\":\"https:\\\/\\\/mesopolhis.fr\\\/#website\"},\"primaryImageOfPage\":{\"@id\":\"https:\\\/\\\/mesopolhis.fr\\\/blog\\\/events\\\/colloque-political-exile-and-arab-migrations-in-turkey-istanbul-turquie\\\/#primaryimage\"},\"image\":{\"@id\":\"https:\\\/\\\/mesopolhis.fr\\\/blog\\\/events\\\/colloque-political-exile-and-arab-migrations-in-turkey-istanbul-turquie\\\/#primaryimage\"},\"thumbnailUrl\":\"https:\\\/\\\/mesopolhis.fr\\\/wp-content\\\/uploads\\\/2022\\\/10\\\/Affiche.png\",\"datePublished\":\"2022-10-18T07:06:43+00:00\",\"dateModified\":\"2022-10-20T09:28:45+00:00\",\"breadcrumb\":{\"@id\":\"https:\\\/\\\/mesopolhis.fr\\\/blog\\\/events\\\/colloque-political-exile-and-arab-migrations-in-turkey-istanbul-turquie\\\/#breadcrumb\"},\"inLanguage\":\"en-GB\",\"potentialAction\":[{\"@type\":\"ReadAction\",\"target\":[\"https:\\\/\\\/mesopolhis.fr\\\/blog\\\/events\\\/colloque-political-exile-and-arab-migrations-in-turkey-istanbul-turquie\\\/\"]}]},{\"@type\":\"ImageObject\",\"inLanguage\":\"en-GB\",\"@id\":\"https:\\\/\\\/mesopolhis.fr\\\/blog\\\/events\\\/colloque-political-exile-and-arab-migrations-in-turkey-istanbul-turquie\\\/#primaryimage\",\"url\":\"https:\\\/\\\/mesopolhis.fr\\\/wp-content\\\/uploads\\\/2022\\\/10\\\/Affiche.png\",\"contentUrl\":\"https:\\\/\\\/mesopolhis.fr\\\/wp-content\\\/uploads\\\/2022\\\/10\\\/Affiche.png\",\"width\":1587,\"height\":2245},{\"@type\":\"BreadcrumbList\",\"@id\":\"https:\\\/\\\/mesopolhis.fr\\\/blog\\\/events\\\/colloque-political-exile-and-arab-migrations-in-turkey-istanbul-turquie\\\/#breadcrumb\",\"itemListElement\":[{\"@type\":\"ListItem\",\"position\":1,\"name\":\"Accueil\",\"item\":\"https:\\\/\\\/mesopolhis.fr\\\/\"},{\"@type\":\"ListItem\",\"position\":2,\"name\":\"Les \u00e9v\u00e9nements\",\"item\":\"https:\\\/\\\/mesopolhis.fr\\\/blog\\\/events\\\/\"},{\"@type\":\"ListItem\",\"position\":3,\"name\":\"Colloque Political exile and arab migrations in Turkey &#8211; Istanbul, Turquie\"}]},{\"@type\":\"WebSite\",\"@id\":\"https:\\\/\\\/mesopolhis.fr\\\/#website\",\"url\":\"https:\\\/\\\/mesopolhis.fr\\\/\",\"name\":\"Mesopolhis\",\"description\":\"Centre m\u00e9diterran\u00e9en de sociologie, de science politique et d&#039;histoire\",\"publisher\":{\"@id\":\"https:\\\/\\\/mesopolhis.fr\\\/#organization\"},\"potentialAction\":[{\"@type\":\"SearchAction\",\"target\":{\"@type\":\"EntryPoint\",\"urlTemplate\":\"https:\\\/\\\/mesopolhis.fr\\\/?s={search_term_string}\"},\"query-input\":{\"@type\":\"PropertyValueSpecification\",\"valueRequired\":true,\"valueName\":\"search_term_string\"}}],\"inLanguage\":\"en-GB\"},{\"@type\":\"Organization\",\"@id\":\"https:\\\/\\\/mesopolhis.fr\\\/#organization\",\"name\":\"Mesopolhis\",\"url\":\"https:\\\/\\\/mesopolhis.fr\\\/\",\"logo\":{\"@type\":\"ImageObject\",\"inLanguage\":\"en-GB\",\"@id\":\"https:\\\/\\\/mesopolhis.fr\\\/#\\\/schema\\\/logo\\\/image\\\/\",\"url\":\"https:\\\/\\\/mesopolhis.fr\\\/wp-content\\\/uploads\\\/2021\\\/12\\\/Logo_MESOPOLHIS_Quadri.png\",\"contentUrl\":\"https:\\\/\\\/mesopolhis.fr\\\/wp-content\\\/uploads\\\/2021\\\/12\\\/Logo_MESOPOLHIS_Quadri.png\",\"width\":264,\"height\":69,\"caption\":\"Mesopolhis\"},\"image\":{\"@id\":\"https:\\\/\\\/mesopolhis.fr\\\/#\\\/schema\\\/logo\\\/image\\\/\"}}]}<\/script>\n<!-- \/ Yoast SEO plugin. -->","yoast_head_json":{"title":"Political exile and arab migrations in Turkey conference - Istanbul, Turkey - Mesopolhis","robots":{"index":"index","follow":"follow","max-snippet":"max-snippet:-1","max-image-preview":"max-image-preview:large","max-video-preview":"max-video-preview:-1"},"canonical":"https:\/\/mesopolhis.fr\/en\/blog\/events\/conference-political-exile-and-arab-migrations-in-turkey-istanbul-turkey\/","og_locale":"en_GB","og_type":"article","og_title":"Colloque Political exile and arab migrations in Turkey - Istanbul, Turquie - Mesopolhis","og_description":"Le colloque \u00ab\u00a0Political exile and Arab migrations in Turkey : Activism, Mobilizations, Impacts on the host country\u00a0\u00bb aura lieu les 3 &amp; 4 Novembre \u00e0 Istanbul. Il est organis\u00e9 Yohanan Benha\u00efm (IFEA), Nouran Gad (Mesopolhis), et Enrique Klaus (Universit\u00e9 C\u00f4te d&rsquo;Azur), et par l&rsquo;Institut Fran\u00e7ais d&rsquo;Etudes Anatoliennes (IFEA), avec le soutien de mesopolhis, de l&rsquo;IISMM,&hellip;","og_url":"https:\/\/mesopolhis.fr\/en\/blog\/events\/conference-political-exile-and-arab-migrations-in-turkey-istanbul-turkey\/","og_site_name":"Mesopolhis","article_modified_time":"2022-10-20T09:28:45+00:00","og_image":[{"width":1587,"height":2245,"url":"https:\/\/mesopolhis.fr\/wp-content\/uploads\/2022\/10\/Affiche.png","type":"image\/png"}],"twitter_card":"summary_large_image","twitter_misc":{"Estimated reading time":"1 minute"},"schema":{"@context":"https:\/\/schema.org","@graph":[{"@type":"WebPage","@id":"https:\/\/mesopolhis.fr\/blog\/events\/colloque-political-exile-and-arab-migrations-in-turkey-istanbul-turquie\/","url":"https:\/\/mesopolhis.fr\/blog\/events\/colloque-political-exile-and-arab-migrations-in-turkey-istanbul-turquie\/","name":"Political exile and arab migrations in Turkey conference - Istanbul, Turkey - Mesopolhis","isPartOf":{"@id":"https:\/\/mesopolhis.fr\/#website"},"primaryImageOfPage":{"@id":"https:\/\/mesopolhis.fr\/blog\/events\/colloque-political-exile-and-arab-migrations-in-turkey-istanbul-turquie\/#primaryimage"},"image":{"@id":"https:\/\/mesopolhis.fr\/blog\/events\/colloque-political-exile-and-arab-migrations-in-turkey-istanbul-turquie\/#primaryimage"},"thumbnailUrl":"https:\/\/mesopolhis.fr\/wp-content\/uploads\/2022\/10\/Affiche.png","datePublished":"2022-10-18T07:06:43+00:00","dateModified":"2022-10-20T09:28:45+00:00","breadcrumb":{"@id":"https:\/\/mesopolhis.fr\/blog\/events\/colloque-political-exile-and-arab-migrations-in-turkey-istanbul-turquie\/#breadcrumb"},"inLanguage":"en-GB","potentialAction":[{"@type":"ReadAction","target":["https:\/\/mesopolhis.fr\/blog\/events\/colloque-political-exile-and-arab-migrations-in-turkey-istanbul-turquie\/"]}]},{"@type":"ImageObject","inLanguage":"en-GB","@id":"https:\/\/mesopolhis.fr\/blog\/events\/colloque-political-exile-and-arab-migrations-in-turkey-istanbul-turquie\/#primaryimage","url":"https:\/\/mesopolhis.fr\/wp-content\/uploads\/2022\/10\/Affiche.png","contentUrl":"https:\/\/mesopolhis.fr\/wp-content\/uploads\/2022\/10\/Affiche.png","width":1587,"height":2245},{"@type":"BreadcrumbList","@id":"https:\/\/mesopolhis.fr\/blog\/events\/colloque-political-exile-and-arab-migrations-in-turkey-istanbul-turquie\/#breadcrumb","itemListElement":[{"@type":"ListItem","position":1,"name":"Accueil","item":"https:\/\/mesopolhis.fr\/"},{"@type":"ListItem","position":2,"name":"Les \u00e9v\u00e9nements","item":"https:\/\/mesopolhis.fr\/blog\/events\/"},{"@type":"ListItem","position":3,"name":"Colloque Political exile and arab migrations in Turkey &#8211; Istanbul, Turquie"}]},{"@type":"WebSite","@id":"https:\/\/mesopolhis.fr\/#website","url":"https:\/\/mesopolhis.fr\/","name":"Mesopolhis","description":"Mediterranean Centre for Sociology, Political Science and History","publisher":{"@id":"https:\/\/mesopolhis.fr\/#organization"},"potentialAction":[{"@type":"SearchAction","target":{"@type":"EntryPoint","urlTemplate":"https:\/\/mesopolhis.fr\/?s={search_term_string}"},"query-input":{"@type":"PropertyValueSpecification","valueRequired":true,"valueName":"search_term_string"}}],"inLanguage":"en-GB"},{"@type":"Organization","@id":"https:\/\/mesopolhis.fr\/#organization","name":"Mesopolhis","url":"https:\/\/mesopolhis.fr\/","logo":{"@type":"ImageObject","inLanguage":"en-GB","@id":"https:\/\/mesopolhis.fr\/#\/schema\/logo\/image\/","url":"https:\/\/mesopolhis.fr\/wp-content\/uploads\/2021\/12\/Logo_MESOPOLHIS_Quadri.png","contentUrl":"https:\/\/mesopolhis.fr\/wp-content\/uploads\/2021\/12\/Logo_MESOPOLHIS_Quadri.png","width":264,"height":69,"caption":"Mesopolhis"},"image":{"@id":"https:\/\/mesopolhis.fr\/#\/schema\/logo\/image\/"}}]}},"_links":{"self":[{"href":"https:\/\/mesopolhis.fr\/en\/wp-json\/wp\/v2\/ajde_events\/31946","targetHints":{"allow":["GET"]}}],"collection":[{"href":"https:\/\/mesopolhis.fr\/en\/wp-json\/wp\/v2\/ajde_events"}],"about":[{"href":"https:\/\/mesopolhis.fr\/en\/wp-json\/wp\/v2\/types\/ajde_events"}],"author":[{"embeddable":true,"href":"https:\/\/mesopolhis.fr\/en\/wp-json\/wp\/v2\/users\/4"}],"replies":[{"embeddable":true,"href":"https:\/\/mesopolhis.fr\/en\/wp-json\/wp\/v2\/comments?post=31946"}],"wp:featuredmedia":[{"embeddable":true,"href":"https:\/\/mesopolhis.fr\/en\/wp-json\/wp\/v2\/media\/31947"}],"wp:attachment":[{"href":"https:\/\/mesopolhis.fr\/en\/wp-json\/wp\/v2\/media?parent=31946"}],"wp:term":[{"taxonomy":"post_tag","embeddable":true,"href":"https:\/\/mesopolhis.fr\/en\/wp-json\/wp\/v2\/tags?post=31946"},{"taxonomy":"event_type","embeddable":true,"href":"https:\/\/mesopolhis.fr\/en\/wp-json\/wp\/v2\/event_type?post=31946"},{"taxonomy":"event_type_2","embeddable":true,"href":"https:\/\/mesopolhis.fr\/en\/wp-json\/wp\/v2\/event_type_2?post=31946"}],"curies":[{"name":"wp","href":"https:\/\/api.w.org\/{rel}","templated":true}]}}